{"id":10939,"date":"2025-08-31T03:15:36","date_gmt":"2025-08-31T03:15:36","guid":{"rendered":"https:\/\/intl-crimes-doc.org\/?page_id=10939"},"modified":"2025-08-31T11:42:41","modified_gmt":"2025-08-31T11:42:41","slug":"myanmar","status":"publish","type":"page","link":"https:\/\/intl-crimes-doc.org\/fr\/myanmar\/","title":{"rendered":"Myanmar"},"content":{"rendered":"\t\t<div data-elementor-type=\"wp-page\" data-elementor-id=\"10939\" class=\"elementor elementor-10939\" data-elementor-post-type=\"page\">\n\t\t\t\t<div class=\"elementor-element elementor-element-196ccc4 e-flex e-con-boxed e-con e-parent\" data-id=\"196ccc4\" data-element_type=\"container\" data-e-type=\"container\">\n\t\t\t\t\t<div class=\"e-con-inner\">\n\t\t\t\t<div class=\"elementor-element elementor-element-f538432 animated-slow elementor-invisible elementor-widget elementor-widget-heading\" data-id=\"f538432\" data-element_type=\"widget\" data-e-type=\"widget\" data-settings=\"{&quot;_animation&quot;:&quot;fadeInDown&quot;}\" data-widget_type=\"heading.default\">\n\t\t\t\t<div class=\"elementor-widget-container\">\n\t\t\t\t\t<h2 class=\"elementor-heading-title elementor-size-default\">Myanmar<\/h2>\t\t\t\t<\/div>\n\t\t\t\t<\/div>\n\t\t\t\t<div class=\"elementor-element elementor-element-0751304 elementor-invisible elementor-widget elementor-widget-text-editor\" data-id=\"0751304\" data-element_type=\"widget\" data-e-type=\"widget\" data-settings=\"{&quot;_animation&quot;:&quot;fadeInLeft&quot;}\" data-widget_type=\"text-editor.default\">\n\t\t\t\t<div class=\"elementor-widget-container\">\n\t\t\t\t\t\t\t\t\t<p><strong>ASIE \/ Myanmar \/ Suspects<\/strong><\/p>\t\t\t\t\t\t\t\t<\/div>\n\t\t\t\t<\/div>\n\t\t\t\t<div class=\"elementor-element elementor-element-c7fff3b elementor-widget__width-initial elementor-invisible elementor-widget elementor-widget-text-editor\" data-id=\"c7fff3b\" data-element_type=\"widget\" data-e-type=\"widget\" data-settings=\"{&quot;_animation&quot;:&quot;fadeInLeft&quot;}\" data-widget_type=\"text-editor.default\">\n\t\t\t\t<div class=\"elementor-widget-container\">\n\t\t\t\t\t\t\t\t\t<p>S\u00e9lectionnez une entit\u00e9 pour obtenir les organigrammes, puis cliquez sur une case pour afficher les renseignements sur les suspects.<\/p>\t\t\t\t\t\t\t\t<\/div>\n\t\t\t\t<\/div>\n\t\t\t\t<div class=\"elementor-element elementor-element-a4f33ec e-n-tabs-mobile elementor-invisible elementor-widget elementor-widget-n-tabs\" data-id=\"a4f33ec\" data-element_type=\"widget\" data-e-type=\"widget\" data-settings=\"{&quot;_animation&quot;:&quot;fadeInUp&quot;,&quot;horizontal_scroll&quot;:&quot;disable&quot;}\" data-widget_type=\"nested-tabs.default\">\n\t\t\t\t<div class=\"elementor-widget-container\">\n\t\t\t\t\t\t\t<div class=\"e-n-tabs\" data-widget-number=\"172962796\" aria-label=\"Onglets. Ouvrez des \u00e9l\u00e9ments avec Entrer ou Espace, fermez-les avec Echape et naviguez \u00e0 l&#039;aide des touches fl\u00e9ch\u00e9es.\">\n\t\t\t<div class=\"e-n-tabs-heading\" role=\"tablist\">\n\t\t\t\t\t<button id=\"e-n-tab-title-1729627961\" data-tab-title-id=\"e-n-tab-title-1729627961\" class=\"e-n-tab-title\" aria-selected=\"true\" data-tab-index=\"1\" role=\"tab\" tabindex=\"0\" aria-controls=\"e-n-tab-content-1729627961\" style=\"--n-tabs-title-order: 1;\">\n\t\t\t\t\t\t<span class=\"e-n-tab-title-text\">\n\t\t\t\tFORCES GOUVERNEMENTALES\t\t\t<\/span>\n\t\t<\/button>\n\t\t\t\t<button id=\"e-n-tab-title-1729627962\" data-tab-title-id=\"e-n-tab-title-1729627962\" class=\"e-n-tab-title\" aria-selected=\"false\" data-tab-index=\"2\" role=\"tab\" tabindex=\"-1\" aria-controls=\"e-n-tab-content-1729627962\" style=\"--n-tabs-title-order: 2;\">\n\t\t\t\t\t\t<span class=\"e-n-tab-title-text\">\n\t\t\t\tARAKANESE ARMY [N\/A]\t\t\t<\/span>\n\t\t<\/button>\n\t\t\t\t<button id=\"e-n-tab-title-1729627963\" data-tab-title-id=\"e-n-tab-title-1729627963\" class=\"e-n-tab-title\" aria-selected=\"false\" data-tab-index=\"3\" role=\"tab\" tabindex=\"-1\" aria-controls=\"e-n-tab-content-1729627963\" style=\"--n-tabs-title-order: 3;\">\n\t\t\t\t\t\t<span class=\"e-n-tab-title-text\">\n\t\t\t\tSHANNI NAT. ARMY [N\/A]\t\t\t<\/span>\n\t\t<\/button>\n\t\t\t\t\t<\/div>\n\t\t\t<div class=\"e-n-tabs-content\">\n\t\t\t\t<div id=\"e-n-tab-content-1729627961\" role=\"tabpanel\" aria-labelledby=\"e-n-tab-title-1729627961\" data-tab-index=\"1\" style=\"--n-tabs-title-order: 1;\" class=\"e-active elementor-element elementor-element-863bfd4 e-con-full e-flex e-con e-child\" data-id=\"863bfd4\" data-element_type=\"container\" data-e-type=\"container\">\n\t\t\t\t<div class=\"elementor-element elementor-element-c81626d elementor-widget elementor-widget-text-editor\" data-id=\"c81626d\" data-element_type=\"widget\" data-e-type=\"widget\" data-widget_type=\"text-editor.default\">\n\t\t\t\t<div class=\"elementor-widget-container\">\n\t\t\t\t\t\t\t\t\t<p style=\"text-align: center;\">Date effective:\u00a0<\/p>\t\t\t\t\t\t\t\t<\/div>\n\t\t\t\t<\/div>\n\t\t\t\t<div class=\"elementor-element elementor-element-1a68356 e-n-tabs-mobile elementor-widget elementor-widget-n-tabs\" data-id=\"1a68356\" data-element_type=\"widget\" data-e-type=\"widget\" data-settings=\"{&quot;horizontal_scroll&quot;:&quot;disable&quot;}\" data-widget_type=\"nested-tabs.default\">\n\t\t\t\t<div class=\"elementor-widget-container\">\n\t\t\t\t\t\t\t<div class=\"e-n-tabs\" data-widget-number=\"27689814\" aria-label=\"Onglets. Ouvrez des \u00e9l\u00e9ments avec Entrer ou Espace, fermez-les avec Echape et naviguez \u00e0 l&#039;aide des touches fl\u00e9ch\u00e9es.\">\n\t\t\t<div class=\"e-n-tabs-heading\" role=\"tablist\">\n\t\t\t\t\t<button id=\"e-n-tab-title-276898141\" data-tab-title-id=\"e-n-tab-title-276898141\" class=\"e-n-tab-title\" aria-selected=\"true\" data-tab-index=\"1\" role=\"tab\" tabindex=\"0\" aria-controls=\"e-n-tab-content-276898141\" style=\"--n-tabs-title-order: 1;\">\n\t\t\t\t\t\t<span class=\"e-n-tab-title-text\">\n\t\t\t\tDepuis 02\/2021\t\t\t<\/span>\n\t\t<\/button>\n\t\t\t\t\t<\/div>\n\t\t\t<div class=\"e-n-tabs-content\">\n\t\t\t\t<div id=\"e-n-tab-content-276898141\" role=\"tabpanel\" aria-labelledby=\"e-n-tab-title-276898141\" data-tab-index=\"1\" style=\"--n-tabs-title-order: 1;\" class=\"e-active elementor-element elementor-element-2b6c7a8 e-con-full e-flex e-con e-child\" data-id=\"2b6c7a8\" data-element_type=\"container\" data-e-type=\"container\">\n\t\t\t\t<div class=\"elementor-element elementor-element-22f6de1 elementor-widget elementor-widget-shortcode\" data-id=\"22f6de1\" data-element_type=\"widget\" data-e-type=\"widget\" data-widget_type=\"shortcode.default\">\n\t\t\t\t<div class=\"elementor-widget-container\">\n\t\t\t\t\t\t\t<div class=\"elementor-shortcode\"><div class=\"wpdevart_org_chart\"><div class = \"zoomable_buttons_container wpda_button_theme_light\"><button class=\"wpda_zoom_out\">-<\/button><button class=\"wpda_zoom_in\">+<\/button><button class=\"wpda_zoom_reset\">R\u00e9initialiser<\/button><button class=\"wpda_fullScreen\">Plein Ecran<\/button><button class=\"wpda_outfullscreen\" style = \"display:none\">Fermer<\/button><\/div><div class=\"wpdevart_org_chart_container_parent\" id=\"wpdevart_org_chart_container_parent_1\"><div class=\"wpdevart_org_chart_container \" id=\"wpdevart_org_chart_container_1\"><ul ><li class=\"has_children next_no_children\" data-children=1><div class=\"wpda_tree_item_container\" id=\"wpda_item_container_1\" ><span class=\"wpda_tree_line\"><\/span><div class=\"wpda_tree_open_popup_el\"><div class=\"wpda_tree_item_img_cont \"><img decoding=\"async\" class=\"wpda_tree_item_img\" src=\"https:\/\/intl-crimes-doc.org\/wp-content\/uploads\/2025\/01\/bf.svg\"><\/div><div tabindex=\"0\" class=\"wpda_tree_item_title \">Chef de l\u2019Etat <br \/> du Myanmar<\/div><div tabindex=\"0\" class=\"wpda_tree_item_desc\" >Min Aung Hlaing , \u1019\u1004\u103a\u1038\u1021\u1031\u102c\u1004\u103a\u101c\u103e\u102d\u102f\u1004\u103a\nChef de l\u2019Etat et\ncommandant des forces arm\u00e9es\ndepuis le 22\/07\/2024<\/div><div date-popup-theme = \"11\" class=\"wpda_tree_popup_content wpda_tree_element_hidden\"><div class=\"wpda_popup_innerhtml\"><p><strong>NOM:<\/strong> Min Aung Hlaing, \u1019\u1004\u103a\u1038\u1021\u1031\u102c\u1004\u103a\u101c\u103e\u102d\u102f\u1004\u103a<\/p>\n<p><strong>SEXE:<\/strong> Homme<\/p>\n<p><strong>DATE ET LIEU DE NAISSANCE:<\/strong> 03\/07\/1956, Dawei, Myanmar<\/p>\n<p><strong>STATUT:<\/strong> Vivant (en 2025)<\/p>\n<p><strong>ELEMENTS BIOGRAPHIQUES:\u00a0<\/strong><\/p>\n<p>Min Aung Hlaing est le chef de la junte qui dirige le Myanmar, depuis le coup d&rsquo;Etat de f\u00e9vrier 2021, en tant que Premier Ministre. Il est l&rsquo;un des principaux acteurs qui a mis en \u0153uvre la junte, en la justifiant par des accusations de fraude \u00e9lectorale infond\u00e9es lors des \u00e9lections de 2020. Il occupe \u00e9galement le poste de Pr\u00e9sident du Conseil de l&rsquo;Administration d\u2019\u00c9tat.<br \/>\nSa politique m\u00e8ne \u00e0 des violations g\u00e9n\u00e9ralis\u00e9es des droits humains et du droit international humanitaire, dans tout le pays.<\/p>\n<p>&#8212;<\/p>\n<p>Min Aung Hlaing est form\u00e9 \u00e0 la 19e acad\u00e9mie militaire.<br \/>\nDans les ann\u00e9es qui pr\u00e9c\u00e9dent le coup d&rsquo;Etat, il occupe la fonction de commandant g\u00e9n\u00e9ral des forces arm\u00e9es (terre, air, mer). Les forces sous son commandement commettent des pers\u00e9cutions syst\u00e9matiques contre l&rsquo;ethnie des Rohingyas, impliquant des meurtres, des viols, des destructions de villages et des d\u00e9placements forc\u00e9s de population civile.<br \/>\nSes actions entra\u00eenent des sanctions internationales \u00e0 son encontre.<\/p>\n<p><strong>HISTORIQUE DES FONCTIONS:<\/strong><\/p>\n<p>FONCTION 8 : Chef de la junte et Premier ministre &#8211; Depuis 22\/07\/2024<\/p>\n<p>FONCTION 7 : Pr\u00e9sident du Conseil d\u2019administration de l&rsquo;\u00c9tat &#8211; Depuis 02\/02\/2021<\/p>\n<p>FONCTION 6 : Commandant g\u00e9n\u00e9ral des forces arm\u00e9es du Myanmar &#8211; De 08\/2010 \u00e0 02\/2021<\/p>\n<p>FONCTION 5 : Affectation au Bureau des Op\u00e9rations sp\u00e9ciales num\u00e9ro 2 &#8211; 2007<\/p>\n<p>FONCTION 4 : Affectation en tant que chef du Commandement r\u00e9gional du Triangle &#8211; 2006<\/p>\n<p>FONCTION 3 : Affectation \u00e0 Rakhine &#8211; De 11\/2004 \u00e0 04\/2003,<\/p>\n<p>FONCTION 2 : Directeur de l&rsquo;acad\u00e9mie militaire<\/p>\n<p>FONCTION 1 : Affectations au 313e bataillon d&rsquo;infanterie \u00e0 Hmawbi, au 86e bataillon, puis au 111 corps des marines \u00e0 Wantho R\u00e9gion de Sagaing &#8211; Ann\u00e9es 1990 et d\u00e9but 2000<\/p>\n<p><strong>SOURCES:<\/strong><\/p>\n<p>https:\/\/www.opensanctions.org\/entities\/Q3462649\/<\/p>\n<blockquote class=\"wp-embedded-content\" data-secret=\"S5WgjxyPFH\"><p><a href=\"https:\/\/myanmar-now.org\/mm\/news\/6697\/\">\u1005\u1005\u103a\u1000\u1031\u102c\u1004\u103a\u1005\u102e\u1010\u103d\u1004\u103a \u1010\u102c\u101d\u1014\u103a\u1021\u101b\u103e\u102d\u1006\u102f\u1036\u1038 \u1005\u1005\u103a\u1017\u102d\u102f\u101c\u103a\u1001\u103b\u102f\u1015\u103a\u1000\u103c\u102e\u1038\u1019\u103b\u102c\u1038\u00a0<\/a><\/p><\/blockquote>\n<p><iframe class=\"wp-embedded-content\" sandbox=\"allow-scripts\" security=\"restricted\" style=\"position: absolute; visibility: hidden;\" title=\"&#8220;\u1005\u1005\u103a\u1000\u1031\u102c\u1004\u103a\u1005\u102e\u1010\u103d\u1004\u103a \u1010\u102c\u101d\u1014\u103a\u1021\u101b\u103e\u102d\u1006\u102f\u1036\u1038 \u1005\u1005\u103a\u1017\u102d\u102f\u101c\u103a\u1001\u103b\u102f\u1015\u103a\u1000\u103c\u102e\u1038\u1019\u103b\u102c\u1038\u00a0&#8221; &#8212; Myanmar Now\" src=\"https:\/\/myanmar-now.org\/mm\/news\/6697\/embed\/#?secret=HQyH9RIsng#?secret=S5WgjxyPFH\" data-secret=\"S5WgjxyPFH\" width=\"600\" height=\"338\" frameborder=\"0\" marginwidth=\"0\" marginheight=\"0\" scrolling=\"no\"><\/iframe><\/p>\n<blockquote class=\"wp-embedded-content\" data-secret=\"S5WgjxyPFH\"><p><a href=\"https:\/\/myanmar-now.org\/mm\/news\/6697\/\">\u1005\u1005\u103a\u1000\u1031\u102c\u1004\u103a\u1005\u102e\u1010\u103d\u1004\u103a \u1010\u102c\u101d\u1014\u103a\u1021\u101b\u103e\u102d\u1006\u102f\u1036\u1038 \u1005\u1005\u103a\u1017\u102d\u102f\u101c\u103a\u1001\u103b\u102f\u1015\u103a\u1000\u103c\u102e\u1038\u1019\u103b\u102c\u1038\u00a0<\/a><\/p><\/blockquote>\n<p><iframe class=\"wp-embedded-content\" sandbox=\"allow-scripts\" security=\"restricted\" style=\"position: absolute; visibility: hidden;\" title=\"&#8220;\u1005\u1005\u103a\u1000\u1031\u102c\u1004\u103a\u1005\u102e\u1010\u103d\u1004\u103a \u1010\u102c\u101d\u1014\u103a\u1021\u101b\u103e\u102d\u1006\u102f\u1036\u1038 \u1005\u1005\u103a\u1017\u102d\u102f\u101c\u103a\u1001\u103b\u102f\u1015\u103a\u1000\u103c\u102e\u1038\u1019\u103b\u102c\u1038\u00a0&#8221; &#8212; Myanmar Now\" src=\"https:\/\/myanmar-now.org\/mm\/news\/6697\/embed\/#?secret=HQyH9RIsng#?secret=S5WgjxyPFH\" data-secret=\"S5WgjxyPFH\" width=\"600\" height=\"338\" frameborder=\"0\" marginwidth=\"0\" marginheight=\"0\" scrolling=\"no\"><\/iframe><\/p>\n<\/div><\/div><\/div><\/div><ul ><li class=\"has_children next_no_children\" data-children=1><div class=\"wpda_tree_item_container\" id=\"wpda_item_container_2\" ><span class=\"wpda_tree_line\"><\/span><div class=\"wpda_tree_open_popup_el\"><div class=\"wpda_tree_item_img_cont \"><img decoding=\"async\" class=\"wpda_tree_item_img\" src=\"https:\/\/intl-crimes-doc.org\/wp-content\/uploads\/2024\/11\/bf.svg\"><\/div><div tabindex=\"0\" class=\"wpda_tree_item_title \">Commandant en second <br \/> des forces arm\u00e9es<\/div><div tabindex=\"0\" class=\"wpda_tree_item_desc\" >Soe Win , \u1005\u102d\u102f\u1038\u101d\u1004\u103a\u1038, \ndepuis 2021<\/div><div date-popup-theme = \"11\" class=\"wpda_tree_popup_content wpda_tree_element_hidden\"><div class=\"wpda_popup_innerhtml\"><p><strong>NOM : <\/strong>Soe Win, \u1005\u102d\u102f\u1038\u101d\u1004\u103a\u1038<\/p>\n<p><strong>SEXE :\u00a0<\/strong>Homme<\/p>\n<p><strong>DATE ET LIEU DE NAISSANCE : <\/strong>01\/03\/1960, Mandalay, Myanmar<\/p>\n<p><strong>STATUT : <\/strong>Vivant (en 2025)<\/p>\n<p><strong>ELEMENTS BIOGRAPHIQUES\u00a0:<\/strong><\/p>\n<p>Soe Win est un g\u00e9n\u00e9ral qui occupe le poste de commandant adjoint des forces arm\u00e9es. Il joue un r\u00f4le central lors du coup d&rsquo;\u00c9tat de 2021. En tant que vice-pr\u00e9sident du Conseil de l&rsquo;administration d&rsquo;\u00c9tat et membre du Conseil national de d\u00e9fense et de s\u00e9curit\u00e9, il prend des d\u00e9cisions qui ont permettent de maintenir le r\u00e9gime militaire, y compris par la r\u00e9pression violente de l&rsquo;opposition. Il est \u00e9galement responsable des exactions commises contre l&rsquo;ethnie Rohingya dans les \u00c9tats de Kachin, Shan et Rakhine, o\u00f9 l&rsquo;arm\u00e9e est accus\u00e9e de crimes internationaux. Il fait l&rsquo;objet de sanctions internationales.<\/p>\n<p>&#8212;<\/p>\n<p>Apr\u00e8s le coup d&rsquo;\u00c9tat, Soe Win contribue \u00e0 la mise en \u0153uvre de la r\u00e9pression violente des manifestations pro-d\u00e9mocratie dans tout le Myanmar. Les forces de s\u00e9curit\u00e9 sous sa responsabilit\u00e9 arr\u00eatent et torturent des opposants et des journalistes.<br \/>\nSoe Win supervise des attaques contre des groupes ethniques consid\u00e9r\u00e9s comme rebelles, en particulier dans les \u00c9tats de Karen, Chin et Kachin. Lors des op\u00e9rations dont il est responsable, des civils sont tu\u00e9s, bless\u00e9s et d\u00e9plac\u00e9s, du fait des forces arm\u00e9es gouvernementales.<\/p>\n<p><strong>HISTORIQUE DES FONCTIONS\u00a0:<\/strong><\/p>\n<p>FONCTION 8 : Vice-pr\u00e9sident du Conseil d&rsquo;administration d&rsquo;\u00c9tat &#8211; Depuis 2021<\/p>\n<p>FONCTION 7 : Membre du Conseil national de d\u00e9fense et de s\u00e9curit\u00e9 &#8211; Depuis 2021<\/p>\n<p>FONCTION 6 : Commandant adjoint des forces arm\u00e9es &#8211; Depuis 2011<br \/>\nResponsabilit\u00e9 dans les op\u00e9rations militaires au sein des r\u00e9gions affect\u00e9es par des violences intercommunautaires, notamment dans les \u00c9tats de Rakhine, Shan et Kachin. L&rsquo;arm\u00e9e a \u00e9t\u00e9 impliqu\u00e9e dans des attaques syst\u00e9matiques contre la communaut\u00e9 Rohingya : ex\u00e9cutions sommaires, des viols, des destructions de villages et des d\u00e9placements forc\u00e9s.<\/p>\n<p>FONCTION 5 : Affectation au commandement r\u00e9gional Nord, localis\u00e9 \u00e0 Myitkyina, \u00e0 Kachin &#8211; 2008<\/p>\n<p>FONCTION 4 : Affectation en tant que commandant \u00e0 la base de Kalaywa &#8211; 2005<\/p>\n<p>FONCTION 3 : Affectation au commandement r\u00e9gional Nord-Ouest &#8211; 2003<\/p>\n<p>FONCTION 2 : Affectation en tant que commandant du 379e bataillon d&rsquo;infanterie localis\u00e9 \u00e0 Minbya, \u00e0 Rakhine &#8211; ann\u00e9es 1990<\/p>\n<p>FONCTION 1 : Premi\u00e8re affectation dans l&rsquo;artillerie<\/p>\n<p><strong>SOURCES\u00a0:<\/strong><\/p>\n<p>https:\/\/www.opensanctions.org\/entities\/Q3462649\/<\/p>\n<blockquote class=\"wp-embedded-content\" data-secret=\"S5WgjxyPFH\"><p><a href=\"https:\/\/myanmar-now.org\/mm\/news\/6697\/\">\u1005\u1005\u103a\u1000\u1031\u102c\u1004\u103a\u1005\u102e\u1010\u103d\u1004\u103a \u1010\u102c\u101d\u1014\u103a\u1021\u101b\u103e\u102d\u1006\u102f\u1036\u1038 \u1005\u1005\u103a\u1017\u102d\u102f\u101c\u103a\u1001\u103b\u102f\u1015\u103a\u1000\u103c\u102e\u1038\u1019\u103b\u102c\u1038\u00a0<\/a><\/p><\/blockquote>\n<p><iframe class=\"wp-embedded-content\" sandbox=\"allow-scripts\" security=\"restricted\" style=\"position: absolute; visibility: hidden;\" title=\"&#8220;\u1005\u1005\u103a\u1000\u1031\u102c\u1004\u103a\u1005\u102e\u1010\u103d\u1004\u103a \u1010\u102c\u101d\u1014\u103a\u1021\u101b\u103e\u102d\u1006\u102f\u1036\u1038 \u1005\u1005\u103a\u1017\u102d\u102f\u101c\u103a\u1001\u103b\u102f\u1015\u103a\u1000\u103c\u102e\u1038\u1019\u103b\u102c\u1038\u00a0&#8221; &#8212; Myanmar Now\" src=\"https:\/\/myanmar-now.org\/mm\/news\/6697\/embed\/#?secret=HQyH9RIsng#?secret=S5WgjxyPFH\" data-secret=\"S5WgjxyPFH\" width=\"600\" height=\"338\" frameborder=\"0\" marginwidth=\"0\" marginheight=\"0\" scrolling=\"no\"><\/iframe><\/p>\n<blockquote class=\"wp-embedded-content\" data-secret=\"S5WgjxyPFH\"><p><a href=\"https:\/\/myanmar-now.org\/mm\/news\/6697\/\">\u1005\u1005\u103a\u1000\u1031\u102c\u1004\u103a\u1005\u102e\u1010\u103d\u1004\u103a \u1010\u102c\u101d\u1014\u103a\u1021\u101b\u103e\u102d\u1006\u102f\u1036\u1038 \u1005\u1005\u103a\u1017\u102d\u102f\u101c\u103a\u1001\u103b\u102f\u1015\u103a\u1000\u103c\u102e\u1038\u1019\u103b\u102c\u1038\u00a0<\/a><\/p><\/blockquote>\n<p><iframe class=\"wp-embedded-content\" sandbox=\"allow-scripts\" security=\"restricted\" style=\"position: absolute; visibility: hidden;\" title=\"&#8220;\u1005\u1005\u103a\u1000\u1031\u102c\u1004\u103a\u1005\u102e\u1010\u103d\u1004\u103a \u1010\u102c\u101d\u1014\u103a\u1021\u101b\u103e\u102d\u1006\u102f\u1036\u1038 \u1005\u1005\u103a\u1017\u102d\u102f\u101c\u103a\u1001\u103b\u102f\u1015\u103a\u1000\u103c\u102e\u1038\u1019\u103b\u102c\u1038\u00a0&#8221; &#8212; Myanmar Now\" src=\"https:\/\/myanmar-now.org\/mm\/news\/6697\/embed\/#?secret=HQyH9RIsng#?secret=S5WgjxyPFH\" data-secret=\"S5WgjxyPFH\" width=\"600\" height=\"338\" frameborder=\"0\" marginwidth=\"0\" marginheight=\"0\" scrolling=\"no\"><\/iframe><\/p>\n<\/div><\/div><\/div><\/div><ul ><li class=\"has_children next_no_children\" data-children=5><div class=\"wpda_tree_item_container\" id=\"wpda_item_container_3\" ><span class=\"wpda_tree_line\"><\/span><div class=\"wpda_tree_open_popup_el\"><div class=\"wpda_tree_item_img_cont \"><img decoding=\"async\" class=\"wpda_tree_item_img\" src=\"https:\/\/intl-crimes-doc.org\/wp-content\/uploads\/2024\/11\/bf.svg\"><\/div><div tabindex=\"0\" class=\"wpda_tree_item_title \">Chef d'\u00e9tat major des Arm\u00e9es <br \/> Terre - Air - Marine<\/div><div tabindex=\"0\" class=\"wpda_tree_item_desc\" >Kyaw Swar Lin, \u1000\u103b\u1031\u102c\u103a\u1005\u103d\u102c\u101c\u1004\u103a\u1038, \ndepuis 12\/2024\n\nPr\u00e9c\u00e9d\u00e9 par :\nMaung Maung Aye, \u1019\u1031\u102c\u1004\u103a\u1019\u1031\u102c\u1004\u103a\u1021\u1031\u1038\nde [ind\u00e9termin\u00e9] \u00e0 [ind\u00e9termin\u00e9]\n\nMya Tun Oo, \u1019\u103b\u102c\u1011\u103d\u1014\u103a\u1038\u1026\u1038\nde 2016 \u00e0 2021<\/div><div date-popup-theme = \"11\" class=\"wpda_tree_popup_content wpda_tree_element_hidden\"><div class=\"wpda_popup_innerhtml\"><p><span style=\"text-decoration: underline\"><strong>FONCTION ACTUELLEMENT DETENUE DEPUIS 12\/2024 PAR:<\/strong><\/span><\/p>\n<p>&nbsp;<\/p>\n<p><strong>NOM :\u00a0<\/strong>Kyaw Swar Lin, \u1000\u103b\u1031\u102c\u103a\u1005\u103d\u102c\u101c\u1004\u103a\u1038<\/p>\n<p><strong>SEXE :\u00a0<\/strong>Homme<\/p>\n<p><strong>DATE ET LIEU DE NAISSANCE : <\/strong>1971, Myanmar<\/p>\n<p><strong>STATUT :\u00a0<\/strong>Vivant (en 2025)<\/p>\n<p><strong>ELEMENTS BIOGRAPHIQUES\u00a0: <\/strong><\/p>\n<p>Kyaw Swar Lin est form\u00e9 \u00e0 la 35e acad\u00e9mie militaire. Il supervise des op\u00e9rations militaires en 2017 au cours desquelles l&rsquo;ethnie des Rohingyas est la cible de crimes syst\u00e9matiques de la part des forces arm\u00e9es, \u00e0 Rakhine. D\u00e9sign\u00e9 Chef d\u2019\u00e9tat-major de l&rsquo;Arm\u00e9e de terre apr\u00e8s le coup d&rsquo;Etat, il supervise les op\u00e9rations logistiques et financi\u00e8res de l\u2019arm\u00e9e. Il dirige aussi la Myanmar Economic Corporation (MEC), qui soutient les activit\u00e9s militaires par le biais d\u2019un conglom\u00e9rat contr\u00f4l\u00e9 par l\u2019arm\u00e9e. Ses actions et son soutien au r\u00e9gime militaire entra\u00eenent des sanctions internationales \u00e0 son encontre.<\/p>\n<p><strong>HISTORIQUE DES FONCTIONS\u00a0: <\/strong><\/p>\n<p>FONCTION 5 : Chef d\u2019\u00e9tat-major g\u00e9n\u00e9ral des arm\u00e9es (arm\u00e9e de terre, air, marine) &#8211; Depuis 12\/2024<\/p>\n<p>FONCTION 4 : Chef d\u2019\u00e9tat-major de l\u2019arm\u00e9e de terre &#8211; De 10\/2023 \u00e0 12\/2024<br \/>\nEn charge du budget de l&rsquo;arm\u00e9e<\/p>\n<p>FONCTION 3 : Directeur la Myanmar Economic Corporation (MEC) &#8211; Depuis 05\/2020<br \/>\nApprovisionnement en armements et en ressources pour les forces arm\u00e9es<\/p>\n<p>FONCTION 2 : Commandant du Commandement R\u00e9gional Centre &#8211; De 2018 \u00e0 2020<br \/>\nBas\u00e9 \u00e0 Mandalay<\/p>\n<p>FONCTION 1 : Affect\u00e9 au Bureau des Op\u00e9rations Sp\u00e9ciales (3)<br \/>\nEn charge de l&rsquo;Etat de Rakhine.<\/p>\n<p><strong>SOURCES\u00a0:<\/strong><\/p>\n<blockquote class=\"wp-embedded-content\" data-secret=\"S5WgjxyPFH\"><p><a href=\"https:\/\/myanmar-now.org\/mm\/news\/6697\/\">\u1005\u1005\u103a\u1000\u1031\u102c\u1004\u103a\u1005\u102e\u1010\u103d\u1004\u103a \u1010\u102c\u101d\u1014\u103a\u1021\u101b\u103e\u102d\u1006\u102f\u1036\u1038 \u1005\u1005\u103a\u1017\u102d\u102f\u101c\u103a\u1001\u103b\u102f\u1015\u103a\u1000\u103c\u102e\u1038\u1019\u103b\u102c\u1038\u00a0<\/a><\/p><\/blockquote>\n<p><iframe class=\"wp-embedded-content\" sandbox=\"allow-scripts\" security=\"restricted\" style=\"position: absolute; visibility: hidden;\" title=\"&#8220;\u1005\u1005\u103a\u1000\u1031\u102c\u1004\u103a\u1005\u102e\u1010\u103d\u1004\u103a \u1010\u102c\u101d\u1014\u103a\u1021\u101b\u103e\u102d\u1006\u102f\u1036\u1038 \u1005\u1005\u103a\u1017\u102d\u102f\u101c\u103a\u1001\u103b\u102f\u1015\u103a\u1000\u103c\u102e\u1038\u1019\u103b\u102c\u1038\u00a0&#8221; &#8212; Myanmar Now\" src=\"https:\/\/myanmar-now.org\/mm\/news\/6697\/embed\/#?secret=HQyH9RIsng#?secret=S5WgjxyPFH\" data-secret=\"S5WgjxyPFH\" width=\"600\" height=\"338\" frameborder=\"0\" marginwidth=\"0\" marginheight=\"0\" scrolling=\"no\"><\/iframe><\/p>\n<p>https:\/\/www.opensanctions.org\/entities\/Q106997134\/<\/p>\n<blockquote class=\"wp-embedded-content\" data-secret=\"h17rrJokZO\"><p><a href=\"https:\/\/cpg-online.de\/home\/publications\/asia-in-review\/asia-in-review-sea-myanmar-2019-2020\/\">Asia in Review SEA Myanmar 2019-2020<\/a><\/p><\/blockquote>\n<p><iframe class=\"wp-embedded-content\" sandbox=\"allow-scripts\" security=\"restricted\" style=\"position: absolute; visibility: hidden;\" title=\"&#8220;Asia in Review SEA Myanmar 2019-2020&#8221; &#8212; German-Southeast Asian Center of Excellence for Public Policy and Good Governance (CPG)\" src=\"https:\/\/cpg-online.de\/home\/publications\/asia-in-review\/asia-in-review-sea-myanmar-2019-2020\/embed\/#?secret=GfeltUrjBI#?secret=h17rrJokZO\" data-secret=\"h17rrJokZO\" width=\"600\" height=\"338\" frameborder=\"0\" marginwidth=\"0\" marginheight=\"0\" scrolling=\"no\"><\/iframe><\/p>\n<p>https:\/\/data.europa.eu\/apps\/eusanctionstracker\/subjects\/155652<\/p>\n<p>https:\/\/www.irrawaddy.com\/news\/burma\/the-combat-dodging-general-tipped-to-become-myanmar-militarys-next-chief.html<\/p>\n<p>https:\/\/www.irrawaddy.com\/news\/burma\/myanmar-junta-boss-promotes-loyalist-in-regime-reshuffle.html<\/p>\n<p>&nbsp;<\/p>\n<p><span style=\"text-decoration: underline\"><strong>FONCTION PRECEDEMMENT DETENUE PAR :<\/strong><\/span><\/p>\n<p>&nbsp;<\/p>\n<p><strong>NOM\u00a0<\/strong>: Maung Maung Aye, \u1019\u1031\u102c\u1004\u103a\u1019\u1031\u102c\u1004\u103a\u1021\u1031\u1038<\/p>\n<p><strong>SEXE\u00a0<\/strong>: Homme<\/p>\n<p><strong>DATE ET LIEU DE NAISSANCE\u00a0<\/strong>: ??\/01\/1962, Thanlyin, Myanmar<\/p>\n<p><strong>STATUT\u00a0<\/strong>: Vivant (en 2025)<\/p>\n<p><strong>ELEMENTS BIOGRAPHIQUES\u00a0<\/strong>:<\/p>\n<p>Maung Maung Aye est le chef d\u2019\u00e9tat-major g\u00e9n\u00e9ral des forces arm\u00e9es. Il a activement particip\u00e9 \u00e0 l&rsquo;achat d&rsquo;armements en provenance de Russie. Son r\u00f4le dans le renversement du gouvernement en 2021 et son soutien au r\u00e9gime militaire ont fait de lui une figure centrale dans la r\u00e9pression contre la population pro-d\u00e9mocratie.<\/p>\n<p><strong>HISTORIQUE DES FONCTIONS\u00a0<\/strong>:<\/p>\n<p>FONCTION 5 : Ministre de la d\u00e9fense &#8211; Depuis 12\/2024<\/p>\n<p>FONCTION 4 : Chef d\u2019\u00e9tat-major g\u00e9n\u00e9ral des arm\u00e9es (arm\u00e9e de terre, air, marine) &#8211; Jusqu&rsquo;en 12\/2023<\/p>\n<p>FONCTION 3 : Membre du Conseil d&rsquo;administration de l&rsquo;\u00c9tat &#8211; Depuis 10\/2023<\/p>\n<p>FONCTION 2 : Chef d&rsquo;Etat major de l&rsquo;arm\u00e9e de terre &#8211; De 2015 \u00e0 ????<br \/>\nOrganisation d&rsquo;exercices militaires sous les ordres du g\u00e9n\u00e9ral Min Aung Hlaing<\/p>\n<p>POSITION 1 : vice-commandant des services de d\u00e9fense &#8211; 1993 \u00e0 2011<\/p>\n<p><strong>SOURCES\u00a0<\/strong>:<\/p>\n<p>https:\/\/www.opensanctions.org\/entities\/Q1911178\/<\/p>\n<blockquote class=\"wp-embedded-content\" data-secret=\"S5WgjxyPFH\"><p><a href=\"https:\/\/myanmar-now.org\/mm\/news\/6697\/\">\u1005\u1005\u103a\u1000\u1031\u102c\u1004\u103a\u1005\u102e\u1010\u103d\u1004\u103a \u1010\u102c\u101d\u1014\u103a\u1021\u101b\u103e\u102d\u1006\u102f\u1036\u1038 \u1005\u1005\u103a\u1017\u102d\u102f\u101c\u103a\u1001\u103b\u102f\u1015\u103a\u1000\u103c\u102e\u1038\u1019\u103b\u102c\u1038\u00a0<\/a><\/p><\/blockquote>\n<p><iframe class=\"wp-embedded-content\" sandbox=\"allow-scripts\" security=\"restricted\" style=\"position: absolute; visibility: hidden;\" title=\"&#8220;\u1005\u1005\u103a\u1000\u1031\u102c\u1004\u103a\u1005\u102e\u1010\u103d\u1004\u103a \u1010\u102c\u101d\u1014\u103a\u1021\u101b\u103e\u102d\u1006\u102f\u1036\u1038 \u1005\u1005\u103a\u1017\u102d\u102f\u101c\u103a\u1001\u103b\u102f\u1015\u103a\u1000\u103c\u102e\u1038\u1019\u103b\u102c\u1038\u00a0&#8221; &#8212; Myanmar Now\" src=\"https:\/\/myanmar-now.org\/mm\/news\/6697\/embed\/#?secret=HQyH9RIsng#?secret=S5WgjxyPFH\" data-secret=\"S5WgjxyPFH\" width=\"600\" height=\"338\" frameborder=\"0\" marginwidth=\"0\" marginheight=\"0\" scrolling=\"no\"><\/iframe><\/p>\n<p>https:\/\/www.irrawaddy.com\/news\/burma\/myanmar-junta-boss-promotes-loyalist-in-regime-reshuffle.html<\/p>\n<p>&nbsp;<\/p>\n<p><span style=\"text-decoration: underline\"><strong>FONCTION PRECEDEMMENT DETENUE DE 2016 A 2021 PAR :<\/strong><\/span><\/p>\n<p>&nbsp;<\/p>\n<p><strong>NOM\u00a0<\/strong>: Mya Tun Oo, \u1019\u103b\u102c\u1011\u103d\u1014\u103a\u1038\u1026\u1038<\/p>\n<p><strong>SEXE\u00a0<\/strong>: Homme<\/p>\n<p><strong>DATE ET LIEU DE NAISSANCE\u00a0<\/strong>: ??\/05\/1961, Yangon, Myanmar<\/p>\n<p><strong>STATUT\u00a0<\/strong>: Vivant (en 2025)<\/p>\n<p><strong>ELEMENTS BIOGRAPHIQUES\u00a0<\/strong>:<\/p>\n<p>Mya Tun Oo devient Chef d\u2019\u00e9tat-major des arm\u00e9es en 2016. Il a sous sa responsabilit\u00e9 les troupes qui op\u00e8rent dans les r\u00e9gions de Rakhine, Shan et Kachin, et qui commettent des violences syst\u00e9matiques contre des minorit\u00e9s ethniques. Apr\u00e8s le coup d\u2019\u00c9tat de 2021, il est nomm\u00e9 ministre de la D\u00e9fense et rejoint le Conseil d\u2019administration d\u2019Etat, ce qui lui donne une responsabilit\u00e9 dans la r\u00e9pression violente contre les opposants pro-d\u00e9mocratie \u00e0 cette p\u00e9riode. Ses actions entra\u00eenent des sanctions internationales. En f\u00e9vrier 2023, il est nomm\u00e9 vice-Premier ministre, puis ministre des Transports et des Communications en aout 2023.<\/p>\n<p><strong>HISTORIQUE DES FONCTIONS\u00a0<\/strong>:<\/p>\n<p>FONCTION 6 : Ministre des Transports et des Communications \u2013 Depuis 08\/2023<br \/>\nA entretenu des liens avec la Chine, notamment \u00e0 l\u2019occasion d\u2019un d\u00e9placement \u00e0 Beijing en septembre 2023<\/p>\n<p>FONCTION 5 : Vice Premier Ministre \u2013 De 02\/2023 \u00e0 08\/2023<\/p>\n<p>FONCTION 4 : Ministre de la D\u00e9fense \u2013 De 02\/2021 \u00e0 08\/2023<\/p>\n<p>FONCTION 3 : Membre du Conseil d\u2019Administration de l\u2019\u00c9tat \u2013 A partir de 2021<\/p>\n<p>FONCTION 2 : Chef d\u2019\u00e9tat-major g\u00e9n\u00e9ral (terre-air-mer) \u2013 De 2016 \u00e0 2021<\/p>\n<p>FONCTION 1 : Commandant de la 101e division d\u2019infanterie<\/p>\n<p><strong>SOURCES\u00a0<\/strong>:<\/p>\n<p>https:\/\/www.opensanctions.org\/entities\/Q19718465\/<\/p>\n<p>https:\/\/myanmar.securityforcemonitor.org\/explore\/c771c291<\/p>\n<p>https:\/\/thediplomat.com\/2022\/06\/myanmar-junta-moves-aung-san-suu-kyi-trial-to-new-prison-facility\/<\/p>\n<p>https:\/\/www.irrawaddy.com\/news\/burma\/beijing-bound-myanmar-transport-minister-joins-race-to-china.htmlhttps:\/\/myanmar-now.org\/mm\/news\/6697\/<\/p>\n<\/div><\/div><\/div><\/div><ul ><li class=\"has_children next_children\" data-children=5><div class=\"wpda_tree_item_container\" id=\"wpda_item_container_4\" ><span class=\"wpda_tree_line\"><\/span><div class=\"wpda_tree_open_popup_el\"><div class=\"wpda_tree_item_img_cont \"><img decoding=\"async\" class=\"wpda_tree_item_img\" src=\"https:\/\/intl-crimes-doc.org\/wp-content\/uploads\/2024\/11\/bf.svg\"><\/div><div tabindex=\"0\" class=\"wpda_tree_item_title \">Minist\u00e8re de la D\u00e9fense<\/div><div tabindex=\"0\" class=\"wpda_tree_item_desc\" >Maung Maung Aye, \u1019\u1031\u102c\u1004\u103a\u1019\u1031\u102c\u1004\u103a\u1021\u1031\u1038, \ndepuis 12\/2024\n\nPr\u00e9c\u00e9d\u00e9 par :\nTin Aung San, \u1010\u1004\u103a\u1021\u1031\u102c\u1004\u103a\u1005\u1014\u103a\u1038\ndu 03\/08\/2023 \u00e0 12\/2024\n\nSein Win, \u1005\u102d\u1014\u103a\u101d\u1004\u103a\u1038\ndu 24\/08\/2015 au 01\/02\/2021\n<\/div><div date-popup-theme = \"11\" class=\"wpda_tree_popup_content wpda_tree_element_hidden\"><div class=\"wpda_popup_innerhtml\"><p><span style=\"text-decoration: underline\"><strong>FONCTION DETENUE DEPUIS 12\/2024 PAR:<\/strong><\/span><\/p>\n<p>&nbsp;<\/p>\n<p><strong>NOM\u00a0<\/strong>: Maung Maung Aye, \u1019\u1031\u102c\u1004\u103a\u1019\u1031\u102c\u1004\u103a\u1021\u1031\u1038<\/p>\n<p><strong>SEXE\u00a0<\/strong>: Homme<\/p>\n<p><strong>DATE ET LIEU DE NAISSANCE\u00a0<\/strong>: ??\/01\/1962, Thanlyin, Myanmar<\/p>\n<p><strong>STATUT\u00a0<\/strong>: Vivant (en 2025)<\/p>\n<p><strong>ELEMENTS BIOGRAPHIQUES\u00a0<\/strong>:<\/p>\n<p>Maung Maung Aye est le chef d\u2019\u00e9tat-major g\u00e9n\u00e9ral des forces arm\u00e9es. Il participe activement \u00e0 l&rsquo;achat d&rsquo;armements en provenance de Russie. Son r\u00f4le dans le renversement du gouvernement en 2021 et son soutien au r\u00e9gime militaire font de lui une figure importante de la r\u00e9pression contre l&rsquo;opposition pro-d\u00e9mocratie.<\/p>\n<p><strong>HISTORIQUE DES FONCTIONS\u00a0<\/strong>:<\/p>\n<p>FONCTION 5 : Ministre de la d\u00e9fense &#8211; Depuis 12\/2024<\/p>\n<p>FONCTION 4 : Chef d\u2019\u00e9tat-major g\u00e9n\u00e9ral des arm\u00e9es (arm\u00e9e de terre, air, marine) &#8211; Jusqu&rsquo;en 12\/2023<\/p>\n<p>FONCTION 3 : Membre du Conseil d&rsquo;administration de l&rsquo;\u00c9tat &#8211; Depuis 10\/2023<\/p>\n<p>FONCTION 2 : Chef d&rsquo;Etat major de l&rsquo;arm\u00e9e de terre &#8211; De 2015 \u00e0 [ind\u00e9termin\u00e9]<br \/>\nOrganisation d&rsquo;exercices militaires sous les ordres du g\u00e9n\u00e9ral Min Aung Hlaing<\/p>\n<p>POSITION 1 : vice-commandant des services de d\u00e9fense &#8211; 1993 \u00e0 2011<\/p>\n<p><strong>SOURCES\u00a0<\/strong>:<\/p>\n<p>https:\/\/www.opensanctions.org\/entities\/Q1911178\/<\/p>\n<blockquote class=\"wp-embedded-content\" data-secret=\"S5WgjxyPFH\"><p><a href=\"https:\/\/myanmar-now.org\/mm\/news\/6697\/\">\u1005\u1005\u103a\u1000\u1031\u102c\u1004\u103a\u1005\u102e\u1010\u103d\u1004\u103a \u1010\u102c\u101d\u1014\u103a\u1021\u101b\u103e\u102d\u1006\u102f\u1036\u1038 \u1005\u1005\u103a\u1017\u102d\u102f\u101c\u103a\u1001\u103b\u102f\u1015\u103a\u1000\u103c\u102e\u1038\u1019\u103b\u102c\u1038\u00a0<\/a><\/p><\/blockquote>\n<p><iframe class=\"wp-embedded-content\" sandbox=\"allow-scripts\" security=\"restricted\" style=\"position: absolute; visibility: hidden;\" title=\"&#8220;\u1005\u1005\u103a\u1000\u1031\u102c\u1004\u103a\u1005\u102e\u1010\u103d\u1004\u103a \u1010\u102c\u101d\u1014\u103a\u1021\u101b\u103e\u102d\u1006\u102f\u1036\u1038 \u1005\u1005\u103a\u1017\u102d\u102f\u101c\u103a\u1001\u103b\u102f\u1015\u103a\u1000\u103c\u102e\u1038\u1019\u103b\u102c\u1038\u00a0&#8221; &#8212; Myanmar Now\" src=\"https:\/\/myanmar-now.org\/mm\/news\/6697\/embed\/#?secret=HQyH9RIsng#?secret=S5WgjxyPFH\" data-secret=\"S5WgjxyPFH\" width=\"600\" height=\"338\" frameborder=\"0\" marginwidth=\"0\" marginheight=\"0\" scrolling=\"no\"><\/iframe><\/p>\n<p>https:\/\/www.irrawaddy.com\/news\/burma\/myanmar-junta-boss-promotes-loyalist-in-regime-reshuffle.html<\/p>\n<p>&nbsp;<\/p>\n<p><span style=\"text-decoration: underline\"><strong>FONCTION PRECEDEMMENT DETENUE DE 03\/08\/2023 A 12\/2024 PAR :<\/strong><\/span><\/p>\n<p>&nbsp;<\/p>\n<p><strong>NOM\u00a0<\/strong>: Tin Aung San, \u1010\u1004\u103a\u1021\u1031\u102c\u1004\u103a\u1005\u1014\u103a\u1038<\/p>\n<p><strong>SEXE\u00a0<\/strong>: Homme<\/p>\n<p><strong>DATE ET LIEU DE NAISSANCE\u00a0<\/strong>: 16\/10\/1960<\/p>\n<p><strong>STATUT\u00a0<\/strong>: Vivant (en 2025)<\/p>\n<p><strong>ELEMENTS BIOGRAPHIQUES\u00a0<\/strong>:<\/p>\n<p>Tin Aung San est un homme politique et un militaire. Il a \u00e9t\u00e9 form\u00e9 \u00e0 la 23e Acad\u00e9mie militaire, et a int\u00e9gr\u00e9 la marine. Commandant des forces marines, il a ensuit\u00e9 \u00e9r\u00e9 d\u00e9sign\u00e9 ministre des Transports et des Communications apr\u00e8s le coup d&rsquo;Etat de 2021. A ce titre, il a supervis\u00e9 la censure de l&rsquo;Internet et a favoris\u00e9 la r\u00e9pression du mouvement pro-d\u00e9mocratie. Il est ensuite devenu ministre de la D\u00e9fense, tandis que les forces arm\u00e9es sous ses ordres ont commis des exactions. Ses actions et son soutien au r\u00e9gime militaire ont entra\u00een\u00e9 des sanctions internationales \u00e0 son encontre.<\/p>\n<p><strong>HISTORIQUE DES FONCTIONS\u00a0<\/strong>:<\/p>\n<p>FONCTION 5 : Affectation au bureau du Premier Ministre &#8211; Depuis 12\/2024<\/p>\n<p>FONCTION 4 : Ministre de la D\u00e9fense &#8211; De 03\/08\/2023 \u00e0 12\/2024<br \/>\nEn fonction durant l&rsquo;op\u00e9ration anti-r\u00e9gime 1027 dans les Etats de Shan, Kachin, Karenni, Chin et Rakhine, qui s&rsquo;est sold\u00e9e par une perte de terrain significative pour la junte.<br \/>\nSe rend en Russie et en Chine en 2023.<\/p>\n<p>FONCTION 3 : Membre du Conseil d&rsquo;administration de l&rsquo;\u00c9tat<\/p>\n<p>FONCTION 2 : Ministre des Transports et des Communications &#8211; Du 03\/02\/2021 au 01\/02\/2023<\/p>\n<p>FONCTION 1 : Commandant en chef des forces marines &#8211; 2015 \u00e0 2021<\/p>\n<p><strong>SOURCES\u00a0<\/strong>:<\/p>\n<p>https:\/\/www.opensanctions.org\/entities\/Q105234492\/<\/p>\n<blockquote class=\"wp-embedded-content\" data-secret=\"S5WgjxyPFH\"><p><a href=\"https:\/\/myanmar-now.org\/mm\/news\/6697\/\">\u1005\u1005\u103a\u1000\u1031\u102c\u1004\u103a\u1005\u102e\u1010\u103d\u1004\u103a \u1010\u102c\u101d\u1014\u103a\u1021\u101b\u103e\u102d\u1006\u102f\u1036\u1038 \u1005\u1005\u103a\u1017\u102d\u102f\u101c\u103a\u1001\u103b\u102f\u1015\u103a\u1000\u103c\u102e\u1038\u1019\u103b\u102c\u1038\u00a0<\/a><\/p><\/blockquote>\n<p><iframe class=\"wp-embedded-content\" sandbox=\"allow-scripts\" security=\"restricted\" style=\"position: absolute; visibility: hidden;\" title=\"&#8220;\u1005\u1005\u103a\u1000\u1031\u102c\u1004\u103a\u1005\u102e\u1010\u103d\u1004\u103a \u1010\u102c\u101d\u1014\u103a\u1021\u101b\u103e\u102d\u1006\u102f\u1036\u1038 \u1005\u1005\u103a\u1017\u102d\u102f\u101c\u103a\u1001\u103b\u102f\u1015\u103a\u1000\u103c\u102e\u1038\u1019\u103b\u102c\u1038\u00a0&#8221; &#8212; Myanmar Now\" src=\"https:\/\/myanmar-now.org\/mm\/news\/6697\/embed\/#?secret=HQyH9RIsng#?secret=S5WgjxyPFH\" data-secret=\"S5WgjxyPFH\" width=\"600\" height=\"338\" frameborder=\"0\" marginwidth=\"0\" marginheight=\"0\" scrolling=\"no\"><\/iframe><\/p>\n<p>https:\/\/www.irrawaddy.com\/news\/burma\/myanmar-junta-boss-promotes-loyalist-in-regime-reshuffle.html<\/p>\n<blockquote class=\"wp-embedded-content\" data-secret=\"IU5bKyCRwz\"><p><a href=\"https:\/\/myanmar-now.org\/en\/news\/deputy-head-of-myanmars-junta-in-china-to-attend-defence-forum\/\">Deputy head of Myanmar\u2019s junta in China to attend defence forum<\/a><\/p><\/blockquote>\n<p><iframe class=\"wp-embedded-content\" sandbox=\"allow-scripts\" security=\"restricted\" style=\"position: absolute; visibility: hidden;\" title=\"&#8220;Deputy head of Myanmar\u2019s junta in China to attend defence forum&#8221; &#8212; Myanmar Now\" src=\"https:\/\/myanmar-now.org\/en\/news\/deputy-head-of-myanmars-junta-in-china-to-attend-defence-forum\/embed\/#?secret=M2f2KjoTBZ#?secret=IU5bKyCRwz\" data-secret=\"IU5bKyCRwz\" width=\"600\" height=\"338\" frameborder=\"0\" marginwidth=\"0\" marginheight=\"0\" scrolling=\"no\"><\/iframe><\/p>\n<p>https:\/\/www.nationthailand.com\/news\/asean\/40041629<\/p>\n<p>&nbsp;<\/p>\n<p><span style=\"text-decoration: underline\"><strong>FONCTION PRECEDEMMENT DETENUE DU 24\/08\/2015 AU 01\/02\/2021 PAR :<\/strong><\/span><\/p>\n<p>&nbsp;<\/p>\n<p><strong>NOM\u00a0<\/strong>: Sein Win, \u1005\u102d\u1014\u103a\u101d\u1004\u103a\u1038<\/p>\n<p><strong>SEXE\u00a0<\/strong>: Homme<\/p>\n<p><strong>DATE ET LIEU DE NAISSANCE\u00a0<\/strong>: ??\/07\/1956, Pyin Oo Lwin, Myanmar<\/p>\n<p><strong>STATUT\u00a0<\/strong>: Vivant (en 2025)<\/p>\n<p><strong>ELEMENTS BIOGRAPHIQUES\u00a0<\/strong>:<\/p>\n<p>Sein Win est un ancien ministre de la D\u00e9fense de 2015 \u00e0 f\u00e9vrier 2021. En tant que tel, il a \u00e9t\u00e9 directement impliqu\u00e9 dans la pers\u00e9cution syst\u00e9matique des minorit\u00e9s ethniques, notamment les Rohingyas, dans les \u00c9tats de Rakhine, Kachin et Shan. Il est sanctionn\u00e9 par plusieurs pays en raison de son r\u00f4le dans le coup d&rsquo;\u00c9tat de 2021 et de sa responsabilit\u00e9 dans la commission de crimes internationaux. Depuis 2021, il pr\u00e9side l&rsquo;Organisation des anciens combattants du Myanmar, une organisation qui soutient le r\u00e9gime militaire. Ses actions ont entra\u00een\u00e9 des sanctions internationales \u00e0 son encontre.<\/p>\n<p><strong>HISTORIQUE DES FONCTIONS\u00a0<\/strong>:<\/p>\n<p>FONCTION 2 : Pr\u00e9sident de l&rsquo;Organisation des anciens combattants du Myanmar &#8211; De 02\/2021 \u00e0 (au moins) 10\/2022<\/p>\n<p>FONCTION 1 : Ministre de la D\u00e9fense &#8211; du 24\/08\/2015 au 01\/02\/2021<\/p>\n<p><strong>SOURCES\u00a0<\/strong>:<\/p>\n<p>https:\/\/www.opensanctions.org\/entities\/Q25189697\/<\/p>\n<\/div><\/div><\/div><\/div><ul ><li class=\"no_children next_no_children\" data-children=0><div class=\"wpda_tree_item_container\" id=\"wpda_item_container_5\" ><span class=\"wpda_tree_line\"><\/span><div class=\"wpda_tree_open_popup_el\"><div class=\"wpda_tree_item_img_cont \"><img decoding=\"async\" class=\"wpda_tree_item_img\" src=\"https:\/\/intl-crimes-doc.org\/wp-content\/uploads\/2024\/11\/bf.svg\"><\/div><div tabindex=\"0\" class=\"wpda_tree_item_title \">Etat major de l'Arm\u00e9e de terre<\/div><div tabindex=\"0\" class=\"wpda_tree_item_desc\" >[ind\u00e9termin\u00e9], depuis 12\/2024\n\nPr\u00e9c\u00e9d\u00e9 par :\nKyaw Swar Lin, \u1000\u103b\u1031\u102c\u103a\u1005\u103d\u102c\u101c\u1004\u103a\u1038\nde 10\/2023 \u00e0 12\/2024<\/div><div date-popup-theme = \"11\" class=\"wpda_tree_popup_content wpda_tree_element_hidden\"><div class=\"wpda_popup_innerhtml\"><p><strong>FONCTION DETENUE DEPUIS 12\/2024 PAR:<\/strong><\/p>\n<p><em>[ind\u00e9termin\u00e9]<\/em><\/p>\n<p>&nbsp;<\/p>\n<p><strong>FONCTION PRECEDEMMENT DETENUE DE 10\/2023 A 12\/2024 PAR :<\/strong><\/p>\n<p>&nbsp;<\/p>\n<p><strong>NOM\u00a0<\/strong>: Kyaw Swar Lin, \u1000\u103b\u1031\u102c\u103a\u1005\u103d\u102c\u101c\u1004\u103a\u1038<\/p>\n<p><strong>SEXE\u00a0<\/strong>: Homme<\/p>\n<p><strong>DATE ET LIEU DE NAISSANCE\u00a0<\/strong>: 24\/05\/1971, Myanmar<\/p>\n<p><strong>STATUT\u00a0<\/strong>: Vivant (en 2025)<\/p>\n<p><strong>ELEMENTS BIOGRAPHIQUES\u00a0<\/strong>:<\/p>\n<p>Kyaw Swar Lin, form\u00e9 \u00e0 la 35e acad\u00e9mie militaire, supervise des op\u00e9rations militaires en 2017 au cours desquelles l&rsquo;ethnie des Rohingyas est la cible de crimes syst\u00e9matiques, de la part des forces arm\u00e9es, \u00e0 Rakhine. D\u00e9sign\u00e9 Chef d\u2019\u00e9tat-major de l&rsquo;Arm\u00e9e de terre apr\u00e8s le coup d&rsquo;Etat, il supervise les op\u00e9rations logistiques et financi\u00e8res de l\u2019arm\u00e9e. Il dirige aussi la Myanmar Economic Corporation (MEC), qui soutient les activit\u00e9s militaires par le biais d\u2019un conglom\u00e9rat contr\u00f4l\u00e9 par l\u2019arm\u00e9e. Ses actions et son soutien au r\u00e9gime militaire entra\u00eenent des sanctions internationales \u00e0 son encontre.<\/p>\n<p><strong>HISTORIQUE DES FONCTIONS\u00a0<\/strong>:<\/p>\n<p>FONCTION 5 : Chef d\u2019\u00e9tat-major g\u00e9n\u00e9ral des arm\u00e9es (arm\u00e9e de terre, air, marine) \u2013 Depuis 12\/2024<\/p>\n<p>FONCTION 4 : Chef d\u2019\u00e9tat-major de l\u2019arm\u00e9e de terre \u2013 De 10\/2023 \u00e0 12\/2024<br \/>\nEn charge du budget de l\u2019arm\u00e9e<\/p>\n<p>FONCTION 3 : Directeur la Myanmar Economic Corporation (MEC) \u2013 Depuis 05\/2020<br \/>\nApprovisionnement en armements et en ressources pour les forces arm\u00e9es<\/p>\n<p>FONCTION 2 : Commandant du Commandement R\u00e9gional Centre \u2013 De 2018 \u00e0 2020<br \/>\nBas\u00e9 \u00e0 Mandalay<\/p>\n<p>FONCTION 1 : Affect\u00e9 au Bureau des Op\u00e9rations Sp\u00e9ciales (3)<br \/>\nEn charge de l\u2019Etat de Rakhine.<\/p>\n<p><strong>SOURCES\u00a0<\/strong>:<\/p>\n<blockquote class=\"wp-embedded-content\" data-secret=\"S5WgjxyPFH\"><p><a href=\"https:\/\/myanmar-now.org\/mm\/news\/6697\/\">\u1005\u1005\u103a\u1000\u1031\u102c\u1004\u103a\u1005\u102e\u1010\u103d\u1004\u103a \u1010\u102c\u101d\u1014\u103a\u1021\u101b\u103e\u102d\u1006\u102f\u1036\u1038 \u1005\u1005\u103a\u1017\u102d\u102f\u101c\u103a\u1001\u103b\u102f\u1015\u103a\u1000\u103c\u102e\u1038\u1019\u103b\u102c\u1038\u00a0<\/a><\/p><\/blockquote>\n<p><iframe class=\"wp-embedded-content\" sandbox=\"allow-scripts\" security=\"restricted\" style=\"position: absolute; visibility: hidden;\" title=\"&#8220;\u1005\u1005\u103a\u1000\u1031\u102c\u1004\u103a\u1005\u102e\u1010\u103d\u1004\u103a \u1010\u102c\u101d\u1014\u103a\u1021\u101b\u103e\u102d\u1006\u102f\u1036\u1038 \u1005\u1005\u103a\u1017\u102d\u102f\u101c\u103a\u1001\u103b\u102f\u1015\u103a\u1000\u103c\u102e\u1038\u1019\u103b\u102c\u1038\u00a0&#8221; &#8212; Myanmar Now\" src=\"https:\/\/myanmar-now.org\/mm\/news\/6697\/embed\/#?secret=HQyH9RIsng#?secret=S5WgjxyPFH\" data-secret=\"S5WgjxyPFH\" width=\"600\" height=\"338\" frameborder=\"0\" marginwidth=\"0\" marginheight=\"0\" scrolling=\"no\"><\/iframe><\/p>\n<p>https:\/\/www.opensanctions.org\/entities\/Q106997134\/https:\/\/cpg-online.de\/home\/publications\/asia-in-review\/asia-in-review-sea-myanmar-2019-2020\/<\/p>\n<p>https:\/\/data.europa.eu\/apps\/eusanctionstracker\/subjects\/155652<\/p>\n<p>https:\/\/www.irrawaddy.com\/news\/burma\/the-combat-dodging-general-tipped-to-become-myanmar-militarys-next-chief.html<\/p>\n<p>https:\/\/www.irrawaddy.com\/news\/burma\/myanmar-junta-boss-promotes-loyalist-in-regime-reshuffle.html<\/p>\n<\/div><\/div><\/div><\/div><\/li><li class=\"no_children next_no_children\" data-children=0><div class=\"wpda_tree_item_container\" id=\"wpda_item_container_6\" ><span class=\"wpda_tree_line\"><\/span><div class=\"wpda_tree_open_popup_el\"><div class=\"wpda_tree_item_img_cont \"><img decoding=\"async\" class=\"wpda_tree_item_img\" src=\"https:\/\/intl-crimes-doc.org\/wp-content\/uploads\/2024\/11\/bf.svg\"><\/div><div tabindex=\"0\" class=\"wpda_tree_item_title \">Etat major de l'Arm\u00e9e de l'air<\/div><div tabindex=\"0\" class=\"wpda_tree_item_desc\" >Htun Aung (ou Tun Aung), \u1011\u103d\u1014\u103a\u1038\u1021\u1031\u102c\u1004\u103a, \ndepuis 01\/2022<\/div><div date-popup-theme = \"11\" class=\"wpda_tree_popup_content wpda_tree_element_hidden\"><div class=\"wpda_popup_innerhtml\"><p><strong>NOM\u00a0<\/strong>: Htun Aung (ou Tun Aung), \u1011\u103d\u1014\u103a\u1038\u1021\u1031\u102c\u1004\u103a<\/p>\n<p><strong>SEXE\u00a0<\/strong>: Homme<\/p>\n<p><strong>DATE ET LIEU DE NAISSANCE\u00a0<\/strong>: 20\/05\/1967, Myanmar<\/p>\n<p><strong>STATUT\u00a0<\/strong>: Vivant (en 2025)<\/p>\n<p><strong>ELEMENTS BIOGRAPHIQUES\u00a0<\/strong>:<\/p>\n<p>Htun Aung est g\u00e9n\u00e9ral de l\u2019arm\u00e9e de l\u2019air. Sous son commandement, des a\u00e9ronefs militaires m\u00e8nent des attaques contre des cibles civiles, y compris des enfants. En outre, il participe \u00e0 la gouvernance du Myanmar Economic Holdings Limited (MEHL), un conglom\u00e9rat li\u00e9 \u00e0 l&rsquo;arm\u00e9e renfor\u00e7ant les capacit\u00e9s \u00e9conomiques du r\u00e9gime militaire. Ses actions et son soutien au r\u00e9gime militaire entra\u00eenent des sanctions internationales \u00e0 son encontre.<\/p>\n<p><strong>HISTORIQUE DES FONCTIONS\u00a0<\/strong>:<\/p>\n<p>FONCTION 2 : Commandant en chef de l\u2019arm\u00e9e de l\u2019air &#8211; Depuis 01\/2022<br \/>\nEntretien des liens avec les forces arm\u00e9es thailandaises et l&rsquo;ASEAN<\/p>\n<p>FONCTION 1 : Membre de la gouvernance Myanmar Economic Holdings Limited<br \/>\nImplication dans un conglom\u00e9rat soutenant les op\u00e9rations de l&rsquo;arm\u00e9e<\/p>\n<p><strong>SOURCES\u00a0<\/strong>:<\/p>\n<p>https:\/\/www.opensanctions.org\/entities\/Q116822395\/<\/p>\n<p>https:\/\/prachataienglish.com\/node\/10458<\/p>\n<p>https:\/\/www.justiceformyanmar.org\/press-releases\/jfm-demands-asean-cancel-air-force-conference-to-be-chaired-by-myanmar-war-criminal-in-september<\/p>\n<p>https:\/\/www.reuters.com\/world\/asia-pacific\/myanmar-junta-replaces-air-force-chief-amid-bombing-campaign-sources-2022-01-12\/<\/p>\n<\/div><\/div><\/div><\/div><\/li><li class=\"no_children next_no_children\" data-children=0><div class=\"wpda_tree_item_container\" id=\"wpda_item_container_7\" ><span class=\"wpda_tree_line\"><\/span><div class=\"wpda_tree_open_popup_el\"><div class=\"wpda_tree_item_img_cont \"><img decoding=\"async\" class=\"wpda_tree_item_img\" src=\"https:\/\/intl-crimes-doc.org\/wp-content\/uploads\/2024\/11\/bf.svg\"><\/div><div tabindex=\"0\" class=\"wpda_tree_item_title \">Etat major de la Marine<\/div><div tabindex=\"0\" class=\"wpda_tree_item_desc\" >Moe Aung, \u1019\u102d\u102f\u1038\u1021\u1031\u102c\u1004\u103a, \ndepuis 2021<\/div><div date-popup-theme = \"11\" class=\"wpda_tree_popup_content wpda_tree_element_hidden\"><div class=\"wpda_popup_innerhtml\"><p><strong>NOM\u00a0<\/strong>: Moe Aung, \u1019\u102d\u102f\u1038\u1021\u1031\u102c\u1004\u103a<\/p>\n<p><strong>SEXE\u00a0<\/strong>: Homme<\/p>\n<p><strong>DATE ET LIEU DE NAISSANCE\u00a0<\/strong>: <em>[ind\u00e9termin\u00e9]<\/em>, Myanmar<\/p>\n<p><strong>STATUT\u00a0<\/strong>: Vivant (en 2025)<\/p>\n<p><strong>ELEMENTS BIOGRAPHIQUES\u00a0<\/strong>:<\/p>\n<p>Moe Aung est un amiral, Commandant en chef de la marine du Myanmar. Il est form\u00e9 \u00e0 la 28e acad\u00e9mie militaire et fait actuellement partie du Conseil de l&rsquo;administration d&rsquo;\u00c9tat et du Conseil national de d\u00e9fense et de s\u00e9curit\u00e9. Sa position fait de lui une figure importante de la mise en \u0153uvre de la r\u00e9pression, au cours de laquelle des crimes internationaux sont perp\u00e9tr\u00e9s.<\/p>\n<p><strong>HISTORIQUE DES FONCTIONS\u00a0<\/strong>:<\/p>\n<p>FONCTION 2 : Commandant en chef de la marine &#8211; Depuis 2021<\/p>\n<p>FONCTION 1 : Membre du Conseil d&rsquo;administration de l&rsquo;\u00c9tat<\/p>\n<p><strong>SOURCES\u00a0<\/strong>:<\/p>\n<p>https:\/\/opensanctions.org\/entities\/Q116822184\/<\/p>\n<p>https:\/\/wikidata.org\/wiki\/Q116822184<\/p>\n<blockquote class=\"wp-embedded-content\" data-secret=\"S5WgjxyPFH\"><p><a href=\"https:\/\/myanmar-now.org\/mm\/news\/6697\/\">\u1005\u1005\u103a\u1000\u1031\u102c\u1004\u103a\u1005\u102e\u1010\u103d\u1004\u103a \u1010\u102c\u101d\u1014\u103a\u1021\u101b\u103e\u102d\u1006\u102f\u1036\u1038 \u1005\u1005\u103a\u1017\u102d\u102f\u101c\u103a\u1001\u103b\u102f\u1015\u103a\u1000\u103c\u102e\u1038\u1019\u103b\u102c\u1038\u00a0<\/a><\/p><\/blockquote>\n<p><iframe class=\"wp-embedded-content\" sandbox=\"allow-scripts\" security=\"restricted\" style=\"position: absolute; visibility: hidden;\" title=\"&#8220;\u1005\u1005\u103a\u1000\u1031\u102c\u1004\u103a\u1005\u102e\u1010\u103d\u1004\u103a \u1010\u102c\u101d\u1014\u103a\u1021\u101b\u103e\u102d\u1006\u102f\u1036\u1038 \u1005\u1005\u103a\u1017\u102d\u102f\u101c\u103a\u1001\u103b\u102f\u1015\u103a\u1000\u103c\u102e\u1038\u1019\u103b\u102c\u1038\u00a0&#8221; &#8212; Myanmar Now\" src=\"https:\/\/myanmar-now.org\/mm\/news\/6697\/embed\/#?secret=HQyH9RIsng#?secret=S5WgjxyPFH\" data-secret=\"S5WgjxyPFH\" width=\"600\" height=\"338\" frameborder=\"0\" marginwidth=\"0\" marginheight=\"0\" scrolling=\"no\"><\/iframe><\/p>\n<\/div><\/div><\/div><\/div><\/li><li class=\"no_children next_no_children\" data-children=0><div class=\"wpda_tree_item_container\" id=\"wpda_item_container_8\" ><span class=\"wpda_tree_line\"><\/span><div class=\"wpda_tree_open_popup_el\"><div class=\"wpda_tree_item_img_cont \"><img decoding=\"async\" class=\"wpda_tree_item_img\" src=\"https:\/\/intl-crimes-doc.org\/wp-content\/uploads\/2024\/11\/bf.svg\"><\/div><div tabindex=\"0\" class=\"wpda_tree_item_title \">Porte parole de l'Arm\u00e9e<\/div><div tabindex=\"0\" class=\"wpda_tree_item_desc\" >Zaw Min Tun, \u1007\u1031\u102c\u103a\u1019\u1004\u103a\u1038\u1011\u103d\u1014\u103a\u1038, \ndepuis 2021<\/div><div date-popup-theme = \"11\" class=\"wpda_tree_popup_content wpda_tree_element_hidden\"><div class=\"wpda_popup_innerhtml\"><p><strong>NOM\u00a0<\/strong>: Zaw Min Tun, \u1007\u1031\u102c\u103a\u1019\u1004\u103a\u1038\u1011\u103d\u1014\u103a\u1038<\/p>\n<p><strong>SEXE\u00a0<\/strong>: Homme<\/p>\n<p><strong>DATE ET LIEU DE NAISSANCE\u00a0<\/strong>: [ind\u00e9termin\u00e9],Yenangyaung, Myanmar<\/p>\n<p><strong>STATUT\u00a0<\/strong>: Vivant (en 2025)<\/p>\n<p><strong>ELEMENTS BIOGRAPHIQUES\u00a0<\/strong>:<\/p>\n<p>Zaw Min Tun est le porte-parole de l&rsquo;arm\u00e9e et le vice-ministre de l&rsquo;information, depuis le coup d&rsquo;Etat de 2021. Il est \u00e9galement un membre influent du Conseil de l&rsquo;Administration d&rsquo;\u00c9tat, organe dirigeant issu du coup d&rsquo;\u00c9tat. En tant que chef de l&rsquo;\u00e9quipe de presse du m\u00e9dia \u00ab\u00a0Tatmadaw True News\u00a0\u00bb, il joue un r\u00f4le central dans la propagande de l&rsquo;arm\u00e9e pour justifier la r\u00e9pression violente contre les civils et les opposants.<\/p>\n<p><strong>HISTORIQUE DES FONCTIONS\u00a0<\/strong>:<\/p>\n<p>FONCTION 3 : Porte-parole de l&rsquo;arm\u00e9e &#8211; Depuis 2021<\/p>\n<p>FONCTION 2 : Chef de l\u2019\u00e9quipe de presse du Conseil d&rsquo;Administration de l&rsquo;\u00c9tat<br \/>\net de \u00ab\u00a0Tatmadaw True News\u00a0\u00bb<\/p>\n<p>FONCTION 1 : Vice-ministre de l&rsquo;information &#8211; Depuis 2021<\/p>\n<p><strong>SOURCES\u00a0<\/strong>:<\/p>\n<p>https:\/\/www.opensanctions.org\/entities\/Q105525835\/<\/p>\n<\/div><\/div><\/div><\/div><\/li><li class=\"no_children next_no_children\" data-children=0><div class=\"wpda_tree_item_container\" id=\"wpda_item_container_9\" ><span class=\"wpda_tree_line\"><\/span><div class=\"wpda_tree_open_popup_el\"><div class=\"wpda_tree_item_img_cont \"><img decoding=\"async\" class=\"wpda_tree_item_img\" src=\"https:\/\/intl-crimes-doc.org\/wp-content\/uploads\/2024\/11\/bf.svg\"><\/div><div tabindex=\"0\" class=\"wpda_tree_item_title \">Org. des anciens combattants<\/div><div tabindex=\"0\" class=\"wpda_tree_item_desc\" >Sein Win, \u1005\u102d\u1014\u103a\u101d\u1004\u103a\u1038,\nde 02\/2021 \u00e0 (au moins) 10\/2022<\/div><div date-popup-theme = \"11\" class=\"wpda_tree_popup_content wpda_tree_element_hidden\"><div class=\"wpda_popup_innerhtml\"><p><strong>NOM\u00a0<\/strong>: Sein Win, \u1005\u102d\u1014\u103a\u101d\u1004\u103a\u1038<\/p>\n<p><strong>SEXE\u00a0<\/strong>: Homme<\/p>\n<p><strong>DATE ET LIEU DE NAISSANCE\u00a0<\/strong>: ??\/07\/1956, Pyin Oo Lwin, Myanmar<\/p>\n<p><strong>STATUT\u00a0<\/strong>: Vivant (en 2025)<\/p>\n<p><strong>ELEMENTS BIOGRAPHIQUES\u00a0<\/strong>:<\/p>\n<p>Sein Win est ministre de la D\u00e9fense de 2015 \u00e0 f\u00e9vrier 2021. En tant que tel, il est directement impliqu\u00e9 dans la pers\u00e9cution syst\u00e9matique des minorit\u00e9s ethniques, notamment les Rohingyas, dans les \u00c9tats de Rakhine, Kachin et Shan. Il est sanctionn\u00e9 par plusieurs pays en raison de son r\u00f4le dans le coup d&rsquo;\u00c9tat de 2021 et de sa responsabilit\u00e9 dans la commission de crimes internationaux. Depuis 2021, il pr\u00e9side l&rsquo;Organisation des anciens combattants du Myanmar, une organisation qui soutient le r\u00e9gime militaire. Ses actions entra\u00eenent des sanctions internationales \u00e0 son encontre.<\/p>\n<p><strong>HISTORIQUE DES FONCTIONS\u00a0<\/strong>:<\/p>\n<p>FONCTION 2 : Pr\u00e9sident de l&rsquo;Organisation des anciens combattants du Myanmar &#8211; De 02\/2021 \u00e0 (au moins) 10\/2022<\/p>\n<p>FONCTION 1 : Ministre de la D\u00e9fense &#8211; du 24\/08\/2015 au 01\/02\/2021<\/p>\n<p><strong>SOURCES\u00a0<\/strong>:<\/p>\n<p>https:\/\/www.opensanctions.org\/entities\/Q25189697\/<\/p>\n<\/div><\/div><\/div><\/div><\/li><\/ul>\r\n<script>\r\nwpda_org_chart_popup_theme = new Array();\r\nwpda_org_chart_popup_theme[11] = {\"name\":\"Default\",\"popup_width\":{\"metric_desktop\":\"px\",\"metric_tablet\":\"px\",\"metric_mobile\":\"px\",\"desktop\":\"900\",\"tablet\":\"1024\",\"mobile\":\"320\"},\"popup_height\":{\"metric_desktop\":\"px\",\"metric_tablet\":\"px\",\"metric_mobile\":\"px\",\"desktop\":\"450\",\"tablet\":\"576\",\"mobile\":\"480\"},\"popup_bg_color\":{\"gradient\":\"none\",\"color1\":\"#e5e5e5\",\"color2\":\"rgba(255,255,255,1)\"},\"padding\":{\"metric_desktop\":\"px\",\"metric_tablet\":\"px\",\"metric_mobile\":\"px\",\"desktop_top\":40,\"desktop_right\":30,\"desktop_bottom\":40,\"desktop_left\":30,\"tablet_top\":0,\"tablet_right\":0,\"tablet_bottom\":0,\"tablet_left\":0,\"mobile_top\":0,\"mobile_right\":0,\"mobile_bottom\":0,\"mobile_left\":0},\"popup_position\":\"5\",\"popup_fixed_postion\":\"relative\",\"popup_border_type\":\"solid\",\"popup_border_color\":\"#353535\",\"popup_border_width\":{\"metric_desktop\":\"px\",\"desktop\":\"1\"},\"popup_border_radius\":{\"metric_desktop\":\"px\",\"desktop\":\"10\"},\"popup_animation_type\":\"fade\",\"popup_animation_time\":{\"desktop\":\"800\"},\"overlay_bg_color\":{\"gradient\":\"to bottom\",\"color1\":\"rgba(10,1,1,0.7)\",\"color2\":\"rgba(0,0,0,0.5)\"},\"close_button_text\":{\"desktop\":\"X\"},\"close_section_type\":\"section\",\"close_aditional\":\"esc_click\",\"close_button_text_font_family\":\"Arial,Helvetica Neue,Helvetica,sans-serif\",\"close_button_text_color\":\"#ffffff\",\"close_button_text_font_size\":{\"metric_desktop\":\"px\",\"desktop\":\"20\"},\"close_button_text_letter_spacing\":{\"metric_desktop\":\"px\",\"desktop\":\"normal\"},\"close_button_text_line_height\":{\"metric_desktop\":\"em\",\"desktop\":\"normal\"},\"close_button_text_font_weight\":\"initial\",\"close_button_text_font_style\":\"initial\",\"close_button_section_bg_color\":\"#707070\",\"close_section_border_bottom_type\":\"solid\",\"close_section_border_bottom_color\":\"#cccccc\",\"close_section_border_bottom_width\":{\"metric_desktop\":\"px\",\"desktop\":\"1\"}}\r\n<\/script><\/li><li class=\"has_children next_no_children\" data-children=1><div class=\"wpda_tree_item_container\" id=\"wpda_item_container_10\" ><span class=\"wpda_tree_line\"><\/span><div class=\"wpda_tree_open_popup_el\"><div class=\"wpda_tree_item_img_cont \"><img decoding=\"async\" class=\"wpda_tree_item_img\" src=\"https:\/\/intl-crimes-doc.org\/wp-content\/uploads\/2024\/11\/bf.svg\"><\/div><div tabindex=\"0\" class=\"wpda_tree_item_title \">Minist\u00e8re des Affaires Etrang\u00e8res<\/div><div tabindex=\"0\" class=\"wpda_tree_item_desc\" >Than Swe, \u101e\u1014\u103a\u1038\u1006\u103d\u1031,\ndepuis [ind\u00e9termin\u00e9]<\/div><div date-popup-theme = \"11\" class=\"wpda_tree_popup_content wpda_tree_element_hidden\"><div class=\"wpda_popup_innerhtml\"><p><strong>NOM\u00a0<\/strong>: Than Swe, \u101e\u1014\u103a\u1038\u1006\u103d\u1031<\/p>\n<p><strong>SEXE\u00a0<\/strong>: Homme<\/p>\n<p><strong>DATE ET LIEU DE NAISSANCE\u00a0<\/strong>: 1953, Myanmar<\/p>\n<p><strong>STATUT\u00a0<\/strong>: Vivant (en 2025)<\/p>\n<p><strong>ELEMENTS BIOGRAPHIQUES\u00a0<\/strong>:<\/p>\n<p>Than Swe est ministre des Affaires \u00e9trang\u00e8res. Son r\u00f4le consiste \u00e0 g\u00e9rer la diplomatie de la junte. En tant que ministre, il s&rsquo;exprime pour renforcer la l\u00e9gitimit\u00e9 du r\u00e9gime militaire malgr\u00e9 les exactions commises par les forces arm\u00e9es.<\/p>\n<p><strong>HISTORIQUE DES FONCTIONS\u00a0<\/strong>:<\/p>\n<p>FONCTION 1 : Ministre des Affaires \u00e9trang\u00e8res<\/p>\n<p><strong>SOURCES\u00a0<\/strong>:<\/p>\n<p>https:\/\/www.opensanctions.org\/entities\/Q116858792\/<\/p>\n<\/div><\/div><\/div><\/div><ul ><li class=\"no_children next_no_children\" data-children=0><div class=\"wpda_tree_item_container\" id=\"wpda_item_container_11\" ><span class=\"wpda_tree_line\"><\/span><div class=\"wpda_tree_open_popup_el\"><div class=\"wpda_tree_item_img_cont \"><img decoding=\"async\" class=\"wpda_tree_item_img\" src=\"https:\/\/intl-crimes-doc.org\/wp-content\/uploads\/2024\/11\/bf.svg\"><\/div><div tabindex=\"0\" class=\"wpda_tree_item_title \">Diplomatie du Myanmar en Chine<\/div><div tabindex=\"0\" class=\"wpda_tree_item_desc\" >Thit Lin Aung, \u101e\u1005\u103a\u101c\u1004\u103a\u1038\u1021\u102f\u1014\u103a\u1038 \nde [indetermin\u00e9] \u00e0 [indetermin\u00e9]<\/div><div date-popup-theme = \"11\" class=\"wpda_tree_popup_content wpda_tree_element_hidden\"><div class=\"wpda_popup_innerhtml\"><p><strong>NOM\u00a0<\/strong>: Thit Lin Aung, \u101e\u1005\u103a\u101c\u1004\u103a\u1038\u1021\u102f\u1014\u103a\u1038<\/p>\n<p><strong>SEXE\u00a0<\/strong>: Homme<\/p>\n<p><strong>DATE ET LIEU DE NAISSANCE\u00a0<\/strong>: 17\/05\/1962, Myanmar<\/p>\n<p><strong>STATUT\u00a0<\/strong>: Vivant (en 2025)<\/p>\n<p><strong>ELEMENTS BIOGRAPHIQUES\u00a0<\/strong>:<\/p>\n<p>Thit Lin Aung est ambassadeur du Myanmar aupr\u00e8s de la R\u00e9publique populaire de Chine et de la F\u00e9d\u00e9ration de Russie. Ancien membre de l&rsquo;Acad\u00e9mie des services de d\u00e9fense du Myanmar, son r\u00f4le diplomatique consiste \u00e0 d\u00e9fendre le r\u00e9gime militaire apr\u00e8s le coup d&rsquo;\u00c9tat de 2021, et \u00e0 \u00e9viter l&rsquo;isolement international du pays.<\/p>\n<p><strong>HISTORIQUE DES FONCTIONS\u00a0<\/strong>:<\/p>\n<p>FONCTION 1 : Diplomate aupr\u00e8s de la R\u00e9publique populaire de Chine et de la F\u00e9d\u00e9ration de Russie.<\/p>\n<p><strong>SOURCES\u00a0<\/strong>:<\/p>\n<p>https:\/\/www.opensanctions.org\/entities\/Q131466727\/<\/p>\n<\/div><\/div><\/div><\/div><\/li><\/ul>\r\n<script>\r\nwpda_org_chart_popup_theme = new Array();\r\nwpda_org_chart_popup_theme[11] = {\"name\":\"Default\",\"popup_width\":{\"metric_desktop\":\"px\",\"metric_tablet\":\"px\",\"metric_mobile\":\"px\",\"desktop\":\"900\",\"tablet\":\"1024\",\"mobile\":\"320\"},\"popup_height\":{\"metric_desktop\":\"px\",\"metric_tablet\":\"px\",\"metric_mobile\":\"px\",\"desktop\":\"450\",\"tablet\":\"576\",\"mobile\":\"480\"},\"popup_bg_color\":{\"gradient\":\"none\",\"color1\":\"#e5e5e5\",\"color2\":\"rgba(255,255,255,1)\"},\"padding\":{\"metric_desktop\":\"px\",\"metric_tablet\":\"px\",\"metric_mobile\":\"px\",\"desktop_top\":40,\"desktop_right\":30,\"desktop_bottom\":40,\"desktop_left\":30,\"tablet_top\":0,\"tablet_right\":0,\"tablet_bottom\":0,\"tablet_left\":0,\"mobile_top\":0,\"mobile_right\":0,\"mobile_bottom\":0,\"mobile_left\":0},\"popup_position\":\"5\",\"popup_fixed_postion\":\"relative\",\"popup_border_type\":\"solid\",\"popup_border_color\":\"#353535\",\"popup_border_width\":{\"metric_desktop\":\"px\",\"desktop\":\"1\"},\"popup_border_radius\":{\"metric_desktop\":\"px\",\"desktop\":\"10\"},\"popup_animation_type\":\"fade\",\"popup_animation_time\":{\"desktop\":\"800\"},\"overlay_bg_color\":{\"gradient\":\"to bottom\",\"color1\":\"rgba(10,1,1,0.7)\",\"color2\":\"rgba(0,0,0,0.5)\"},\"close_button_text\":{\"desktop\":\"X\"},\"close_section_type\":\"section\",\"close_aditional\":\"esc_click\",\"close_button_text_font_family\":\"Arial,Helvetica Neue,Helvetica,sans-serif\",\"close_button_text_color\":\"#ffffff\",\"close_button_text_font_size\":{\"metric_desktop\":\"px\",\"desktop\":\"20\"},\"close_button_text_letter_spacing\":{\"metric_desktop\":\"px\",\"desktop\":\"normal\"},\"close_button_text_line_height\":{\"metric_desktop\":\"em\",\"desktop\":\"normal\"},\"close_button_text_font_weight\":\"initial\",\"close_button_text_font_style\":\"initial\",\"close_button_section_bg_color\":\"#707070\",\"close_section_border_bottom_type\":\"solid\",\"close_section_border_bottom_color\":\"#cccccc\",\"close_section_border_bottom_width\":{\"metric_desktop\":\"px\",\"desktop\":\"1\"}}\r\n<\/script><\/li><li class=\"no_children next_no_children\" data-children=0><div class=\"wpda_tree_item_container\" id=\"wpda_item_container_12\" ><span class=\"wpda_tree_line\"><\/span><div class=\"wpda_tree_open_popup_el\"><div class=\"wpda_tree_item_img_cont \"><img decoding=\"async\" class=\"wpda_tree_item_img\" src=\"https:\/\/intl-crimes-doc.org\/wp-content\/uploads\/2024\/11\/bf.svg\"><\/div><div tabindex=\"0\" class=\"wpda_tree_item_title \">Minist\u00e8re du Commerce<\/div><div tabindex=\"0\" class=\"wpda_tree_item_desc\" >Aung Naing Oo, \u1021\u1031\u102c\u1004\u103a\u1014\u102d\u102f\u1004\u103a\u1026\u1038,\ndepuis 08\/2022<\/div><div date-popup-theme = \"11\" class=\"wpda_tree_popup_content wpda_tree_element_hidden\"><div class=\"wpda_popup_innerhtml\"><p><strong>NOM\u00a0<\/strong>: Aung Naing Oo, \u1021\u1031\u102c\u1004\u103a\u1014\u102d\u102f\u1004\u103a\u1026\u1038<\/p>\n<p><strong>SEXE\u00a0<\/strong>: Homme<\/p>\n<p><strong>DATE ET LIEU DE NAISSANCE\u00a0<\/strong>: ??\/10\/1962, Kyaukse, Mandalay, Myanmar<\/p>\n<p><strong>STATUT\u00a0<\/strong>: Vivant (en 2025)<\/p>\n<p><strong>ELEMENTS BIOGRAPHIQUES\u00a0<\/strong>:<\/p>\n<p>Aung Naing Oo, en tant que ministre charg\u00e9 de l&rsquo;investissement et des relations \u00e9conomiques ext\u00e9rieures, facilite les investissements \u00e9trangers en le soutient financier de la junte militaire. Il soutient publiquement le coup d&rsquo;\u00c9tat. En f\u00e9vrier 2021, exercerait des pressions contre des soci\u00e9t\u00e9s de t\u00e9l\u00e9communications et contribuerait \u00e0 r\u00e9primer des fonctionnaires ayant particip\u00e9 aux manifestations contre le r\u00e9gime. En ao\u00fbt 2022, il est d\u00e9sign\u00e9 ministre du Commerce.<\/p>\n<p><strong>HISTORIQUE DES FONCTIONS\u00a0<\/strong>:<\/p>\n<p>FONCTION 2 : Ministre du Commerce &#8211; Depuis 08\/2022<\/p>\n<p>FONCTION 1 : Ministre de l&rsquo;Investissement et des Relations \u00c9conomiques &#8211; De 02\/2021 \u00e0 08\/2022<\/p>\n<p><strong>SOURCES\u00a0<\/strong>:<\/p>\n<p>https:\/\/www.opensanctions.org\/entities\/Q105203929\/<\/p>\n<\/div><\/div><\/div><\/div><\/li><li class=\"no_children next_no_children\" data-children=0><div class=\"wpda_tree_item_container\" id=\"wpda_item_container_13\" ><span class=\"wpda_tree_line\"><\/span><div class=\"wpda_tree_open_popup_el\"><div class=\"wpda_tree_item_img_cont \"><img decoding=\"async\" class=\"wpda_tree_item_img\" src=\"https:\/\/intl-crimes-doc.org\/wp-content\/uploads\/2024\/11\/bf.svg\"><\/div><div tabindex=\"0\" class=\"wpda_tree_item_title \">Minist\u00e8re des Transports <br \/> et des Communications<\/div><div tabindex=\"0\" class=\"wpda_tree_item_desc\" >Mya Tun Oo, \u1019\u103b\u102c\u1011\u103d\u1014\u103a\u1038\u1026\u1038,\ndepuis 08\/2023<\/div><div date-popup-theme = \"11\" class=\"wpda_tree_popup_content wpda_tree_element_hidden\"><div class=\"wpda_popup_innerhtml\"><p><strong>NOM\u00a0<\/strong>: Mya Tun Oo, \u1019\u103b\u102c\u1011\u103d\u1014\u103a\u1038\u1026\u1038<\/p>\n<p><strong>SEXE\u00a0<\/strong>: Homme<\/p>\n<p><strong>DATE ET LIEU DE NAISSANCE\u00a0<\/strong>: ??\/05\/1961, Yangon, Myanmar<\/p>\n<p><strong>STATUT\u00a0<\/strong>: Vivant (en 2025)<\/p>\n<p><strong>ELEMENTS BIOGRAPHIQUES\u00a0<\/strong>:<\/p>\n<p>Mya Tun Oo devient Chef d&rsquo;\u00e9tat-major des arm\u00e9es en 2016. Il a sous sa responsabilit\u00e9 les troupes qui op\u00e8rent dans les r\u00e9gions de Rakhine, Shan et Kachin, et qui commettent des violences syst\u00e9matiques contre des minorit\u00e9s ethniques. Apr\u00e8s le coup d&rsquo;\u00c9tat de 2021, il est nomm\u00e9 ministre de la D\u00e9fense et rejoint le Conseil d&rsquo;administration d&rsquo;Etat, ce qui lui donne une responsabilit\u00e9 dans la r\u00e9pression violente contre les opposants pro-d\u00e9mocratie \u00e0 cette p\u00e9riode. Ses actions entra\u00eenent des sanctions internationales. En f\u00e9vrier 2023, il est nomm\u00e9 vice-Premier ministre, puis ministre des Transports et des Communications en aout 2023.<\/p>\n<p><strong>HISTORIQUE DES FONCTIONS\u00a0<\/strong>:<\/p>\n<p>FONCTION 6 : Ministre des Transports et des Communications &#8211; Depuis 08\/2023<br \/>\nA entretenu des liens avec la Chine, notamment \u00e0 l&rsquo;occasion d&rsquo;un d\u00e9placement \u00e0 Beijing en septembre 2023<\/p>\n<p>FONCTION 5 : Vice Premier Ministre &#8211; De 02\/2023 \u00e0 08\/2023<\/p>\n<p>FONCTION 4 : Ministre de la D\u00e9fense &#8211; De 02\/2021 \u00e0 08\/2023<\/p>\n<p>FONCTION 3 : Membre du Conseil d&rsquo;Administration de l&rsquo;\u00c9tat &#8211; A partir de 2021<\/p>\n<p>FONCTION 2 : Chef d&rsquo;\u00e9tat-major g\u00e9n\u00e9ral (terre-air-mer) &#8211; De 2016 \u00e0 2021<\/p>\n<p>FONCTION 1 : Commandant de la 101e division d&rsquo;infanterie<\/p>\n<p><strong>SOURCES\u00a0<\/strong>:<\/p>\n<p>https:\/\/www.opensanctions.org\/entities\/Q19718465\/<\/p>\n<p>https:\/\/myanmar.securityforcemonitor.org\/explore\/c771c291<\/p>\n<p>https:\/\/thediplomat.com\/2022\/06\/myanmar-junta-moves-aung-san-suu-kyi-trial-to-new-prison-facility\/<\/p>\n<p>https:\/\/www.irrawaddy.com\/news\/burma\/beijing-bound-myanmar-transport-minister-joins-race-to-china.htmlhttps:\/\/myanmar-now.org\/mm\/news\/6697\/<\/p>\n<\/div><\/div><\/div><\/div><\/li><li class=\"no_children next_no_children\" data-children=0><div class=\"wpda_tree_item_container\" id=\"wpda_item_container_14\" ><span class=\"wpda_tree_line\"><\/span><div class=\"wpda_tree_open_popup_el\"><div class=\"wpda_tree_item_img_cont \"><img decoding=\"async\" class=\"wpda_tree_item_img\" src=\"https:\/\/intl-crimes-doc.org\/wp-content\/uploads\/2024\/11\/bf.svg\"><\/div><div tabindex=\"0\" class=\"wpda_tree_item_title \">Conseil de l'Administration d'Etat <br \/> Secr\u00e9tariat<\/div><div tabindex=\"0\" class=\"wpda_tree_item_desc\" >Aung Lin Dwe, \u1021\u1031\u102c\u1004\u103a\u101c\u1004\u103a\u1038\u1012\u103d\u1032,\nSecr\u00e9taire du CAE\ndepuis 02\/2021<\/div><div date-popup-theme = \"11\" class=\"wpda_tree_popup_content wpda_tree_element_hidden\"><div class=\"wpda_popup_innerhtml\"><p><strong>NOM\u00a0<\/strong>: Aung Lin Dwe, \u1021\u1031\u102c\u1004\u103a\u101c\u1004\u103a\u1038\u1012\u103d\u1032<\/p>\n<p><strong>SEXE\u00a0<\/strong>: Homme<\/p>\n<p><strong>DATE ET LIEU DE NAISSANCE\u00a0<\/strong>: 31\/05\/1962, Myanmar<\/p>\n<p><strong>STATUT\u00a0<\/strong>: Vivant (en 2025)<\/p>\n<p><strong>ELEMENTS BIOGRAPHIQUES\u00a0<\/strong>:<\/p>\n<p>Aung Lin Dwe occupe le poste de secr\u00e9taire du Conseil d&rsquo;administration de l&rsquo;\u00c9tat depuis 2021. Il joue un r\u00f4le essentiel dans la mise en \u0153uvre des d\u00e9cisions du r\u00e9gime militaire, y compris la r\u00e9pression violente de l&rsquo;opposition. Ses actions entra\u00eenent des sanctions internationales \u00e0 son encontre.<\/p>\n<p><strong>HISTORIQUE DES FONCTIONS\u00a0<\/strong>:<\/p>\n<p>FONCTION 1 : Secr\u00e9taire du Conseil d&rsquo;administration de l&rsquo;\u00c9tat &#8211; Depuis 02\/2021<\/p>\n<p><strong>SOURCES\u00a0<\/strong>:<\/p>\n<p>https:\/\/www.opensanctions.org\/entities\/Q105444004\/<\/p>\n<blockquote class=\"wp-embedded-content\" data-secret=\"S5WgjxyPFH\"><p><a href=\"https:\/\/myanmar-now.org\/mm\/news\/6697\/\">\u1005\u1005\u103a\u1000\u1031\u102c\u1004\u103a\u1005\u102e\u1010\u103d\u1004\u103a \u1010\u102c\u101d\u1014\u103a\u1021\u101b\u103e\u102d\u1006\u102f\u1036\u1038 \u1005\u1005\u103a\u1017\u102d\u102f\u101c\u103a\u1001\u103b\u102f\u1015\u103a\u1000\u103c\u102e\u1038\u1019\u103b\u102c\u1038\u00a0<\/a><\/p><\/blockquote>\n<p><iframe class=\"wp-embedded-content\" sandbox=\"allow-scripts\" security=\"restricted\" style=\"position: absolute; visibility: hidden;\" title=\"&#8220;\u1005\u1005\u103a\u1000\u1031\u102c\u1004\u103a\u1005\u102e\u1010\u103d\u1004\u103a \u1010\u102c\u101d\u1014\u103a\u1021\u101b\u103e\u102d\u1006\u102f\u1036\u1038 \u1005\u1005\u103a\u1017\u102d\u102f\u101c\u103a\u1001\u103b\u102f\u1015\u103a\u1000\u103c\u102e\u1038\u1019\u103b\u102c\u1038\u00a0&#8221; &#8212; Myanmar Now\" src=\"https:\/\/myanmar-now.org\/mm\/news\/6697\/embed\/#?secret=HQyH9RIsng#?secret=S5WgjxyPFH\" data-secret=\"S5WgjxyPFH\" width=\"600\" height=\"338\" frameborder=\"0\" marginwidth=\"0\" marginheight=\"0\" scrolling=\"no\"><\/iframe><\/p>\n<\/div><\/div><\/div><\/div><\/li><\/ul>\r\n<script>\r\nwpda_org_chart_popup_theme = new Array();\r\nwpda_org_chart_popup_theme[11] = {\"name\":\"Default\",\"popup_width\":{\"metric_desktop\":\"px\",\"metric_tablet\":\"px\",\"metric_mobile\":\"px\",\"desktop\":\"900\",\"tablet\":\"1024\",\"mobile\":\"320\"},\"popup_height\":{\"metric_desktop\":\"px\",\"metric_tablet\":\"px\",\"metric_mobile\":\"px\",\"desktop\":\"450\",\"tablet\":\"576\",\"mobile\":\"480\"},\"popup_bg_color\":{\"gradient\":\"none\",\"color1\":\"#e5e5e5\",\"color2\":\"rgba(255,255,255,1)\"},\"padding\":{\"metric_desktop\":\"px\",\"metric_tablet\":\"px\",\"metric_mobile\":\"px\",\"desktop_top\":40,\"desktop_right\":30,\"desktop_bottom\":40,\"desktop_left\":30,\"tablet_top\":0,\"tablet_right\":0,\"tablet_bottom\":0,\"tablet_left\":0,\"mobile_top\":0,\"mobile_right\":0,\"mobile_bottom\":0,\"mobile_left\":0},\"popup_position\":\"5\",\"popup_fixed_postion\":\"relative\",\"popup_border_type\":\"solid\",\"popup_border_color\":\"#353535\",\"popup_border_width\":{\"metric_desktop\":\"px\",\"desktop\":\"1\"},\"popup_border_radius\":{\"metric_desktop\":\"px\",\"desktop\":\"10\"},\"popup_animation_type\":\"fade\",\"popup_animation_time\":{\"desktop\":\"800\"},\"overlay_bg_color\":{\"gradient\":\"to bottom\",\"color1\":\"rgba(10,1,1,0.7)\",\"color2\":\"rgba(0,0,0,0.5)\"},\"close_button_text\":{\"desktop\":\"X\"},\"close_section_type\":\"section\",\"close_aditional\":\"esc_click\",\"close_button_text_font_family\":\"Arial,Helvetica Neue,Helvetica,sans-serif\",\"close_button_text_color\":\"#ffffff\",\"close_button_text_font_size\":{\"metric_desktop\":\"px\",\"desktop\":\"20\"},\"close_button_text_letter_spacing\":{\"metric_desktop\":\"px\",\"desktop\":\"normal\"},\"close_button_text_line_height\":{\"metric_desktop\":\"em\",\"desktop\":\"normal\"},\"close_button_text_font_weight\":\"initial\",\"close_button_text_font_style\":\"initial\",\"close_button_section_bg_color\":\"#707070\",\"close_section_border_bottom_type\":\"solid\",\"close_section_border_bottom_color\":\"#cccccc\",\"close_section_border_bottom_width\":{\"metric_desktop\":\"px\",\"desktop\":\"1\"}}\r\n<\/script><\/li><\/ul><\/li><\/ul><\/li><\/ul><\/div><\/div><\/div><script>document.addEventListener(\"DOMContentLoaded\", function(event) { var wpda_org_chart_1= new wpdevart_org_chart_front(\"wpdevart_org_chart_container_1\",{mobile_frendly:\"mob_view_only_on_mob\",mobile_size:450,def_scroll:50, zoomable:\"enable_shift\", draggable:\"enable\", max_zoomable:\"1\", min_zoomable:\"10\", zoom_speed:\"10\"})});<\/script><style>#wpdevart_org_chart_container_parent_1{overflow-x:auto;}#wpdevart_org_chart_container_1{\r\n\t\t\tbackground-image: linear-gradient(to right, #ededed, #ededed);\r\n\t\t\tpadding-top:20px;\r\n\t\t\tpadding-right:;\r\n\t\t\tpadding-bottom:20px;\r\n\t\t\tpadding-left:20px;\r\n\t\t\tborder-style: solid;\r\n\t\t\tborder-color: #0a0a0a;\r\n\t\t\tborder-width: 2px;\r\n\t\t\tborder-radius: 30px;  \r\n\t\t}#wpdevart_org_chart_container_1 li{margin-top: 2px;}#wpdevart_org_chart_container_1 ul ul::before{left: calc(50% - 1px);\r\n\t\t\tborder-left: 2px solid #dd6666;\r\n\t\t\theight: 22px;\r\n\t\t\ttop: 0px;\r\n\t\t}#wpdevart_org_chart_container_1 li::before, #wpdevart_org_chart_container_1 li::after{\r\n\t\t\ttop: -2px;\r\n\t\t\tright: calc(50% - 1px);\r\n\t\t\twidth: calc(50% + 2px);\r\n\t\t\tborder-top: 2px solid #dd6666;\r\n\t\t\theight: 22px;\r\n\t\t}#wpdevart_org_chart_container_1 li:after{\r\n\t\t\tleft: calc(50% - 1px);\r\n\t\t\tborder-left: 2px solid #dd6666;\r\n\t\t}#wpdevart_org_chart_container_1 li:last-child::before{\r\n\t\t\tborder-right: 2px solid #dd6666;\r\n\t\t}#wpdevart_org_chart_container_1 li:first-child::before,\r\n\t\t#wpdevart_org_chart_container_1 li:last-child::after {\r\n\t\t  border: 0 none;\r\n\t\t}@media screen and (max-width: 1000px) {#wpdevart_org_chart_container_1{\r\n\t\t\tpadding-top:0px;\r\n\t\t\tpadding-right:0px;\r\n\t\t\tpadding-bottom:0px;\r\n\t\t\tpadding-left:0px;\t\t\r\n\t\t}}@media screen and (max-width: 450px) {#wpdevart_org_chart_container_1{\r\n\t\t\tpadding-top:0px;\r\n\t\t\tpadding-right:0px;\r\n\t\t\tpadding-bottom:0px;\r\n\t\t\tpadding-left:0px;\t\t\r\n\t\t}}#wpdevart_org_chart_container_1 .chart_wpda_mobile_before.has_children > ul:before{\r\n\t\t\ttop:-80px;\r\n\t\t\tleft:0px;\r\n\t\t\theight:80px;\r\n\t\t}#wpdevart_org_chart_container_1 .chart_wpda_mobile_before.has_children li .wpda_tree_item_container:after{\r\n\t\t\tborder-top: 2px solid #dd6666;\r\n\t\t}#wpdevart_org_chart_container_1 .chart_wpda_mobile_before.has_children li .wpda_tree_item_container:after{\r\n\t\t\tborder-top: 2px solid #dd6666;\r\n\t\t}#wpdevart_org_chart_container_1 .chart_wpda_mobile_before > ul li{\r\n\t\t\tborder-left:2px solid #dd6666;\r\n\t\t}#wpdevart_org_chart_container_1 .chart_wpda_mobile_before.has_children > .wpda_tree_item_container:before,#wpdevart_org_chart_container_1 .chart_wpda_mobile_before li.has_children > .wpda_tree_item_container:before{\r\n\t\t\tcontent: \"\";\r\n\t\t\tborder-left:2px solid #dd6666;\r\n\t\t}#wpdevart_org_chart_container_1 .chart_wpda_mobile_before li{\r\n\t\t\tmargin-top:0px;\r\n\t\t}#wpdevart_org_chart_container_1 .chart_wpda_mobile_before > ul li:last-child{\r\n\t\t\tborder-left: 0;\r\n\t\t}#wpdevart_org_chart_container_1 .chart_wpda_mobile_before > ul li:last-child > div > span.wpda_tree_line{\r\n\t\t\tborder-left: 2px solid #dd6666;\r\n\t\t}#wpdevart_org_chart_container_1 .chart_wpda_mobile_before.has_children li .wpda_tree_item_container:after {\r\n\t\t\ttop: calc(50% - 1px);\r\n\t\t}#wpdevart_org_chart_container_1 .chart_wpda_mobile_before li.has_children li .wpda_tree_item_container:after {\r\n\t\t\ttop: calc(50% - 1px);\r\n\t\t}.first_child_hidden#wpdevart_org_chart_container_1 .chart_wpda_mobile_before > ul > li > ul > li:first-child::before{\r\n\t\t\tborder-left: 2px solid #dd6666;\r\n\t\t\ttop: 80px;\r\n\t\t\theight: calc(100% - 80px);\r\n\t\t\tleft:0px;\r\n\t\t\twidth:0px;\r\n\t\t}.first_child_hidden#wpdevart_org_chart_container_1 .chart_wpda_mobile_before > ul > li > div.wpda_tree_item_container:before{\r\n\t\t\tborder:none;\r\n\t\t}#wpdevart_org_chart_container_1 .chart_wpda_mobile_before > ul li:last-child > .wpda_tree_item_container{\r\n\t\t\tpadding-left: 22px;\r\n\t\t}#wpdevart_org_chart_container_1 .chart_wpda_mobile_before > ul li:last-child > .wpda_tree_item_container:after{\r\n\t\t\twidth: 22px;\r\n\t\t}#wpdevart_org_chart_container_1 .chart_wpda_mobile_before > ul li:last-child > .wpda_tree_item_container:before{\r\n\t\t\tleft: 22px;\r\n\t\t}#wpdevart_org_chart_container_1 .chart_wpda_mobile_before > ul li:last-child > ul{\r\n\t\t\tmargin-left: 2px;\r\n\t\t}#wpdevart_org_chart_container_1 .wpdevart_highlight{\r\n\t\t\tbackground-color: #ffffff;\r\n\t\t}.wpda_mobile#wpdevart_org_chart_container_1 li.has_children > ul:before{\r\n\t\t\ttop:-80px;\r\n\t\t\tleft:0px;\r\n\t\t\theight:80px;\r\n\t\t}.wpda_mobile#wpdevart_org_chart_container_1 li.has_children li .wpda_tree_item_container:after{\r\n\t\t\tborder-top: 2px solid #dd6666;\r\n\t\t}#wpdevart_org_chart_container_1 .chart_wpda_mobile_before li.has_children li .wpda_tree_item_container:after{\r\n\t\t\tborder-top: 2px solid #dd6666;\r\n\t\t}.wpda_mobile#wpdevart_org_chart_container_1 > ul > li > ul li{\r\n\t\t\tborder-left:2px solid #dd6666;\r\n\t\t}.wpda_mobile#wpdevart_org_chart_container_1 li.has_children > .wpda_tree_item_container:before{\r\n\t\t\tcontent: \"\";\r\n\t\t\tborder-left:2px solid #dd6666;\r\n\t\t}.wpda_mobile#wpdevart_org_chart_container_1 li{\r\n\t\t\tmargin-top:0px;\r\n\t\t}.wpda_mobile#wpdevart_org_chart_container_1 > ul > li > ul li:last-child{\r\n\t\t\tborder-left: 0;\r\n\t\t}.wpda_mobile#wpdevart_org_chart_container_1 > ul > li > ul li:last-child > div > span.wpda_tree_line{\r\n\t\t\tborder-left: 2px solid #dd6666;\r\n\t\t}.wpda_mobile#wpdevart_org_chart_container_1 li.has_children li .wpda_tree_item_container:after {\r\n\t\t\ttop: calc(50% - 1px);\r\n\t\t}#wpdevart_org_chart_container_1 .chart_wpda_mobile_before li.has_children li .wpda_tree_item_container:after {\r\n\t\t\ttop: calc(50% - 1px);\r\n\t\t}.wpda_mobile.first_child_hidden#wpdevart_org_chart_container_1 > ul > li > ul > li:first-child::before{\r\n\t\t\tborder-left: 2px solid #dd6666;\r\n\t\t\ttop: 80px;\r\n\t\t\theight: calc(100% - 80px);\r\n\t\t\tleft:0px;\r\n\t\t\twidth:0px;\r\n\t\t}.wpda_mobile.first_child_hidden#wpdevart_org_chart_container_1  > ul > li > div.wpda_tree_item_container:before{\r\n\t\t\tborder:none;\r\n\t\t}.wpda_mobile#wpdevart_org_chart_container_1  > ul > li > ul li:last-child > .wpda_tree_item_container{\r\n\t\t\tpadding-left: 22px;\r\n\t\t}.wpda_mobile#wpdevart_org_chart_container_1  > ul > li > ul li:last-child > .wpda_tree_item_container:after{\r\n\t\t\twidth: 22px;\r\n\t\t}.wpda_mobile#wpdevart_org_chart_container_1  > ul > li > ul li:last-child > .wpda_tree_item_container:before{\r\n\t\t\tleft: 22px;\r\n\t\t}.wpda_mobile#wpdevart_org_chart_container_1 > ul > li > ul li:last-child >ul{\r\n\t\t\tmargin-left: 2px;\r\n\t\t}#wpdevart_org_chart_container_1 li .wpda_tree_item_container > div{\r\n\t\t\tbackground-image: linear-gradient(to right, #ffffff, #ffffff);\r\n\t\t}#wpdevart_org_chart_container_1 .wpda_tree_item_container .wpda_tree_item_img_cont{\r\n\t\t\twidth:50px;\r\n\t\t\theight:50px;\t\t\r\n\t\t}#wpdevart_org_chart_container_1 .wpda_tree_item_container .wpda_tree_item_img{\r\n\t\t\tborder-radius:0px;\t\t\t\t\t\t\r\n\t\t}#wpdevart_org_chart_container_1 .wpda_tree_item_container .wpda_tree_item_img_cont{\r\n\t\t\tmargin-top:5px;\r\n\t\t\tmargin-right:5px;\r\n\t\t\tmargin-bottom:5px;\r\n\t\t\tmargin-left:5px;\r\n\t\t}#wpdevart_org_chart_container_1 .wpda_tree_item_container .wpda_tree_item_title{\r\n\t\t\tfont-family:Calibri,Helvetica Neue,Helvetica,Arial,Verdana,sans-serif;\r\n\t\t\tcolor:;\r\n\t\t\tfont-size:12px;\r\n\t\t\tline-height:;\r\n\t\t\tletter-spacing:;\r\n\t\t\tfont-weight:bold;\r\n\t\t\tfont-style:initial;\r\n\t\t\tmargin-top:5px;\r\n\t\t\tmargin-right:5px;\r\n\t\t\tmargin-bottom:5px;\r\n\t\t\tmargin-left:5px;\r\n\t\t}#wpdevart_org_chart_container_1 .wpda_tree_item_container .wpda_tree_item_desc{\r\n\t\t\tfont-family:Calibri,Helvetica Neue,Helvetica,Arial,Verdana,sans-serif;\r\n\t\t\tcolor:;\r\n\t\t\tfont-size:10px;\r\n\t\t\tline-height:;\r\n\t\t\tletter-spacing:;\r\n\t\t\tfont-weight:initial;\r\n\t\t\tfont-style:initial;\r\n\t\t\tmargin-top:5px;\r\n\t\t\tmargin-right:5px;\r\n\t\t\tmargin-bottom:5px;\r\n\t\t\tmargin-left:5px;\r\n\t\t}#wpdevart_org_chart_container_1 .wpda_tree_item_container > div{\r\n\t\t\tborder-style: solid;\r\n\t\t\tborder-color: #0a0a0a;\r\n\t\t\tborder-width: ;\r\n\t\t\tborder-radius: 10px;  \r\n\t\t}#wpdevart_org_chart_container_1 .wpda_tree_item_container > div{\r\n\t\t\tmin-width: 80px;\r\n\t\t\tmin-height: 80px;\r\n\t\t\tmax-width:200px;\r\n\t\t\t\r\n\t\t}@media screen and (max-width: 1000px) {#wpdevart_org_chart_container_1 .wpda_tree_item_container > div{\r\n\t\t\t \r\n\t\t\t \r\n\t\t\t \r\n\t\t\t\r\n\t\t}#wpdevart_org_chart_container_1 .wpda_tree_item_container .wpda_tree_item_img_cont{\r\n\t\t\tmargin-top:5px;\r\n\t\t\tmargin-right:5px;\r\n\t\t\tmargin-bottom:5px;\r\n\t\t\tmargin-left:5px;\r\n\t\t}#wpdevart_org_chart_container_1 .wpda_tree_item_container .wpda_tree_item_title{\r\n\t\t\t\r\n\t\t\tmargin-top:0px;\r\n\t\t\tmargin-right:0px;\r\n\t\t\tmargin-bottom:0px;\r\n\t\t\tmargin-left:0px;\r\n\t\t}#wpdevart_org_chart_container_1 .wpda_tree_item_container .wpda_tree_item_desc{\r\n\t\t\t\r\n\t\t\tmargin-top:0px;\r\n\t\t\tmargin-right:0px;\r\n\t\t\tmargin-bottom:0px;\r\n\t\t\tmargin-left:0px;\r\n\t\t}}@media screen and (max-width: 450px) {#wpdevart_org_chart_container_1 .wpda_tree_item_container > div{\r\n\t\t\t \r\n\t\t\t \r\n\t\t\t \r\n\t\t}#wpdevart_org_chart_container_1 .wpda_tree_item_container .wpda_tree_item_img_cont{\r\n\t\t\tmargin-top:5px;\r\n\t\t\tmargin-right:5px;\r\n\t\t\tmargin-bottom:5px;\r\n\t\t\tmargin-left:5px;\r\n\t\t}#wpdevart_org_chart_container_1 .wpda_tree_item_container .wpda_tree_item_title{\r\n\t\t\t\r\n\t\t\tmargin-top:0px;\r\n\t\t\tmargin-right:0px;\r\n\t\t\tmargin-bottom:0px;\r\n\t\t\tmargin-left:0px;\t\t\t\r\n\t\t}#wpdevart_org_chart_container_1 .wpda_tree_item_container .wpda_tree_item_desc{\r\n\t\t\t\r\n\t\t\tmargin-top:0px;\r\n\t\t\tmargin-right:0px;\r\n\t\t\tmargin-bottom:0px;\r\n\t\t\tmargin-left:0px;\r\n\t\t}}<\/style><\/div>\n\t\t\t\t\t\t<\/div>\n\t\t\t\t<\/div>\n\t\t\t\t<\/div>\n\t\t\t\t\t<\/div>\n\t\t<\/div>\n\t\t\t\t\t\t<\/div>\n\t\t\t\t<\/div>\n\t\t\t\t<\/div>\n\t\t<div id=\"e-n-tab-content-1729627962\" role=\"tabpanel\" aria-labelledby=\"e-n-tab-title-1729627962\" data-tab-index=\"2\" style=\"--n-tabs-title-order: 2;\" class=\" elementor-element elementor-element-7734983 e-con-full e-flex e-con e-child\" data-id=\"7734983\" data-element_type=\"container\" data-e-type=\"container\">\n\t\t\t\t<div class=\"elementor-element elementor-element-f962cc2 elementor-widget elementor-widget-shortcode\" data-id=\"f962cc2\" data-element_type=\"widget\" data-e-type=\"widget\" data-widget_type=\"shortcode.default\">\n\t\t\t\t<div class=\"elementor-widget-container\">\n\t\t\t\t\t\t\t<div class=\"elementor-shortcode\"><div class=\"wpdevart_org_chart\"><div class = \"zoomable_buttons_container wpda_button_theme_light\"><button class=\"wpda_zoom_out\">-<\/button><button class=\"wpda_zoom_in\">+<\/button><button class=\"wpda_zoom_reset\">R\u00e9initialiser<\/button><button class=\"wpda_fullScreen\">Plein Ecran<\/button><button class=\"wpda_outfullscreen\" style = \"display:none\">Fermer<\/button><\/div><div class=\"wpdevart_org_chart_container_parent\" id=\"wpdevart_org_chart_container_parent_2\"><div class=\"wpdevart_org_chart_container \" id=\"wpdevart_org_chart_container_2\"><ul ><li class=\"has_children next_no_children\" data-children=1><div class=\"wpda_tree_item_container\" id=\"wpda_item_container_15\" ><span class=\"wpda_tree_line\"><\/span><div class=\"wpda_tree_open_popup_el\"><div class=\"wpda_tree_item_img_cont \"><img decoding=\"async\" class=\"wpda_tree_item_img\" src=\"https:\/\/intl-crimes-doc.org\/wp-content\/uploads\/2025\/01\/bf.svg\"><\/div><div tabindex=\"0\" class=\"wpda_tree_item_title \">Chef de l\u2019Etat <br \/> du Myanmar<\/div><div tabindex=\"0\" class=\"wpda_tree_item_desc\" >Min Aung Hlaing , \u1019\u1004\u103a\u1038\u1021\u1031\u102c\u1004\u103a\u101c\u103e\u102d\u102f\u1004\u103a\nChef de l\u2019Etat et\ncommandant des forces arm\u00e9es\ndepuis le 22\/07\/2024<\/div><div date-popup-theme = \"11\" class=\"wpda_tree_popup_content wpda_tree_element_hidden\"><div class=\"wpda_popup_innerhtml\"><p><strong>NOM:<\/strong> Min Aung Hlaing, \u1019\u1004\u103a\u1038\u1021\u1031\u102c\u1004\u103a\u101c\u103e\u102d\u102f\u1004\u103a<\/p>\n<p><strong>SEXE:<\/strong> Homme<\/p>\n<p><strong>DATE ET LIEU DE NAISSANCE:<\/strong> 03\/07\/1956, Dawei, Myanmar<\/p>\n<p><strong>STATUT:<\/strong> Vivant (en 2025)<\/p>\n<p><strong>ELEMENTS BIOGRAPHIQUES:\u00a0<\/strong><\/p>\n<p>Min Aung Hlaing est le chef de la junte qui dirige le Myanmar, depuis le coup d&rsquo;Etat de f\u00e9vrier 2021, en tant que Premier Ministre. Il est l&rsquo;un des principaux acteurs qui a mis en \u0153uvre la junte, en la justifiant par des accusations de fraude \u00e9lectorale infond\u00e9es lors des \u00e9lections de 2020. Il occupe \u00e9galement le poste de Pr\u00e9sident du Conseil de l&rsquo;Administration d\u2019\u00c9tat.<br \/>\nSa politique m\u00e8ne \u00e0 des violations g\u00e9n\u00e9ralis\u00e9es des droits humains et du droit international humanitaire, dans tout le pays.<\/p>\n<p>&#8212;<\/p>\n<p>Min Aung Hlaing est form\u00e9 \u00e0 la 19e acad\u00e9mie militaire.<br \/>\nDans les ann\u00e9es qui pr\u00e9c\u00e9dent le coup d&rsquo;Etat, il occupe la fonction de commandant g\u00e9n\u00e9ral des forces arm\u00e9es (terre, air, mer). Les forces sous son commandement commettent des pers\u00e9cutions syst\u00e9matiques contre l&rsquo;ethnie des Rohingyas, impliquant des meurtres, des viols, des destructions de villages et des d\u00e9placements forc\u00e9s de population civile.<br \/>\nSes actions entra\u00eenent des sanctions internationales \u00e0 son encontre.<\/p>\n<p><strong>HISTORIQUE DES FONCTIONS:<\/strong><\/p>\n<p>FONCTION 8 : Chef de la junte et Premier ministre &#8211; Depuis 22\/07\/2024<\/p>\n<p>FONCTION 7 : Pr\u00e9sident du Conseil d\u2019administration de l&rsquo;\u00c9tat &#8211; Depuis 02\/02\/2021<\/p>\n<p>FONCTION 6 : Commandant g\u00e9n\u00e9ral des forces arm\u00e9es du Myanmar &#8211; De 08\/2010 \u00e0 02\/2021<\/p>\n<p>FONCTION 5 : Affectation au Bureau des Op\u00e9rations sp\u00e9ciales num\u00e9ro 2 &#8211; 2007<\/p>\n<p>FONCTION 4 : Affectation en tant que chef du Commandement r\u00e9gional du Triangle &#8211; 2006<\/p>\n<p>FONCTION 3 : Affectation \u00e0 Rakhine &#8211; De 11\/2004 \u00e0 04\/2003,<\/p>\n<p>FONCTION 2 : Directeur de l&rsquo;acad\u00e9mie militaire<\/p>\n<p>FONCTION 1 : Affectations au 313e bataillon d&rsquo;infanterie \u00e0 Hmawbi, au 86e bataillon, puis au 111 corps des marines \u00e0 Wantho R\u00e9gion de Sagaing &#8211; Ann\u00e9es 1990 et d\u00e9but 2000<\/p>\n<p><strong>SOURCES:<\/strong><\/p>\n<p>https:\/\/www.opensanctions.org\/entities\/Q3462649\/<\/p>\n<blockquote class=\"wp-embedded-content\" data-secret=\"S5WgjxyPFH\"><p><a href=\"https:\/\/myanmar-now.org\/mm\/news\/6697\/\">\u1005\u1005\u103a\u1000\u1031\u102c\u1004\u103a\u1005\u102e\u1010\u103d\u1004\u103a \u1010\u102c\u101d\u1014\u103a\u1021\u101b\u103e\u102d\u1006\u102f\u1036\u1038 \u1005\u1005\u103a\u1017\u102d\u102f\u101c\u103a\u1001\u103b\u102f\u1015\u103a\u1000\u103c\u102e\u1038\u1019\u103b\u102c\u1038\u00a0<\/a><\/p><\/blockquote>\n<p><iframe class=\"wp-embedded-content\" sandbox=\"allow-scripts\" security=\"restricted\" style=\"position: absolute; visibility: hidden;\" title=\"&#8220;\u1005\u1005\u103a\u1000\u1031\u102c\u1004\u103a\u1005\u102e\u1010\u103d\u1004\u103a \u1010\u102c\u101d\u1014\u103a\u1021\u101b\u103e\u102d\u1006\u102f\u1036\u1038 \u1005\u1005\u103a\u1017\u102d\u102f\u101c\u103a\u1001\u103b\u102f\u1015\u103a\u1000\u103c\u102e\u1038\u1019\u103b\u102c\u1038\u00a0&#8221; &#8212; Myanmar Now\" src=\"https:\/\/myanmar-now.org\/mm\/news\/6697\/embed\/#?secret=HQyH9RIsng#?secret=S5WgjxyPFH\" data-secret=\"S5WgjxyPFH\" width=\"600\" height=\"338\" frameborder=\"0\" marginwidth=\"0\" marginheight=\"0\" scrolling=\"no\"><\/iframe><\/p>\n<blockquote class=\"wp-embedded-content\" data-secret=\"S5WgjxyPFH\"><p><a href=\"https:\/\/myanmar-now.org\/mm\/news\/6697\/\">\u1005\u1005\u103a\u1000\u1031\u102c\u1004\u103a\u1005\u102e\u1010\u103d\u1004\u103a \u1010\u102c\u101d\u1014\u103a\u1021\u101b\u103e\u102d\u1006\u102f\u1036\u1038 \u1005\u1005\u103a\u1017\u102d\u102f\u101c\u103a\u1001\u103b\u102f\u1015\u103a\u1000\u103c\u102e\u1038\u1019\u103b\u102c\u1038\u00a0<\/a><\/p><\/blockquote>\n<p><iframe class=\"wp-embedded-content\" sandbox=\"allow-scripts\" security=\"restricted\" style=\"position: absolute; visibility: hidden;\" title=\"&#8220;\u1005\u1005\u103a\u1000\u1031\u102c\u1004\u103a\u1005\u102e\u1010\u103d\u1004\u103a \u1010\u102c\u101d\u1014\u103a\u1021\u101b\u103e\u102d\u1006\u102f\u1036\u1038 \u1005\u1005\u103a\u1017\u102d\u102f\u101c\u103a\u1001\u103b\u102f\u1015\u103a\u1000\u103c\u102e\u1038\u1019\u103b\u102c\u1038\u00a0&#8221; &#8212; Myanmar Now\" src=\"https:\/\/myanmar-now.org\/mm\/news\/6697\/embed\/#?secret=HQyH9RIsng#?secret=S5WgjxyPFH\" data-secret=\"S5WgjxyPFH\" width=\"600\" height=\"338\" frameborder=\"0\" marginwidth=\"0\" marginheight=\"0\" scrolling=\"no\"><\/iframe><\/p>\n<\/div><\/div><\/div><\/div><ul ><li class=\"has_children next_no_children\" data-children=1><div class=\"wpda_tree_item_container\" id=\"wpda_item_container_16\" ><span class=\"wpda_tree_line\"><\/span><div class=\"wpda_tree_open_popup_el\"><div class=\"wpda_tree_item_img_cont \"><img decoding=\"async\" class=\"wpda_tree_item_img\" src=\"https:\/\/intl-crimes-doc.org\/wp-content\/uploads\/2024\/11\/bf.svg\"><\/div><div tabindex=\"0\" class=\"wpda_tree_item_title \">Commandant en second <br \/> des forces arm\u00e9es<\/div><div tabindex=\"0\" class=\"wpda_tree_item_desc\" >Soe Win , \u1005\u102d\u102f\u1038\u101d\u1004\u103a\u1038, \ndepuis 2021<\/div><div date-popup-theme = \"11\" class=\"wpda_tree_popup_content wpda_tree_element_hidden\"><div class=\"wpda_popup_innerhtml\"><p><strong>NOM : <\/strong>Soe Win, \u1005\u102d\u102f\u1038\u101d\u1004\u103a\u1038<\/p>\n<p><strong>SEXE :\u00a0<\/strong>Homme<\/p>\n<p><strong>DATE ET LIEU DE NAISSANCE : <\/strong>01\/03\/1960, Mandalay, Myanmar<\/p>\n<p><strong>STATUT : <\/strong>Vivant (en 2025)<\/p>\n<p><strong>ELEMENTS BIOGRAPHIQUES\u00a0:<\/strong><\/p>\n<p>Soe Win est un g\u00e9n\u00e9ral qui occupe le poste de commandant adjoint des forces arm\u00e9es. Il joue un r\u00f4le central lors du coup d&rsquo;\u00c9tat de 2021. En tant que vice-pr\u00e9sident du Conseil de l&rsquo;administration d&rsquo;\u00c9tat et membre du Conseil national de d\u00e9fense et de s\u00e9curit\u00e9, il prend des d\u00e9cisions qui ont permettent de maintenir le r\u00e9gime militaire, y compris par la r\u00e9pression violente de l&rsquo;opposition. Il est \u00e9galement responsable des exactions commises contre l&rsquo;ethnie Rohingya dans les \u00c9tats de Kachin, Shan et Rakhine, o\u00f9 l&rsquo;arm\u00e9e est accus\u00e9e de crimes internationaux. Il fait l&rsquo;objet de sanctions internationales.<\/p>\n<p>&#8212;<\/p>\n<p>Apr\u00e8s le coup d&rsquo;\u00c9tat, Soe Win contribue \u00e0 la mise en \u0153uvre de la r\u00e9pression violente des manifestations pro-d\u00e9mocratie dans tout le Myanmar. Les forces de s\u00e9curit\u00e9 sous sa responsabilit\u00e9 arr\u00eatent et torturent des opposants et des journalistes.<br \/>\nSoe Win supervise des attaques contre des groupes ethniques consid\u00e9r\u00e9s comme rebelles, en particulier dans les \u00c9tats de Karen, Chin et Kachin. Lors des op\u00e9rations dont il est responsable, des civils sont tu\u00e9s, bless\u00e9s et d\u00e9plac\u00e9s, du fait des forces arm\u00e9es gouvernementales.<\/p>\n<p><strong>HISTORIQUE DES FONCTIONS\u00a0:<\/strong><\/p>\n<p>FONCTION 8 : Vice-pr\u00e9sident du Conseil d&rsquo;administration d&rsquo;\u00c9tat &#8211; Depuis 2021<\/p>\n<p>FONCTION 7 : Membre du Conseil national de d\u00e9fense et de s\u00e9curit\u00e9 &#8211; Depuis 2021<\/p>\n<p>FONCTION 6 : Commandant adjoint des forces arm\u00e9es &#8211; Depuis 2011<br \/>\nResponsabilit\u00e9 dans les op\u00e9rations militaires au sein des r\u00e9gions affect\u00e9es par des violences intercommunautaires, notamment dans les \u00c9tats de Rakhine, Shan et Kachin. L&rsquo;arm\u00e9e a \u00e9t\u00e9 impliqu\u00e9e dans des attaques syst\u00e9matiques contre la communaut\u00e9 Rohingya : ex\u00e9cutions sommaires, des viols, des destructions de villages et des d\u00e9placements forc\u00e9s.<\/p>\n<p>FONCTION 5 : Affectation au commandement r\u00e9gional Nord, localis\u00e9 \u00e0 Myitkyina, \u00e0 Kachin &#8211; 2008<\/p>\n<p>FONCTION 4 : Affectation en tant que commandant \u00e0 la base de Kalaywa &#8211; 2005<\/p>\n<p>FONCTION 3 : Affectation au commandement r\u00e9gional Nord-Ouest &#8211; 2003<\/p>\n<p>FONCTION 2 : Affectation en tant que commandant du 379e bataillon d&rsquo;infanterie localis\u00e9 \u00e0 Minbya, \u00e0 Rakhine &#8211; ann\u00e9es 1990<\/p>\n<p>FONCTION 1 : Premi\u00e8re affectation dans l&rsquo;artillerie<\/p>\n<p><strong>SOURCES\u00a0:<\/strong><\/p>\n<p>https:\/\/www.opensanctions.org\/entities\/Q3462649\/<\/p>\n<blockquote class=\"wp-embedded-content\" data-secret=\"S5WgjxyPFH\"><p><a href=\"https:\/\/myanmar-now.org\/mm\/news\/6697\/\">\u1005\u1005\u103a\u1000\u1031\u102c\u1004\u103a\u1005\u102e\u1010\u103d\u1004\u103a \u1010\u102c\u101d\u1014\u103a\u1021\u101b\u103e\u102d\u1006\u102f\u1036\u1038 \u1005\u1005\u103a\u1017\u102d\u102f\u101c\u103a\u1001\u103b\u102f\u1015\u103a\u1000\u103c\u102e\u1038\u1019\u103b\u102c\u1038\u00a0<\/a><\/p><\/blockquote>\n<p><iframe class=\"wp-embedded-content\" sandbox=\"allow-scripts\" security=\"restricted\" style=\"position: absolute; visibility: hidden;\" title=\"&#8220;\u1005\u1005\u103a\u1000\u1031\u102c\u1004\u103a\u1005\u102e\u1010\u103d\u1004\u103a \u1010\u102c\u101d\u1014\u103a\u1021\u101b\u103e\u102d\u1006\u102f\u1036\u1038 \u1005\u1005\u103a\u1017\u102d\u102f\u101c\u103a\u1001\u103b\u102f\u1015\u103a\u1000\u103c\u102e\u1038\u1019\u103b\u102c\u1038\u00a0&#8221; &#8212; Myanmar Now\" src=\"https:\/\/myanmar-now.org\/mm\/news\/6697\/embed\/#?secret=HQyH9RIsng#?secret=S5WgjxyPFH\" data-secret=\"S5WgjxyPFH\" width=\"600\" height=\"338\" frameborder=\"0\" marginwidth=\"0\" marginheight=\"0\" scrolling=\"no\"><\/iframe><\/p>\n<blockquote class=\"wp-embedded-content\" data-secret=\"S5WgjxyPFH\"><p><a href=\"https:\/\/myanmar-now.org\/mm\/news\/6697\/\">\u1005\u1005\u103a\u1000\u1031\u102c\u1004\u103a\u1005\u102e\u1010\u103d\u1004\u103a \u1010\u102c\u101d\u1014\u103a\u1021\u101b\u103e\u102d\u1006\u102f\u1036\u1038 \u1005\u1005\u103a\u1017\u102d\u102f\u101c\u103a\u1001\u103b\u102f\u1015\u103a\u1000\u103c\u102e\u1038\u1019\u103b\u102c\u1038\u00a0<\/a><\/p><\/blockquote>\n<p><iframe class=\"wp-embedded-content\" sandbox=\"allow-scripts\" security=\"restricted\" style=\"position: absolute; visibility: hidden;\" title=\"&#8220;\u1005\u1005\u103a\u1000\u1031\u102c\u1004\u103a\u1005\u102e\u1010\u103d\u1004\u103a \u1010\u102c\u101d\u1014\u103a\u1021\u101b\u103e\u102d\u1006\u102f\u1036\u1038 \u1005\u1005\u103a\u1017\u102d\u102f\u101c\u103a\u1001\u103b\u102f\u1015\u103a\u1000\u103c\u102e\u1038\u1019\u103b\u102c\u1038\u00a0&#8221; &#8212; Myanmar Now\" src=\"https:\/\/myanmar-now.org\/mm\/news\/6697\/embed\/#?secret=HQyH9RIsng#?secret=S5WgjxyPFH\" data-secret=\"S5WgjxyPFH\" width=\"600\" height=\"338\" frameborder=\"0\" marginwidth=\"0\" marginheight=\"0\" scrolling=\"no\"><\/iframe><\/p>\n<\/div><\/div><\/div><\/div><ul ><li class=\"has_children next_no_children\" data-children=5><div class=\"wpda_tree_item_container\" id=\"wpda_item_container_17\" ><span class=\"wpda_tree_line\"><\/span><div class=\"wpda_tree_open_popup_el\"><div class=\"wpda_tree_item_img_cont \"><img decoding=\"async\" class=\"wpda_tree_item_img\" src=\"https:\/\/intl-crimes-doc.org\/wp-content\/uploads\/2024\/11\/bf.svg\"><\/div><div tabindex=\"0\" class=\"wpda_tree_item_title \">Chef d'\u00e9tat major des Arm\u00e9es <br \/> Terre - Air - Marine<\/div><div tabindex=\"0\" class=\"wpda_tree_item_desc\" >Kyaw Swar Lin, \u1000\u103b\u1031\u102c\u103a\u1005\u103d\u102c\u101c\u1004\u103a\u1038, \ndepuis 12\/2024\n\nPr\u00e9c\u00e9d\u00e9 par :\nMaung Maung Aye, \u1019\u1031\u102c\u1004\u103a\u1019\u1031\u102c\u1004\u103a\u1021\u1031\u1038\nde [ind\u00e9termin\u00e9] \u00e0 [ind\u00e9termin\u00e9]\n\nMya Tun Oo, \u1019\u103b\u102c\u1011\u103d\u1014\u103a\u1038\u1026\u1038\nde 2016 \u00e0 2021<\/div><div date-popup-theme = \"11\" class=\"wpda_tree_popup_content wpda_tree_element_hidden\"><div class=\"wpda_popup_innerhtml\"><p><span style=\"text-decoration: underline\"><strong>FONCTION ACTUELLEMENT DETENUE DEPUIS 12\/2024 PAR:<\/strong><\/span><\/p>\n<p>&nbsp;<\/p>\n<p><strong>NOM :\u00a0<\/strong>Kyaw Swar Lin, \u1000\u103b\u1031\u102c\u103a\u1005\u103d\u102c\u101c\u1004\u103a\u1038<\/p>\n<p><strong>SEXE :\u00a0<\/strong>Homme<\/p>\n<p><strong>DATE ET LIEU DE NAISSANCE : <\/strong>1971, Myanmar<\/p>\n<p><strong>STATUT :\u00a0<\/strong>Vivant (en 2025)<\/p>\n<p><strong>ELEMENTS BIOGRAPHIQUES\u00a0: <\/strong><\/p>\n<p>Kyaw Swar Lin est form\u00e9 \u00e0 la 35e acad\u00e9mie militaire. Il supervise des op\u00e9rations militaires en 2017 au cours desquelles l&rsquo;ethnie des Rohingyas est la cible de crimes syst\u00e9matiques de la part des forces arm\u00e9es, \u00e0 Rakhine. D\u00e9sign\u00e9 Chef d\u2019\u00e9tat-major de l&rsquo;Arm\u00e9e de terre apr\u00e8s le coup d&rsquo;Etat, il supervise les op\u00e9rations logistiques et financi\u00e8res de l\u2019arm\u00e9e. Il dirige aussi la Myanmar Economic Corporation (MEC), qui soutient les activit\u00e9s militaires par le biais d\u2019un conglom\u00e9rat contr\u00f4l\u00e9 par l\u2019arm\u00e9e. Ses actions et son soutien au r\u00e9gime militaire entra\u00eenent des sanctions internationales \u00e0 son encontre.<\/p>\n<p><strong>HISTORIQUE DES FONCTIONS\u00a0: <\/strong><\/p>\n<p>FONCTION 5 : Chef d\u2019\u00e9tat-major g\u00e9n\u00e9ral des arm\u00e9es (arm\u00e9e de terre, air, marine) &#8211; Depuis 12\/2024<\/p>\n<p>FONCTION 4 : Chef d\u2019\u00e9tat-major de l\u2019arm\u00e9e de terre &#8211; De 10\/2023 \u00e0 12\/2024<br \/>\nEn charge du budget de l&rsquo;arm\u00e9e<\/p>\n<p>FONCTION 3 : Directeur la Myanmar Economic Corporation (MEC) &#8211; Depuis 05\/2020<br \/>\nApprovisionnement en armements et en ressources pour les forces arm\u00e9es<\/p>\n<p>FONCTION 2 : Commandant du Commandement R\u00e9gional Centre &#8211; De 2018 \u00e0 2020<br \/>\nBas\u00e9 \u00e0 Mandalay<\/p>\n<p>FONCTION 1 : Affect\u00e9 au Bureau des Op\u00e9rations Sp\u00e9ciales (3)<br \/>\nEn charge de l&rsquo;Etat de Rakhine.<\/p>\n<p><strong>SOURCES\u00a0:<\/strong><\/p>\n<blockquote class=\"wp-embedded-content\" data-secret=\"S5WgjxyPFH\"><p><a href=\"https:\/\/myanmar-now.org\/mm\/news\/6697\/\">\u1005\u1005\u103a\u1000\u1031\u102c\u1004\u103a\u1005\u102e\u1010\u103d\u1004\u103a \u1010\u102c\u101d\u1014\u103a\u1021\u101b\u103e\u102d\u1006\u102f\u1036\u1038 \u1005\u1005\u103a\u1017\u102d\u102f\u101c\u103a\u1001\u103b\u102f\u1015\u103a\u1000\u103c\u102e\u1038\u1019\u103b\u102c\u1038\u00a0<\/a><\/p><\/blockquote>\n<p><iframe class=\"wp-embedded-content\" sandbox=\"allow-scripts\" security=\"restricted\" style=\"position: absolute; visibility: hidden;\" title=\"&#8220;\u1005\u1005\u103a\u1000\u1031\u102c\u1004\u103a\u1005\u102e\u1010\u103d\u1004\u103a \u1010\u102c\u101d\u1014\u103a\u1021\u101b\u103e\u102d\u1006\u102f\u1036\u1038 \u1005\u1005\u103a\u1017\u102d\u102f\u101c\u103a\u1001\u103b\u102f\u1015\u103a\u1000\u103c\u102e\u1038\u1019\u103b\u102c\u1038\u00a0&#8221; &#8212; Myanmar Now\" src=\"https:\/\/myanmar-now.org\/mm\/news\/6697\/embed\/#?secret=HQyH9RIsng#?secret=S5WgjxyPFH\" data-secret=\"S5WgjxyPFH\" width=\"600\" height=\"338\" frameborder=\"0\" marginwidth=\"0\" marginheight=\"0\" scrolling=\"no\"><\/iframe><\/p>\n<p>https:\/\/www.opensanctions.org\/entities\/Q106997134\/<\/p>\n<blockquote class=\"wp-embedded-content\" data-secret=\"h17rrJokZO\"><p><a href=\"https:\/\/cpg-online.de\/home\/publications\/asia-in-review\/asia-in-review-sea-myanmar-2019-2020\/\">Asia in Review SEA Myanmar 2019-2020<\/a><\/p><\/blockquote>\n<p><iframe class=\"wp-embedded-content\" sandbox=\"allow-scripts\" security=\"restricted\" style=\"position: absolute; visibility: hidden;\" title=\"&#8220;Asia in Review SEA Myanmar 2019-2020&#8221; &#8212; German-Southeast Asian Center of Excellence for Public Policy and Good Governance (CPG)\" src=\"https:\/\/cpg-online.de\/home\/publications\/asia-in-review\/asia-in-review-sea-myanmar-2019-2020\/embed\/#?secret=GfeltUrjBI#?secret=h17rrJokZO\" data-secret=\"h17rrJokZO\" width=\"600\" height=\"338\" frameborder=\"0\" marginwidth=\"0\" marginheight=\"0\" scrolling=\"no\"><\/iframe><\/p>\n<p>https:\/\/data.europa.eu\/apps\/eusanctionstracker\/subjects\/155652<\/p>\n<p>https:\/\/www.irrawaddy.com\/news\/burma\/the-combat-dodging-general-tipped-to-become-myanmar-militarys-next-chief.html<\/p>\n<p>https:\/\/www.irrawaddy.com\/news\/burma\/myanmar-junta-boss-promotes-loyalist-in-regime-reshuffle.html<\/p>\n<p>&nbsp;<\/p>\n<p><span style=\"text-decoration: underline\"><strong>FONCTION PRECEDEMMENT DETENUE PAR :<\/strong><\/span><\/p>\n<p>&nbsp;<\/p>\n<p><strong>NOM\u00a0<\/strong>: Maung Maung Aye, \u1019\u1031\u102c\u1004\u103a\u1019\u1031\u102c\u1004\u103a\u1021\u1031\u1038<\/p>\n<p><strong>SEXE\u00a0<\/strong>: Homme<\/p>\n<p><strong>DATE ET LIEU DE NAISSANCE\u00a0<\/strong>: ??\/01\/1962, Thanlyin, Myanmar<\/p>\n<p><strong>STATUT\u00a0<\/strong>: Vivant (en 2025)<\/p>\n<p><strong>ELEMENTS BIOGRAPHIQUES\u00a0<\/strong>:<\/p>\n<p>Maung Maung Aye est le chef d\u2019\u00e9tat-major g\u00e9n\u00e9ral des forces arm\u00e9es. Il a activement particip\u00e9 \u00e0 l&rsquo;achat d&rsquo;armements en provenance de Russie. Son r\u00f4le dans le renversement du gouvernement en 2021 et son soutien au r\u00e9gime militaire ont fait de lui une figure centrale dans la r\u00e9pression contre la population pro-d\u00e9mocratie.<\/p>\n<p><strong>HISTORIQUE DES FONCTIONS\u00a0<\/strong>:<\/p>\n<p>FONCTION 5 : Ministre de la d\u00e9fense &#8211; Depuis 12\/2024<\/p>\n<p>FONCTION 4 : Chef d\u2019\u00e9tat-major g\u00e9n\u00e9ral des arm\u00e9es (arm\u00e9e de terre, air, marine) &#8211; Jusqu&rsquo;en 12\/2023<\/p>\n<p>FONCTION 3 : Membre du Conseil d&rsquo;administration de l&rsquo;\u00c9tat &#8211; Depuis 10\/2023<\/p>\n<p>FONCTION 2 : Chef d&rsquo;Etat major de l&rsquo;arm\u00e9e de terre &#8211; De 2015 \u00e0 ????<br \/>\nOrganisation d&rsquo;exercices militaires sous les ordres du g\u00e9n\u00e9ral Min Aung Hlaing<\/p>\n<p>POSITION 1 : vice-commandant des services de d\u00e9fense &#8211; 1993 \u00e0 2011<\/p>\n<p><strong>SOURCES\u00a0<\/strong>:<\/p>\n<p>https:\/\/www.opensanctions.org\/entities\/Q1911178\/<\/p>\n<blockquote class=\"wp-embedded-content\" data-secret=\"S5WgjxyPFH\"><p><a href=\"https:\/\/myanmar-now.org\/mm\/news\/6697\/\">\u1005\u1005\u103a\u1000\u1031\u102c\u1004\u103a\u1005\u102e\u1010\u103d\u1004\u103a \u1010\u102c\u101d\u1014\u103a\u1021\u101b\u103e\u102d\u1006\u102f\u1036\u1038 \u1005\u1005\u103a\u1017\u102d\u102f\u101c\u103a\u1001\u103b\u102f\u1015\u103a\u1000\u103c\u102e\u1038\u1019\u103b\u102c\u1038\u00a0<\/a><\/p><\/blockquote>\n<p><iframe class=\"wp-embedded-content\" sandbox=\"allow-scripts\" security=\"restricted\" style=\"position: absolute; visibility: hidden;\" title=\"&#8220;\u1005\u1005\u103a\u1000\u1031\u102c\u1004\u103a\u1005\u102e\u1010\u103d\u1004\u103a \u1010\u102c\u101d\u1014\u103a\u1021\u101b\u103e\u102d\u1006\u102f\u1036\u1038 \u1005\u1005\u103a\u1017\u102d\u102f\u101c\u103a\u1001\u103b\u102f\u1015\u103a\u1000\u103c\u102e\u1038\u1019\u103b\u102c\u1038\u00a0&#8221; &#8212; Myanmar Now\" src=\"https:\/\/myanmar-now.org\/mm\/news\/6697\/embed\/#?secret=HQyH9RIsng#?secret=S5WgjxyPFH\" data-secret=\"S5WgjxyPFH\" width=\"600\" height=\"338\" frameborder=\"0\" marginwidth=\"0\" marginheight=\"0\" scrolling=\"no\"><\/iframe><\/p>\n<p>https:\/\/www.irrawaddy.com\/news\/burma\/myanmar-junta-boss-promotes-loyalist-in-regime-reshuffle.html<\/p>\n<p>&nbsp;<\/p>\n<p><span style=\"text-decoration: underline\"><strong>FONCTION PRECEDEMMENT DETENUE DE 2016 A 2021 PAR :<\/strong><\/span><\/p>\n<p>&nbsp;<\/p>\n<p><strong>NOM\u00a0<\/strong>: Mya Tun Oo, \u1019\u103b\u102c\u1011\u103d\u1014\u103a\u1038\u1026\u1038<\/p>\n<p><strong>SEXE\u00a0<\/strong>: Homme<\/p>\n<p><strong>DATE ET LIEU DE NAISSANCE\u00a0<\/strong>: ??\/05\/1961, Yangon, Myanmar<\/p>\n<p><strong>STATUT\u00a0<\/strong>: Vivant (en 2025)<\/p>\n<p><strong>ELEMENTS BIOGRAPHIQUES\u00a0<\/strong>:<\/p>\n<p>Mya Tun Oo devient Chef d\u2019\u00e9tat-major des arm\u00e9es en 2016. Il a sous sa responsabilit\u00e9 les troupes qui op\u00e8rent dans les r\u00e9gions de Rakhine, Shan et Kachin, et qui commettent des violences syst\u00e9matiques contre des minorit\u00e9s ethniques. Apr\u00e8s le coup d\u2019\u00c9tat de 2021, il est nomm\u00e9 ministre de la D\u00e9fense et rejoint le Conseil d\u2019administration d\u2019Etat, ce qui lui donne une responsabilit\u00e9 dans la r\u00e9pression violente contre les opposants pro-d\u00e9mocratie \u00e0 cette p\u00e9riode. Ses actions entra\u00eenent des sanctions internationales. En f\u00e9vrier 2023, il est nomm\u00e9 vice-Premier ministre, puis ministre des Transports et des Communications en aout 2023.<\/p>\n<p><strong>HISTORIQUE DES FONCTIONS\u00a0<\/strong>:<\/p>\n<p>FONCTION 6 : Ministre des Transports et des Communications \u2013 Depuis 08\/2023<br \/>\nA entretenu des liens avec la Chine, notamment \u00e0 l\u2019occasion d\u2019un d\u00e9placement \u00e0 Beijing en septembre 2023<\/p>\n<p>FONCTION 5 : Vice Premier Ministre \u2013 De 02\/2023 \u00e0 08\/2023<\/p>\n<p>FONCTION 4 : Ministre de la D\u00e9fense \u2013 De 02\/2021 \u00e0 08\/2023<\/p>\n<p>FONCTION 3 : Membre du Conseil d\u2019Administration de l\u2019\u00c9tat \u2013 A partir de 2021<\/p>\n<p>FONCTION 2 : Chef d\u2019\u00e9tat-major g\u00e9n\u00e9ral (terre-air-mer) \u2013 De 2016 \u00e0 2021<\/p>\n<p>FONCTION 1 : Commandant de la 101e division d\u2019infanterie<\/p>\n<p><strong>SOURCES\u00a0<\/strong>:<\/p>\n<p>https:\/\/www.opensanctions.org\/entities\/Q19718465\/<\/p>\n<p>https:\/\/myanmar.securityforcemonitor.org\/explore\/c771c291<\/p>\n<p>https:\/\/thediplomat.com\/2022\/06\/myanmar-junta-moves-aung-san-suu-kyi-trial-to-new-prison-facility\/<\/p>\n<p>https:\/\/www.irrawaddy.com\/news\/burma\/beijing-bound-myanmar-transport-minister-joins-race-to-china.htmlhttps:\/\/myanmar-now.org\/mm\/news\/6697\/<\/p>\n<\/div><\/div><\/div><\/div><ul ><li class=\"has_children next_children\" data-children=5><div class=\"wpda_tree_item_container\" id=\"wpda_item_container_18\" ><span class=\"wpda_tree_line\"><\/span><div class=\"wpda_tree_open_popup_el\"><div class=\"wpda_tree_item_img_cont \"><img decoding=\"async\" class=\"wpda_tree_item_img\" src=\"https:\/\/intl-crimes-doc.org\/wp-content\/uploads\/2024\/11\/bf.svg\"><\/div><div tabindex=\"0\" class=\"wpda_tree_item_title \">Minist\u00e8re de la D\u00e9fense<\/div><div tabindex=\"0\" class=\"wpda_tree_item_desc\" >Maung Maung Aye, \u1019\u1031\u102c\u1004\u103a\u1019\u1031\u102c\u1004\u103a\u1021\u1031\u1038, \ndepuis 12\/2024\n\nPr\u00e9c\u00e9d\u00e9 par :\nTin Aung San, \u1010\u1004\u103a\u1021\u1031\u102c\u1004\u103a\u1005\u1014\u103a\u1038\ndu 03\/08\/2023 \u00e0 12\/2024\n\nSein Win, \u1005\u102d\u1014\u103a\u101d\u1004\u103a\u1038\ndu 24\/08\/2015 au 01\/02\/2021\n<\/div><div date-popup-theme = \"11\" class=\"wpda_tree_popup_content wpda_tree_element_hidden\"><div class=\"wpda_popup_innerhtml\"><p><span style=\"text-decoration: underline\"><strong>FONCTION DETENUE DEPUIS 12\/2024 PAR:<\/strong><\/span><\/p>\n<p>&nbsp;<\/p>\n<p><strong>NOM\u00a0<\/strong>: Maung Maung Aye, \u1019\u1031\u102c\u1004\u103a\u1019\u1031\u102c\u1004\u103a\u1021\u1031\u1038<\/p>\n<p><strong>SEXE\u00a0<\/strong>: Homme<\/p>\n<p><strong>DATE ET LIEU DE NAISSANCE\u00a0<\/strong>: ??\/01\/1962, Thanlyin, Myanmar<\/p>\n<p><strong>STATUT\u00a0<\/strong>: Vivant (en 2025)<\/p>\n<p><strong>ELEMENTS BIOGRAPHIQUES\u00a0<\/strong>:<\/p>\n<p>Maung Maung Aye est le chef d\u2019\u00e9tat-major g\u00e9n\u00e9ral des forces arm\u00e9es. Il participe activement \u00e0 l&rsquo;achat d&rsquo;armements en provenance de Russie. Son r\u00f4le dans le renversement du gouvernement en 2021 et son soutien au r\u00e9gime militaire font de lui une figure importante de la r\u00e9pression contre l&rsquo;opposition pro-d\u00e9mocratie.<\/p>\n<p><strong>HISTORIQUE DES FONCTIONS\u00a0<\/strong>:<\/p>\n<p>FONCTION 5 : Ministre de la d\u00e9fense &#8211; Depuis 12\/2024<\/p>\n<p>FONCTION 4 : Chef d\u2019\u00e9tat-major g\u00e9n\u00e9ral des arm\u00e9es (arm\u00e9e de terre, air, marine) &#8211; Jusqu&rsquo;en 12\/2023<\/p>\n<p>FONCTION 3 : Membre du Conseil d&rsquo;administration de l&rsquo;\u00c9tat &#8211; Depuis 10\/2023<\/p>\n<p>FONCTION 2 : Chef d&rsquo;Etat major de l&rsquo;arm\u00e9e de terre &#8211; De 2015 \u00e0 [ind\u00e9termin\u00e9]<br \/>\nOrganisation d&rsquo;exercices militaires sous les ordres du g\u00e9n\u00e9ral Min Aung Hlaing<\/p>\n<p>POSITION 1 : vice-commandant des services de d\u00e9fense &#8211; 1993 \u00e0 2011<\/p>\n<p><strong>SOURCES\u00a0<\/strong>:<\/p>\n<p>https:\/\/www.opensanctions.org\/entities\/Q1911178\/<\/p>\n<blockquote class=\"wp-embedded-content\" data-secret=\"S5WgjxyPFH\"><p><a href=\"https:\/\/myanmar-now.org\/mm\/news\/6697\/\">\u1005\u1005\u103a\u1000\u1031\u102c\u1004\u103a\u1005\u102e\u1010\u103d\u1004\u103a \u1010\u102c\u101d\u1014\u103a\u1021\u101b\u103e\u102d\u1006\u102f\u1036\u1038 \u1005\u1005\u103a\u1017\u102d\u102f\u101c\u103a\u1001\u103b\u102f\u1015\u103a\u1000\u103c\u102e\u1038\u1019\u103b\u102c\u1038\u00a0<\/a><\/p><\/blockquote>\n<p><iframe class=\"wp-embedded-content\" sandbox=\"allow-scripts\" security=\"restricted\" style=\"position: absolute; visibility: hidden;\" title=\"&#8220;\u1005\u1005\u103a\u1000\u1031\u102c\u1004\u103a\u1005\u102e\u1010\u103d\u1004\u103a \u1010\u102c\u101d\u1014\u103a\u1021\u101b\u103e\u102d\u1006\u102f\u1036\u1038 \u1005\u1005\u103a\u1017\u102d\u102f\u101c\u103a\u1001\u103b\u102f\u1015\u103a\u1000\u103c\u102e\u1038\u1019\u103b\u102c\u1038\u00a0&#8221; &#8212; Myanmar Now\" src=\"https:\/\/myanmar-now.org\/mm\/news\/6697\/embed\/#?secret=HQyH9RIsng#?secret=S5WgjxyPFH\" data-secret=\"S5WgjxyPFH\" width=\"600\" height=\"338\" frameborder=\"0\" marginwidth=\"0\" marginheight=\"0\" scrolling=\"no\"><\/iframe><\/p>\n<p>https:\/\/www.irrawaddy.com\/news\/burma\/myanmar-junta-boss-promotes-loyalist-in-regime-reshuffle.html<\/p>\n<p>&nbsp;<\/p>\n<p><span style=\"text-decoration: underline\"><strong>FONCTION PRECEDEMMENT DETENUE DE 03\/08\/2023 A 12\/2024 PAR :<\/strong><\/span><\/p>\n<p>&nbsp;<\/p>\n<p><strong>NOM\u00a0<\/strong>: Tin Aung San, \u1010\u1004\u103a\u1021\u1031\u102c\u1004\u103a\u1005\u1014\u103a\u1038<\/p>\n<p><strong>SEXE\u00a0<\/strong>: Homme<\/p>\n<p><strong>DATE ET LIEU DE NAISSANCE\u00a0<\/strong>: 16\/10\/1960<\/p>\n<p><strong>STATUT\u00a0<\/strong>: Vivant (en 2025)<\/p>\n<p><strong>ELEMENTS BIOGRAPHIQUES\u00a0<\/strong>:<\/p>\n<p>Tin Aung San est un homme politique et un militaire. Il a \u00e9t\u00e9 form\u00e9 \u00e0 la 23e Acad\u00e9mie militaire, et a int\u00e9gr\u00e9 la marine. Commandant des forces marines, il a ensuit\u00e9 \u00e9r\u00e9 d\u00e9sign\u00e9 ministre des Transports et des Communications apr\u00e8s le coup d&rsquo;Etat de 2021. A ce titre, il a supervis\u00e9 la censure de l&rsquo;Internet et a favoris\u00e9 la r\u00e9pression du mouvement pro-d\u00e9mocratie. Il est ensuite devenu ministre de la D\u00e9fense, tandis que les forces arm\u00e9es sous ses ordres ont commis des exactions. Ses actions et son soutien au r\u00e9gime militaire ont entra\u00een\u00e9 des sanctions internationales \u00e0 son encontre.<\/p>\n<p><strong>HISTORIQUE DES FONCTIONS\u00a0<\/strong>:<\/p>\n<p>FONCTION 5 : Affectation au bureau du Premier Ministre &#8211; Depuis 12\/2024<\/p>\n<p>FONCTION 4 : Ministre de la D\u00e9fense &#8211; De 03\/08\/2023 \u00e0 12\/2024<br \/>\nEn fonction durant l&rsquo;op\u00e9ration anti-r\u00e9gime 1027 dans les Etats de Shan, Kachin, Karenni, Chin et Rakhine, qui s&rsquo;est sold\u00e9e par une perte de terrain significative pour la junte.<br \/>\nSe rend en Russie et en Chine en 2023.<\/p>\n<p>FONCTION 3 : Membre du Conseil d&rsquo;administration de l&rsquo;\u00c9tat<\/p>\n<p>FONCTION 2 : Ministre des Transports et des Communications &#8211; Du 03\/02\/2021 au 01\/02\/2023<\/p>\n<p>FONCTION 1 : Commandant en chef des forces marines &#8211; 2015 \u00e0 2021<\/p>\n<p><strong>SOURCES\u00a0<\/strong>:<\/p>\n<p>https:\/\/www.opensanctions.org\/entities\/Q105234492\/<\/p>\n<blockquote class=\"wp-embedded-content\" data-secret=\"S5WgjxyPFH\"><p><a href=\"https:\/\/myanmar-now.org\/mm\/news\/6697\/\">\u1005\u1005\u103a\u1000\u1031\u102c\u1004\u103a\u1005\u102e\u1010\u103d\u1004\u103a \u1010\u102c\u101d\u1014\u103a\u1021\u101b\u103e\u102d\u1006\u102f\u1036\u1038 \u1005\u1005\u103a\u1017\u102d\u102f\u101c\u103a\u1001\u103b\u102f\u1015\u103a\u1000\u103c\u102e\u1038\u1019\u103b\u102c\u1038\u00a0<\/a><\/p><\/blockquote>\n<p><iframe class=\"wp-embedded-content\" sandbox=\"allow-scripts\" security=\"restricted\" style=\"position: absolute; visibility: hidden;\" title=\"&#8220;\u1005\u1005\u103a\u1000\u1031\u102c\u1004\u103a\u1005\u102e\u1010\u103d\u1004\u103a \u1010\u102c\u101d\u1014\u103a\u1021\u101b\u103e\u102d\u1006\u102f\u1036\u1038 \u1005\u1005\u103a\u1017\u102d\u102f\u101c\u103a\u1001\u103b\u102f\u1015\u103a\u1000\u103c\u102e\u1038\u1019\u103b\u102c\u1038\u00a0&#8221; &#8212; Myanmar Now\" src=\"https:\/\/myanmar-now.org\/mm\/news\/6697\/embed\/#?secret=HQyH9RIsng#?secret=S5WgjxyPFH\" data-secret=\"S5WgjxyPFH\" width=\"600\" height=\"338\" frameborder=\"0\" marginwidth=\"0\" marginheight=\"0\" scrolling=\"no\"><\/iframe><\/p>\n<p>https:\/\/www.irrawaddy.com\/news\/burma\/myanmar-junta-boss-promotes-loyalist-in-regime-reshuffle.html<\/p>\n<blockquote class=\"wp-embedded-content\" data-secret=\"IU5bKyCRwz\"><p><a href=\"https:\/\/myanmar-now.org\/en\/news\/deputy-head-of-myanmars-junta-in-china-to-attend-defence-forum\/\">Deputy head of Myanmar\u2019s junta in China to attend defence forum<\/a><\/p><\/blockquote>\n<p><iframe class=\"wp-embedded-content\" sandbox=\"allow-scripts\" security=\"restricted\" style=\"position: absolute; visibility: hidden;\" title=\"&#8220;Deputy head of Myanmar\u2019s junta in China to attend defence forum&#8221; &#8212; Myanmar Now\" src=\"https:\/\/myanmar-now.org\/en\/news\/deputy-head-of-myanmars-junta-in-china-to-attend-defence-forum\/embed\/#?secret=M2f2KjoTBZ#?secret=IU5bKyCRwz\" data-secret=\"IU5bKyCRwz\" width=\"600\" height=\"338\" frameborder=\"0\" marginwidth=\"0\" marginheight=\"0\" scrolling=\"no\"><\/iframe><\/p>\n<p>https:\/\/www.nationthailand.com\/news\/asean\/40041629<\/p>\n<p>&nbsp;<\/p>\n<p><span style=\"text-decoration: underline\"><strong>FONCTION PRECEDEMMENT DETENUE DU 24\/08\/2015 AU 01\/02\/2021 PAR :<\/strong><\/span><\/p>\n<p>&nbsp;<\/p>\n<p><strong>NOM\u00a0<\/strong>: Sein Win, \u1005\u102d\u1014\u103a\u101d\u1004\u103a\u1038<\/p>\n<p><strong>SEXE\u00a0<\/strong>: Homme<\/p>\n<p><strong>DATE ET LIEU DE NAISSANCE\u00a0<\/strong>: ??\/07\/1956, Pyin Oo Lwin, Myanmar<\/p>\n<p><strong>STATUT\u00a0<\/strong>: Vivant (en 2025)<\/p>\n<p><strong>ELEMENTS BIOGRAPHIQUES\u00a0<\/strong>:<\/p>\n<p>Sein Win est un ancien ministre de la D\u00e9fense de 2015 \u00e0 f\u00e9vrier 2021. En tant que tel, il a \u00e9t\u00e9 directement impliqu\u00e9 dans la pers\u00e9cution syst\u00e9matique des minorit\u00e9s ethniques, notamment les Rohingyas, dans les \u00c9tats de Rakhine, Kachin et Shan. Il est sanctionn\u00e9 par plusieurs pays en raison de son r\u00f4le dans le coup d&rsquo;\u00c9tat de 2021 et de sa responsabilit\u00e9 dans la commission de crimes internationaux. Depuis 2021, il pr\u00e9side l&rsquo;Organisation des anciens combattants du Myanmar, une organisation qui soutient le r\u00e9gime militaire. Ses actions ont entra\u00een\u00e9 des sanctions internationales \u00e0 son encontre.<\/p>\n<p><strong>HISTORIQUE DES FONCTIONS\u00a0<\/strong>:<\/p>\n<p>FONCTION 2 : Pr\u00e9sident de l&rsquo;Organisation des anciens combattants du Myanmar &#8211; De 02\/2021 \u00e0 (au moins) 10\/2022<\/p>\n<p>FONCTION 1 : Ministre de la D\u00e9fense &#8211; du 24\/08\/2015 au 01\/02\/2021<\/p>\n<p><strong>SOURCES\u00a0<\/strong>:<\/p>\n<p>https:\/\/www.opensanctions.org\/entities\/Q25189697\/<\/p>\n<\/div><\/div><\/div><\/div><ul ><li class=\"no_children next_no_children\" data-children=0><div class=\"wpda_tree_item_container\" id=\"wpda_item_container_19\" ><span class=\"wpda_tree_line\"><\/span><div class=\"wpda_tree_open_popup_el\"><div class=\"wpda_tree_item_img_cont \"><img decoding=\"async\" class=\"wpda_tree_item_img\" src=\"https:\/\/intl-crimes-doc.org\/wp-content\/uploads\/2024\/11\/bf.svg\"><\/div><div tabindex=\"0\" class=\"wpda_tree_item_title \">Etat major de l'Arm\u00e9e de terre<\/div><div tabindex=\"0\" class=\"wpda_tree_item_desc\" >[ind\u00e9termin\u00e9], depuis 12\/2024\n\nPr\u00e9c\u00e9d\u00e9 par :\nKyaw Swar Lin, \u1000\u103b\u1031\u102c\u103a\u1005\u103d\u102c\u101c\u1004\u103a\u1038\nde 10\/2023 \u00e0 12\/2024<\/div><div date-popup-theme = \"11\" class=\"wpda_tree_popup_content wpda_tree_element_hidden\"><div class=\"wpda_popup_innerhtml\"><p><strong>FONCTION DETENUE DEPUIS 12\/2024 PAR:<\/strong><\/p>\n<p><em>[ind\u00e9termin\u00e9]<\/em><\/p>\n<p>&nbsp;<\/p>\n<p><strong>FONCTION PRECEDEMMENT DETENUE DE 10\/2023 A 12\/2024 PAR :<\/strong><\/p>\n<p>&nbsp;<\/p>\n<p><strong>NOM\u00a0<\/strong>: Kyaw Swar Lin, \u1000\u103b\u1031\u102c\u103a\u1005\u103d\u102c\u101c\u1004\u103a\u1038<\/p>\n<p><strong>SEXE\u00a0<\/strong>: Homme<\/p>\n<p><strong>DATE ET LIEU DE NAISSANCE\u00a0<\/strong>: 24\/05\/1971, Myanmar<\/p>\n<p><strong>STATUT\u00a0<\/strong>: Vivant (en 2025)<\/p>\n<p><strong>ELEMENTS BIOGRAPHIQUES\u00a0<\/strong>:<\/p>\n<p>Kyaw Swar Lin, form\u00e9 \u00e0 la 35e acad\u00e9mie militaire, supervise des op\u00e9rations militaires en 2017 au cours desquelles l&rsquo;ethnie des Rohingyas est la cible de crimes syst\u00e9matiques, de la part des forces arm\u00e9es, \u00e0 Rakhine. D\u00e9sign\u00e9 Chef d\u2019\u00e9tat-major de l&rsquo;Arm\u00e9e de terre apr\u00e8s le coup d&rsquo;Etat, il supervise les op\u00e9rations logistiques et financi\u00e8res de l\u2019arm\u00e9e. Il dirige aussi la Myanmar Economic Corporation (MEC), qui soutient les activit\u00e9s militaires par le biais d\u2019un conglom\u00e9rat contr\u00f4l\u00e9 par l\u2019arm\u00e9e. Ses actions et son soutien au r\u00e9gime militaire entra\u00eenent des sanctions internationales \u00e0 son encontre.<\/p>\n<p><strong>HISTORIQUE DES FONCTIONS\u00a0<\/strong>:<\/p>\n<p>FONCTION 5 : Chef d\u2019\u00e9tat-major g\u00e9n\u00e9ral des arm\u00e9es (arm\u00e9e de terre, air, marine) \u2013 Depuis 12\/2024<\/p>\n<p>FONCTION 4 : Chef d\u2019\u00e9tat-major de l\u2019arm\u00e9e de terre \u2013 De 10\/2023 \u00e0 12\/2024<br \/>\nEn charge du budget de l\u2019arm\u00e9e<\/p>\n<p>FONCTION 3 : Directeur la Myanmar Economic Corporation (MEC) \u2013 Depuis 05\/2020<br \/>\nApprovisionnement en armements et en ressources pour les forces arm\u00e9es<\/p>\n<p>FONCTION 2 : Commandant du Commandement R\u00e9gional Centre \u2013 De 2018 \u00e0 2020<br \/>\nBas\u00e9 \u00e0 Mandalay<\/p>\n<p>FONCTION 1 : Affect\u00e9 au Bureau des Op\u00e9rations Sp\u00e9ciales (3)<br \/>\nEn charge de l\u2019Etat de Rakhine.<\/p>\n<p><strong>SOURCES\u00a0<\/strong>:<\/p>\n<blockquote class=\"wp-embedded-content\" data-secret=\"S5WgjxyPFH\"><p><a href=\"https:\/\/myanmar-now.org\/mm\/news\/6697\/\">\u1005\u1005\u103a\u1000\u1031\u102c\u1004\u103a\u1005\u102e\u1010\u103d\u1004\u103a \u1010\u102c\u101d\u1014\u103a\u1021\u101b\u103e\u102d\u1006\u102f\u1036\u1038 \u1005\u1005\u103a\u1017\u102d\u102f\u101c\u103a\u1001\u103b\u102f\u1015\u103a\u1000\u103c\u102e\u1038\u1019\u103b\u102c\u1038\u00a0<\/a><\/p><\/blockquote>\n<p><iframe class=\"wp-embedded-content\" sandbox=\"allow-scripts\" security=\"restricted\" style=\"position: absolute; visibility: hidden;\" title=\"&#8220;\u1005\u1005\u103a\u1000\u1031\u102c\u1004\u103a\u1005\u102e\u1010\u103d\u1004\u103a \u1010\u102c\u101d\u1014\u103a\u1021\u101b\u103e\u102d\u1006\u102f\u1036\u1038 \u1005\u1005\u103a\u1017\u102d\u102f\u101c\u103a\u1001\u103b\u102f\u1015\u103a\u1000\u103c\u102e\u1038\u1019\u103b\u102c\u1038\u00a0&#8221; &#8212; Myanmar Now\" src=\"https:\/\/myanmar-now.org\/mm\/news\/6697\/embed\/#?secret=HQyH9RIsng#?secret=S5WgjxyPFH\" data-secret=\"S5WgjxyPFH\" width=\"600\" height=\"338\" frameborder=\"0\" marginwidth=\"0\" marginheight=\"0\" scrolling=\"no\"><\/iframe><\/p>\n<p>https:\/\/www.opensanctions.org\/entities\/Q106997134\/https:\/\/cpg-online.de\/home\/publications\/asia-in-review\/asia-in-review-sea-myanmar-2019-2020\/<\/p>\n<p>https:\/\/data.europa.eu\/apps\/eusanctionstracker\/subjects\/155652<\/p>\n<p>https:\/\/www.irrawaddy.com\/news\/burma\/the-combat-dodging-general-tipped-to-become-myanmar-militarys-next-chief.html<\/p>\n<p>https:\/\/www.irrawaddy.com\/news\/burma\/myanmar-junta-boss-promotes-loyalist-in-regime-reshuffle.html<\/p>\n<\/div><\/div><\/div><\/div><\/li><li class=\"no_children next_no_children\" data-children=0><div class=\"wpda_tree_item_container\" id=\"wpda_item_container_20\" ><span class=\"wpda_tree_line\"><\/span><div class=\"wpda_tree_open_popup_el\"><div class=\"wpda_tree_item_img_cont \"><img decoding=\"async\" class=\"wpda_tree_item_img\" src=\"https:\/\/intl-crimes-doc.org\/wp-content\/uploads\/2024\/11\/bf.svg\"><\/div><div tabindex=\"0\" class=\"wpda_tree_item_title \">Etat major de l'Arm\u00e9e de l'air<\/div><div tabindex=\"0\" class=\"wpda_tree_item_desc\" >Htun Aung (ou Tun Aung), \u1011\u103d\u1014\u103a\u1038\u1021\u1031\u102c\u1004\u103a, \ndepuis 01\/2022<\/div><div date-popup-theme = \"11\" class=\"wpda_tree_popup_content wpda_tree_element_hidden\"><div class=\"wpda_popup_innerhtml\"><p><strong>NOM\u00a0<\/strong>: Htun Aung (ou Tun Aung), \u1011\u103d\u1014\u103a\u1038\u1021\u1031\u102c\u1004\u103a<\/p>\n<p><strong>SEXE\u00a0<\/strong>: Homme<\/p>\n<p><strong>DATE ET LIEU DE NAISSANCE\u00a0<\/strong>: 20\/05\/1967, Myanmar<\/p>\n<p><strong>STATUT\u00a0<\/strong>: Vivant (en 2025)<\/p>\n<p><strong>ELEMENTS BIOGRAPHIQUES\u00a0<\/strong>:<\/p>\n<p>Htun Aung est g\u00e9n\u00e9ral de l\u2019arm\u00e9e de l\u2019air. Sous son commandement, des a\u00e9ronefs militaires m\u00e8nent des attaques contre des cibles civiles, y compris des enfants. En outre, il participe \u00e0 la gouvernance du Myanmar Economic Holdings Limited (MEHL), un conglom\u00e9rat li\u00e9 \u00e0 l&rsquo;arm\u00e9e renfor\u00e7ant les capacit\u00e9s \u00e9conomiques du r\u00e9gime militaire. Ses actions et son soutien au r\u00e9gime militaire entra\u00eenent des sanctions internationales \u00e0 son encontre.<\/p>\n<p><strong>HISTORIQUE DES FONCTIONS\u00a0<\/strong>:<\/p>\n<p>FONCTION 2 : Commandant en chef de l\u2019arm\u00e9e de l\u2019air &#8211; Depuis 01\/2022<br \/>\nEntretien des liens avec les forces arm\u00e9es thailandaises et l&rsquo;ASEAN<\/p>\n<p>FONCTION 1 : Membre de la gouvernance Myanmar Economic Holdings Limited<br \/>\nImplication dans un conglom\u00e9rat soutenant les op\u00e9rations de l&rsquo;arm\u00e9e<\/p>\n<p><strong>SOURCES\u00a0<\/strong>:<\/p>\n<p>https:\/\/www.opensanctions.org\/entities\/Q116822395\/<\/p>\n<p>https:\/\/prachataienglish.com\/node\/10458<\/p>\n<p>https:\/\/www.justiceformyanmar.org\/press-releases\/jfm-demands-asean-cancel-air-force-conference-to-be-chaired-by-myanmar-war-criminal-in-september<\/p>\n<p>https:\/\/www.reuters.com\/world\/asia-pacific\/myanmar-junta-replaces-air-force-chief-amid-bombing-campaign-sources-2022-01-12\/<\/p>\n<\/div><\/div><\/div><\/div><\/li><li class=\"no_children next_no_children\" data-children=0><div class=\"wpda_tree_item_container\" id=\"wpda_item_container_21\" ><span class=\"wpda_tree_line\"><\/span><div class=\"wpda_tree_open_popup_el\"><div class=\"wpda_tree_item_img_cont \"><img decoding=\"async\" class=\"wpda_tree_item_img\" src=\"https:\/\/intl-crimes-doc.org\/wp-content\/uploads\/2024\/11\/bf.svg\"><\/div><div tabindex=\"0\" class=\"wpda_tree_item_title \">Etat major de la Marine<\/div><div tabindex=\"0\" class=\"wpda_tree_item_desc\" >Moe Aung, \u1019\u102d\u102f\u1038\u1021\u1031\u102c\u1004\u103a, \ndepuis 2021<\/div><div date-popup-theme = \"11\" class=\"wpda_tree_popup_content wpda_tree_element_hidden\"><div class=\"wpda_popup_innerhtml\"><p><strong>NOM\u00a0<\/strong>: Moe Aung, \u1019\u102d\u102f\u1038\u1021\u1031\u102c\u1004\u103a<\/p>\n<p><strong>SEXE\u00a0<\/strong>: Homme<\/p>\n<p><strong>DATE ET LIEU DE NAISSANCE\u00a0<\/strong>: <em>[ind\u00e9termin\u00e9]<\/em>, Myanmar<\/p>\n<p><strong>STATUT\u00a0<\/strong>: Vivant (en 2025)<\/p>\n<p><strong>ELEMENTS BIOGRAPHIQUES\u00a0<\/strong>:<\/p>\n<p>Moe Aung est un amiral, Commandant en chef de la marine du Myanmar. Il est form\u00e9 \u00e0 la 28e acad\u00e9mie militaire et fait actuellement partie du Conseil de l&rsquo;administration d&rsquo;\u00c9tat et du Conseil national de d\u00e9fense et de s\u00e9curit\u00e9. Sa position fait de lui une figure importante de la mise en \u0153uvre de la r\u00e9pression, au cours de laquelle des crimes internationaux sont perp\u00e9tr\u00e9s.<\/p>\n<p><strong>HISTORIQUE DES FONCTIONS\u00a0<\/strong>:<\/p>\n<p>FONCTION 2 : Commandant en chef de la marine &#8211; Depuis 2021<\/p>\n<p>FONCTION 1 : Membre du Conseil d&rsquo;administration de l&rsquo;\u00c9tat<\/p>\n<p><strong>SOURCES\u00a0<\/strong>:<\/p>\n<p>https:\/\/opensanctions.org\/entities\/Q116822184\/<\/p>\n<p>https:\/\/wikidata.org\/wiki\/Q116822184<\/p>\n<blockquote class=\"wp-embedded-content\" data-secret=\"S5WgjxyPFH\"><p><a href=\"https:\/\/myanmar-now.org\/mm\/news\/6697\/\">\u1005\u1005\u103a\u1000\u1031\u102c\u1004\u103a\u1005\u102e\u1010\u103d\u1004\u103a \u1010\u102c\u101d\u1014\u103a\u1021\u101b\u103e\u102d\u1006\u102f\u1036\u1038 \u1005\u1005\u103a\u1017\u102d\u102f\u101c\u103a\u1001\u103b\u102f\u1015\u103a\u1000\u103c\u102e\u1038\u1019\u103b\u102c\u1038\u00a0<\/a><\/p><\/blockquote>\n<p><iframe class=\"wp-embedded-content\" sandbox=\"allow-scripts\" security=\"restricted\" style=\"position: absolute; visibility: hidden;\" title=\"&#8220;\u1005\u1005\u103a\u1000\u1031\u102c\u1004\u103a\u1005\u102e\u1010\u103d\u1004\u103a \u1010\u102c\u101d\u1014\u103a\u1021\u101b\u103e\u102d\u1006\u102f\u1036\u1038 \u1005\u1005\u103a\u1017\u102d\u102f\u101c\u103a\u1001\u103b\u102f\u1015\u103a\u1000\u103c\u102e\u1038\u1019\u103b\u102c\u1038\u00a0&#8221; &#8212; Myanmar Now\" src=\"https:\/\/myanmar-now.org\/mm\/news\/6697\/embed\/#?secret=HQyH9RIsng#?secret=S5WgjxyPFH\" data-secret=\"S5WgjxyPFH\" width=\"600\" height=\"338\" frameborder=\"0\" marginwidth=\"0\" marginheight=\"0\" scrolling=\"no\"><\/iframe><\/p>\n<\/div><\/div><\/div><\/div><\/li><li class=\"no_children next_no_children\" data-children=0><div class=\"wpda_tree_item_container\" id=\"wpda_item_container_22\" ><span class=\"wpda_tree_line\"><\/span><div class=\"wpda_tree_open_popup_el\"><div class=\"wpda_tree_item_img_cont \"><img decoding=\"async\" class=\"wpda_tree_item_img\" src=\"https:\/\/intl-crimes-doc.org\/wp-content\/uploads\/2024\/11\/bf.svg\"><\/div><div tabindex=\"0\" class=\"wpda_tree_item_title \">Porte parole de l'Arm\u00e9e<\/div><div tabindex=\"0\" class=\"wpda_tree_item_desc\" >Zaw Min Tun, \u1007\u1031\u102c\u103a\u1019\u1004\u103a\u1038\u1011\u103d\u1014\u103a\u1038, \ndepuis 2021<\/div><div date-popup-theme = \"11\" class=\"wpda_tree_popup_content wpda_tree_element_hidden\"><div class=\"wpda_popup_innerhtml\"><p><strong>NOM\u00a0<\/strong>: Zaw Min Tun, \u1007\u1031\u102c\u103a\u1019\u1004\u103a\u1038\u1011\u103d\u1014\u103a\u1038<\/p>\n<p><strong>SEXE\u00a0<\/strong>: Homme<\/p>\n<p><strong>DATE ET LIEU DE NAISSANCE\u00a0<\/strong>: [ind\u00e9termin\u00e9],Yenangyaung, Myanmar<\/p>\n<p><strong>STATUT\u00a0<\/strong>: Vivant (en 2025)<\/p>\n<p><strong>ELEMENTS BIOGRAPHIQUES\u00a0<\/strong>:<\/p>\n<p>Zaw Min Tun est le porte-parole de l&rsquo;arm\u00e9e et le vice-ministre de l&rsquo;information, depuis le coup d&rsquo;Etat de 2021. Il est \u00e9galement un membre influent du Conseil de l&rsquo;Administration d&rsquo;\u00c9tat, organe dirigeant issu du coup d&rsquo;\u00c9tat. En tant que chef de l&rsquo;\u00e9quipe de presse du m\u00e9dia \u00ab\u00a0Tatmadaw True News\u00a0\u00bb, il joue un r\u00f4le central dans la propagande de l&rsquo;arm\u00e9e pour justifier la r\u00e9pression violente contre les civils et les opposants.<\/p>\n<p><strong>HISTORIQUE DES FONCTIONS\u00a0<\/strong>:<\/p>\n<p>FONCTION 3 : Porte-parole de l&rsquo;arm\u00e9e &#8211; Depuis 2021<\/p>\n<p>FONCTION 2 : Chef de l\u2019\u00e9quipe de presse du Conseil d&rsquo;Administration de l&rsquo;\u00c9tat<br \/>\net de \u00ab\u00a0Tatmadaw True News\u00a0\u00bb<\/p>\n<p>FONCTION 1 : Vice-ministre de l&rsquo;information &#8211; Depuis 2021<\/p>\n<p><strong>SOURCES\u00a0<\/strong>:<\/p>\n<p>https:\/\/www.opensanctions.org\/entities\/Q105525835\/<\/p>\n<\/div><\/div><\/div><\/div><\/li><li class=\"no_children next_no_children\" data-children=0><div class=\"wpda_tree_item_container\" id=\"wpda_item_container_23\" ><span class=\"wpda_tree_line\"><\/span><div class=\"wpda_tree_open_popup_el\"><div class=\"wpda_tree_item_img_cont \"><img decoding=\"async\" class=\"wpda_tree_item_img\" src=\"https:\/\/intl-crimes-doc.org\/wp-content\/uploads\/2024\/11\/bf.svg\"><\/div><div tabindex=\"0\" class=\"wpda_tree_item_title \">Org. des anciens combattants<\/div><div tabindex=\"0\" class=\"wpda_tree_item_desc\" >Sein Win, \u1005\u102d\u1014\u103a\u101d\u1004\u103a\u1038,\nde 02\/2021 \u00e0 (au moins) 10\/2022<\/div><div date-popup-theme = \"11\" class=\"wpda_tree_popup_content wpda_tree_element_hidden\"><div class=\"wpda_popup_innerhtml\"><p><strong>NOM\u00a0<\/strong>: Sein Win, \u1005\u102d\u1014\u103a\u101d\u1004\u103a\u1038<\/p>\n<p><strong>SEXE\u00a0<\/strong>: Homme<\/p>\n<p><strong>DATE ET LIEU DE NAISSANCE\u00a0<\/strong>: ??\/07\/1956, Pyin Oo Lwin, Myanmar<\/p>\n<p><strong>STATUT\u00a0<\/strong>: Vivant (en 2025)<\/p>\n<p><strong>ELEMENTS BIOGRAPHIQUES\u00a0<\/strong>:<\/p>\n<p>Sein Win est ministre de la D\u00e9fense de 2015 \u00e0 f\u00e9vrier 2021. En tant que tel, il est directement impliqu\u00e9 dans la pers\u00e9cution syst\u00e9matique des minorit\u00e9s ethniques, notamment les Rohingyas, dans les \u00c9tats de Rakhine, Kachin et Shan. Il est sanctionn\u00e9 par plusieurs pays en raison de son r\u00f4le dans le coup d&rsquo;\u00c9tat de 2021 et de sa responsabilit\u00e9 dans la commission de crimes internationaux. Depuis 2021, il pr\u00e9side l&rsquo;Organisation des anciens combattants du Myanmar, une organisation qui soutient le r\u00e9gime militaire. Ses actions entra\u00eenent des sanctions internationales \u00e0 son encontre.<\/p>\n<p><strong>HISTORIQUE DES FONCTIONS\u00a0<\/strong>:<\/p>\n<p>FONCTION 2 : Pr\u00e9sident de l&rsquo;Organisation des anciens combattants du Myanmar &#8211; De 02\/2021 \u00e0 (au moins) 10\/2022<\/p>\n<p>FONCTION 1 : Ministre de la D\u00e9fense &#8211; du 24\/08\/2015 au 01\/02\/2021<\/p>\n<p><strong>SOURCES\u00a0<\/strong>:<\/p>\n<p>https:\/\/www.opensanctions.org\/entities\/Q25189697\/<\/p>\n<\/div><\/div><\/div><\/div><\/li><\/ul>\r\n<script>\r\nwpda_org_chart_popup_theme = new Array();\r\nwpda_org_chart_popup_theme[11] = {\"name\":\"Default\",\"popup_width\":{\"metric_desktop\":\"px\",\"metric_tablet\":\"px\",\"metric_mobile\":\"px\",\"desktop\":\"900\",\"tablet\":\"1024\",\"mobile\":\"320\"},\"popup_height\":{\"metric_desktop\":\"px\",\"metric_tablet\":\"px\",\"metric_mobile\":\"px\",\"desktop\":\"450\",\"tablet\":\"576\",\"mobile\":\"480\"},\"popup_bg_color\":{\"gradient\":\"none\",\"color1\":\"#e5e5e5\",\"color2\":\"rgba(255,255,255,1)\"},\"padding\":{\"metric_desktop\":\"px\",\"metric_tablet\":\"px\",\"metric_mobile\":\"px\",\"desktop_top\":40,\"desktop_right\":30,\"desktop_bottom\":40,\"desktop_left\":30,\"tablet_top\":0,\"tablet_right\":0,\"tablet_bottom\":0,\"tablet_left\":0,\"mobile_top\":0,\"mobile_right\":0,\"mobile_bottom\":0,\"mobile_left\":0},\"popup_position\":\"5\",\"popup_fixed_postion\":\"relative\",\"popup_border_type\":\"solid\",\"popup_border_color\":\"#353535\",\"popup_border_width\":{\"metric_desktop\":\"px\",\"desktop\":\"1\"},\"popup_border_radius\":{\"metric_desktop\":\"px\",\"desktop\":\"10\"},\"popup_animation_type\":\"fade\",\"popup_animation_time\":{\"desktop\":\"800\"},\"overlay_bg_color\":{\"gradient\":\"to bottom\",\"color1\":\"rgba(10,1,1,0.7)\",\"color2\":\"rgba(0,0,0,0.5)\"},\"close_button_text\":{\"desktop\":\"X\"},\"close_section_type\":\"section\",\"close_aditional\":\"esc_click\",\"close_button_text_font_family\":\"Arial,Helvetica Neue,Helvetica,sans-serif\",\"close_button_text_color\":\"#ffffff\",\"close_button_text_font_size\":{\"metric_desktop\":\"px\",\"desktop\":\"20\"},\"close_button_text_letter_spacing\":{\"metric_desktop\":\"px\",\"desktop\":\"normal\"},\"close_button_text_line_height\":{\"metric_desktop\":\"em\",\"desktop\":\"normal\"},\"close_button_text_font_weight\":\"initial\",\"close_button_text_font_style\":\"initial\",\"close_button_section_bg_color\":\"#707070\",\"close_section_border_bottom_type\":\"solid\",\"close_section_border_bottom_color\":\"#cccccc\",\"close_section_border_bottom_width\":{\"metric_desktop\":\"px\",\"desktop\":\"1\"}}\r\n<\/script><\/li><li class=\"has_children next_no_children\" data-children=1><div class=\"wpda_tree_item_container\" id=\"wpda_item_container_24\" ><span class=\"wpda_tree_line\"><\/span><div class=\"wpda_tree_open_popup_el\"><div class=\"wpda_tree_item_img_cont \"><img decoding=\"async\" class=\"wpda_tree_item_img\" src=\"https:\/\/intl-crimes-doc.org\/wp-content\/uploads\/2024\/11\/bf.svg\"><\/div><div tabindex=\"0\" class=\"wpda_tree_item_title \">Minist\u00e8re des Affaires Etrang\u00e8res<\/div><div tabindex=\"0\" class=\"wpda_tree_item_desc\" >Than Swe, \u101e\u1014\u103a\u1038\u1006\u103d\u1031,\ndepuis [ind\u00e9termin\u00e9]<\/div><div date-popup-theme = \"11\" class=\"wpda_tree_popup_content wpda_tree_element_hidden\"><div class=\"wpda_popup_innerhtml\"><p><strong>NOM\u00a0<\/strong>: Than Swe, \u101e\u1014\u103a\u1038\u1006\u103d\u1031<\/p>\n<p><strong>SEXE\u00a0<\/strong>: Homme<\/p>\n<p><strong>DATE ET LIEU DE NAISSANCE\u00a0<\/strong>: 1953, Myanmar<\/p>\n<p><strong>STATUT\u00a0<\/strong>: Vivant (en 2025)<\/p>\n<p><strong>ELEMENTS BIOGRAPHIQUES\u00a0<\/strong>:<\/p>\n<p>Than Swe est ministre des Affaires \u00e9trang\u00e8res. Son r\u00f4le consiste \u00e0 g\u00e9rer la diplomatie de la junte. En tant que ministre, il s&rsquo;exprime pour renforcer la l\u00e9gitimit\u00e9 du r\u00e9gime militaire malgr\u00e9 les exactions commises par les forces arm\u00e9es.<\/p>\n<p><strong>HISTORIQUE DES FONCTIONS\u00a0<\/strong>:<\/p>\n<p>FONCTION 1 : Ministre des Affaires \u00e9trang\u00e8res<\/p>\n<p><strong>SOURCES\u00a0<\/strong>:<\/p>\n<p>https:\/\/www.opensanctions.org\/entities\/Q116858792\/<\/p>\n<\/div><\/div><\/div><\/div><ul ><li class=\"no_children next_no_children\" data-children=0><div class=\"wpda_tree_item_container\" id=\"wpda_item_container_25\" ><span class=\"wpda_tree_line\"><\/span><div class=\"wpda_tree_open_popup_el\"><div class=\"wpda_tree_item_img_cont \"><img decoding=\"async\" class=\"wpda_tree_item_img\" src=\"https:\/\/intl-crimes-doc.org\/wp-content\/uploads\/2024\/11\/bf.svg\"><\/div><div tabindex=\"0\" class=\"wpda_tree_item_title \">Diplomatie du Myanmar en Chine<\/div><div tabindex=\"0\" class=\"wpda_tree_item_desc\" >Thit Lin Aung, \u101e\u1005\u103a\u101c\u1004\u103a\u1038\u1021\u102f\u1014\u103a\u1038 \nde [indetermin\u00e9] \u00e0 [indetermin\u00e9]<\/div><div date-popup-theme = \"11\" class=\"wpda_tree_popup_content wpda_tree_element_hidden\"><div class=\"wpda_popup_innerhtml\"><p><strong>NOM\u00a0<\/strong>: Thit Lin Aung, \u101e\u1005\u103a\u101c\u1004\u103a\u1038\u1021\u102f\u1014\u103a\u1038<\/p>\n<p><strong>SEXE\u00a0<\/strong>: Homme<\/p>\n<p><strong>DATE ET LIEU DE NAISSANCE\u00a0<\/strong>: 17\/05\/1962, Myanmar<\/p>\n<p><strong>STATUT\u00a0<\/strong>: Vivant (en 2025)<\/p>\n<p><strong>ELEMENTS BIOGRAPHIQUES\u00a0<\/strong>:<\/p>\n<p>Thit Lin Aung est ambassadeur du Myanmar aupr\u00e8s de la R\u00e9publique populaire de Chine et de la F\u00e9d\u00e9ration de Russie. Ancien membre de l&rsquo;Acad\u00e9mie des services de d\u00e9fense du Myanmar, son r\u00f4le diplomatique consiste \u00e0 d\u00e9fendre le r\u00e9gime militaire apr\u00e8s le coup d&rsquo;\u00c9tat de 2021, et \u00e0 \u00e9viter l&rsquo;isolement international du pays.<\/p>\n<p><strong>HISTORIQUE DES FONCTIONS\u00a0<\/strong>:<\/p>\n<p>FONCTION 1 : Diplomate aupr\u00e8s de la R\u00e9publique populaire de Chine et de la F\u00e9d\u00e9ration de Russie.<\/p>\n<p><strong>SOURCES\u00a0<\/strong>:<\/p>\n<p>https:\/\/www.opensanctions.org\/entities\/Q131466727\/<\/p>\n<\/div><\/div><\/div><\/div><\/li><\/ul>\r\n<script>\r\nwpda_org_chart_popup_theme = new Array();\r\nwpda_org_chart_popup_theme[11] = {\"name\":\"Default\",\"popup_width\":{\"metric_desktop\":\"px\",\"metric_tablet\":\"px\",\"metric_mobile\":\"px\",\"desktop\":\"900\",\"tablet\":\"1024\",\"mobile\":\"320\"},\"popup_height\":{\"metric_desktop\":\"px\",\"metric_tablet\":\"px\",\"metric_mobile\":\"px\",\"desktop\":\"450\",\"tablet\":\"576\",\"mobile\":\"480\"},\"popup_bg_color\":{\"gradient\":\"none\",\"color1\":\"#e5e5e5\",\"color2\":\"rgba(255,255,255,1)\"},\"padding\":{\"metric_desktop\":\"px\",\"metric_tablet\":\"px\",\"metric_mobile\":\"px\",\"desktop_top\":40,\"desktop_right\":30,\"desktop_bottom\":40,\"desktop_left\":30,\"tablet_top\":0,\"tablet_right\":0,\"tablet_bottom\":0,\"tablet_left\":0,\"mobile_top\":0,\"mobile_right\":0,\"mobile_bottom\":0,\"mobile_left\":0},\"popup_position\":\"5\",\"popup_fixed_postion\":\"relative\",\"popup_border_type\":\"solid\",\"popup_border_color\":\"#353535\",\"popup_border_width\":{\"metric_desktop\":\"px\",\"desktop\":\"1\"},\"popup_border_radius\":{\"metric_desktop\":\"px\",\"desktop\":\"10\"},\"popup_animation_type\":\"fade\",\"popup_animation_time\":{\"desktop\":\"800\"},\"overlay_bg_color\":{\"gradient\":\"to bottom\",\"color1\":\"rgba(10,1,1,0.7)\",\"color2\":\"rgba(0,0,0,0.5)\"},\"close_button_text\":{\"desktop\":\"X\"},\"close_section_type\":\"section\",\"close_aditional\":\"esc_click\",\"close_button_text_font_family\":\"Arial,Helvetica Neue,Helvetica,sans-serif\",\"close_button_text_color\":\"#ffffff\",\"close_button_text_font_size\":{\"metric_desktop\":\"px\",\"desktop\":\"20\"},\"close_button_text_letter_spacing\":{\"metric_desktop\":\"px\",\"desktop\":\"normal\"},\"close_button_text_line_height\":{\"metric_desktop\":\"em\",\"desktop\":\"normal\"},\"close_button_text_font_weight\":\"initial\",\"close_button_text_font_style\":\"initial\",\"close_button_section_bg_color\":\"#707070\",\"close_section_border_bottom_type\":\"solid\",\"close_section_border_bottom_color\":\"#cccccc\",\"close_section_border_bottom_width\":{\"metric_desktop\":\"px\",\"desktop\":\"1\"}}\r\n<\/script><\/li><li class=\"no_children next_no_children\" data-children=0><div class=\"wpda_tree_item_container\" id=\"wpda_item_container_26\" ><span class=\"wpda_tree_line\"><\/span><div class=\"wpda_tree_open_popup_el\"><div class=\"wpda_tree_item_img_cont \"><img decoding=\"async\" class=\"wpda_tree_item_img\" src=\"https:\/\/intl-crimes-doc.org\/wp-content\/uploads\/2024\/11\/bf.svg\"><\/div><div tabindex=\"0\" class=\"wpda_tree_item_title \">Minist\u00e8re du Commerce<\/div><div tabindex=\"0\" class=\"wpda_tree_item_desc\" >Aung Naing Oo, \u1021\u1031\u102c\u1004\u103a\u1014\u102d\u102f\u1004\u103a\u1026\u1038,\ndepuis 08\/2022<\/div><div date-popup-theme = \"11\" class=\"wpda_tree_popup_content wpda_tree_element_hidden\"><div class=\"wpda_popup_innerhtml\"><p><strong>NOM\u00a0<\/strong>: Aung Naing Oo, \u1021\u1031\u102c\u1004\u103a\u1014\u102d\u102f\u1004\u103a\u1026\u1038<\/p>\n<p><strong>SEXE\u00a0<\/strong>: Homme<\/p>\n<p><strong>DATE ET LIEU DE NAISSANCE\u00a0<\/strong>: ??\/10\/1962, Kyaukse, Mandalay, Myanmar<\/p>\n<p><strong>STATUT\u00a0<\/strong>: Vivant (en 2025)<\/p>\n<p><strong>ELEMENTS BIOGRAPHIQUES\u00a0<\/strong>:<\/p>\n<p>Aung Naing Oo, en tant que ministre charg\u00e9 de l&rsquo;investissement et des relations \u00e9conomiques ext\u00e9rieures, facilite les investissements \u00e9trangers en le soutient financier de la junte militaire. Il soutient publiquement le coup d&rsquo;\u00c9tat. En f\u00e9vrier 2021, exercerait des pressions contre des soci\u00e9t\u00e9s de t\u00e9l\u00e9communications et contribuerait \u00e0 r\u00e9primer des fonctionnaires ayant particip\u00e9 aux manifestations contre le r\u00e9gime. En ao\u00fbt 2022, il est d\u00e9sign\u00e9 ministre du Commerce.<\/p>\n<p><strong>HISTORIQUE DES FONCTIONS\u00a0<\/strong>:<\/p>\n<p>FONCTION 2 : Ministre du Commerce &#8211; Depuis 08\/2022<\/p>\n<p>FONCTION 1 : Ministre de l&rsquo;Investissement et des Relations \u00c9conomiques &#8211; De 02\/2021 \u00e0 08\/2022<\/p>\n<p><strong>SOURCES\u00a0<\/strong>:<\/p>\n<p>https:\/\/www.opensanctions.org\/entities\/Q105203929\/<\/p>\n<\/div><\/div><\/div><\/div><\/li><li class=\"no_children next_no_children\" data-children=0><div class=\"wpda_tree_item_container\" id=\"wpda_item_container_27\" ><span class=\"wpda_tree_line\"><\/span><div class=\"wpda_tree_open_popup_el\"><div class=\"wpda_tree_item_img_cont \"><img decoding=\"async\" class=\"wpda_tree_item_img\" src=\"https:\/\/intl-crimes-doc.org\/wp-content\/uploads\/2024\/11\/bf.svg\"><\/div><div tabindex=\"0\" class=\"wpda_tree_item_title \">Minist\u00e8re des Transports <br \/> et des Communications<\/div><div tabindex=\"0\" class=\"wpda_tree_item_desc\" >Mya Tun Oo, \u1019\u103b\u102c\u1011\u103d\u1014\u103a\u1038\u1026\u1038,\ndepuis 08\/2023<\/div><div date-popup-theme = \"11\" class=\"wpda_tree_popup_content wpda_tree_element_hidden\"><div class=\"wpda_popup_innerhtml\"><p><strong>NOM\u00a0<\/strong>: Mya Tun Oo, \u1019\u103b\u102c\u1011\u103d\u1014\u103a\u1038\u1026\u1038<\/p>\n<p><strong>SEXE\u00a0<\/strong>: Homme<\/p>\n<p><strong>DATE ET LIEU DE NAISSANCE\u00a0<\/strong>: ??\/05\/1961, Yangon, Myanmar<\/p>\n<p><strong>STATUT\u00a0<\/strong>: Vivant (en 2025)<\/p>\n<p><strong>ELEMENTS BIOGRAPHIQUES\u00a0<\/strong>:<\/p>\n<p>Mya Tun Oo devient Chef d&rsquo;\u00e9tat-major des arm\u00e9es en 2016. Il a sous sa responsabilit\u00e9 les troupes qui op\u00e8rent dans les r\u00e9gions de Rakhine, Shan et Kachin, et qui commettent des violences syst\u00e9matiques contre des minorit\u00e9s ethniques. Apr\u00e8s le coup d&rsquo;\u00c9tat de 2021, il est nomm\u00e9 ministre de la D\u00e9fense et rejoint le Conseil d&rsquo;administration d&rsquo;Etat, ce qui lui donne une responsabilit\u00e9 dans la r\u00e9pression violente contre les opposants pro-d\u00e9mocratie \u00e0 cette p\u00e9riode. Ses actions entra\u00eenent des sanctions internationales. En f\u00e9vrier 2023, il est nomm\u00e9 vice-Premier ministre, puis ministre des Transports et des Communications en aout 2023.<\/p>\n<p><strong>HISTORIQUE DES FONCTIONS\u00a0<\/strong>:<\/p>\n<p>FONCTION 6 : Ministre des Transports et des Communications &#8211; Depuis 08\/2023<br \/>\nA entretenu des liens avec la Chine, notamment \u00e0 l&rsquo;occasion d&rsquo;un d\u00e9placement \u00e0 Beijing en septembre 2023<\/p>\n<p>FONCTION 5 : Vice Premier Ministre &#8211; De 02\/2023 \u00e0 08\/2023<\/p>\n<p>FONCTION 4 : Ministre de la D\u00e9fense &#8211; De 02\/2021 \u00e0 08\/2023<\/p>\n<p>FONCTION 3 : Membre du Conseil d&rsquo;Administration de l&rsquo;\u00c9tat &#8211; A partir de 2021<\/p>\n<p>FONCTION 2 : Chef d&rsquo;\u00e9tat-major g\u00e9n\u00e9ral (terre-air-mer) &#8211; De 2016 \u00e0 2021<\/p>\n<p>FONCTION 1 : Commandant de la 101e division d&rsquo;infanterie<\/p>\n<p><strong>SOURCES\u00a0<\/strong>:<\/p>\n<p>https:\/\/www.opensanctions.org\/entities\/Q19718465\/<\/p>\n<p>https:\/\/myanmar.securityforcemonitor.org\/explore\/c771c291<\/p>\n<p>https:\/\/thediplomat.com\/2022\/06\/myanmar-junta-moves-aung-san-suu-kyi-trial-to-new-prison-facility\/<\/p>\n<p>https:\/\/www.irrawaddy.com\/news\/burma\/beijing-bound-myanmar-transport-minister-joins-race-to-china.htmlhttps:\/\/myanmar-now.org\/mm\/news\/6697\/<\/p>\n<\/div><\/div><\/div><\/div><\/li><li class=\"no_children next_no_children\" data-children=0><div class=\"wpda_tree_item_container\" id=\"wpda_item_container_28\" ><span class=\"wpda_tree_line\"><\/span><div class=\"wpda_tree_open_popup_el\"><div class=\"wpda_tree_item_img_cont \"><img decoding=\"async\" class=\"wpda_tree_item_img\" src=\"https:\/\/intl-crimes-doc.org\/wp-content\/uploads\/2024\/11\/bf.svg\"><\/div><div tabindex=\"0\" class=\"wpda_tree_item_title \">Conseil de l'Administration d'Etat <br \/> Secr\u00e9tariat<\/div><div tabindex=\"0\" class=\"wpda_tree_item_desc\" >Aung Lin Dwe, \u1021\u1031\u102c\u1004\u103a\u101c\u1004\u103a\u1038\u1012\u103d\u1032,\nSecr\u00e9taire du CAE\ndepuis 02\/2021<\/div><div date-popup-theme = \"11\" class=\"wpda_tree_popup_content wpda_tree_element_hidden\"><div class=\"wpda_popup_innerhtml\"><p><strong>NOM\u00a0<\/strong>: Aung Lin Dwe, \u1021\u1031\u102c\u1004\u103a\u101c\u1004\u103a\u1038\u1012\u103d\u1032<\/p>\n<p><strong>SEXE\u00a0<\/strong>: Homme<\/p>\n<p><strong>DATE ET LIEU DE NAISSANCE\u00a0<\/strong>: 31\/05\/1962, Myanmar<\/p>\n<p><strong>STATUT\u00a0<\/strong>: Vivant (en 2025)<\/p>\n<p><strong>ELEMENTS BIOGRAPHIQUES\u00a0<\/strong>:<\/p>\n<p>Aung Lin Dwe occupe le poste de secr\u00e9taire du Conseil d&rsquo;administration de l&rsquo;\u00c9tat depuis 2021. Il joue un r\u00f4le essentiel dans la mise en \u0153uvre des d\u00e9cisions du r\u00e9gime militaire, y compris la r\u00e9pression violente de l&rsquo;opposition. Ses actions entra\u00eenent des sanctions internationales \u00e0 son encontre.<\/p>\n<p><strong>HISTORIQUE DES FONCTIONS\u00a0<\/strong>:<\/p>\n<p>FONCTION 1 : Secr\u00e9taire du Conseil d&rsquo;administration de l&rsquo;\u00c9tat &#8211; Depuis 02\/2021<\/p>\n<p><strong>SOURCES\u00a0<\/strong>:<\/p>\n<p>https:\/\/www.opensanctions.org\/entities\/Q105444004\/<\/p>\n<blockquote class=\"wp-embedded-content\" data-secret=\"S5WgjxyPFH\"><p><a href=\"https:\/\/myanmar-now.org\/mm\/news\/6697\/\">\u1005\u1005\u103a\u1000\u1031\u102c\u1004\u103a\u1005\u102e\u1010\u103d\u1004\u103a \u1010\u102c\u101d\u1014\u103a\u1021\u101b\u103e\u102d\u1006\u102f\u1036\u1038 \u1005\u1005\u103a\u1017\u102d\u102f\u101c\u103a\u1001\u103b\u102f\u1015\u103a\u1000\u103c\u102e\u1038\u1019\u103b\u102c\u1038\u00a0<\/a><\/p><\/blockquote>\n<p><iframe class=\"wp-embedded-content\" sandbox=\"allow-scripts\" security=\"restricted\" style=\"position: absolute; visibility: hidden;\" title=\"&#8220;\u1005\u1005\u103a\u1000\u1031\u102c\u1004\u103a\u1005\u102e\u1010\u103d\u1004\u103a \u1010\u102c\u101d\u1014\u103a\u1021\u101b\u103e\u102d\u1006\u102f\u1036\u1038 \u1005\u1005\u103a\u1017\u102d\u102f\u101c\u103a\u1001\u103b\u102f\u1015\u103a\u1000\u103c\u102e\u1038\u1019\u103b\u102c\u1038\u00a0&#8221; &#8212; Myanmar Now\" src=\"https:\/\/myanmar-now.org\/mm\/news\/6697\/embed\/#?secret=HQyH9RIsng#?secret=S5WgjxyPFH\" data-secret=\"S5WgjxyPFH\" width=\"600\" height=\"338\" frameborder=\"0\" marginwidth=\"0\" marginheight=\"0\" scrolling=\"no\"><\/iframe><\/p>\n<\/div><\/div><\/div><\/div><\/li><\/ul>\r\n<script>\r\nwpda_org_chart_popup_theme = new Array();\r\nwpda_org_chart_popup_theme[11] = {\"name\":\"Default\",\"popup_width\":{\"metric_desktop\":\"px\",\"metric_tablet\":\"px\",\"metric_mobile\":\"px\",\"desktop\":\"900\",\"tablet\":\"1024\",\"mobile\":\"320\"},\"popup_height\":{\"metric_desktop\":\"px\",\"metric_tablet\":\"px\",\"metric_mobile\":\"px\",\"desktop\":\"450\",\"tablet\":\"576\",\"mobile\":\"480\"},\"popup_bg_color\":{\"gradient\":\"none\",\"color1\":\"#e5e5e5\",\"color2\":\"rgba(255,255,255,1)\"},\"padding\":{\"metric_desktop\":\"px\",\"metric_tablet\":\"px\",\"metric_mobile\":\"px\",\"desktop_top\":40,\"desktop_right\":30,\"desktop_bottom\":40,\"desktop_left\":30,\"tablet_top\":0,\"tablet_right\":0,\"tablet_bottom\":0,\"tablet_left\":0,\"mobile_top\":0,\"mobile_right\":0,\"mobile_bottom\":0,\"mobile_left\":0},\"popup_position\":\"5\",\"popup_fixed_postion\":\"relative\",\"popup_border_type\":\"solid\",\"popup_border_color\":\"#353535\",\"popup_border_width\":{\"metric_desktop\":\"px\",\"desktop\":\"1\"},\"popup_border_radius\":{\"metric_desktop\":\"px\",\"desktop\":\"10\"},\"popup_animation_type\":\"fade\",\"popup_animation_time\":{\"desktop\":\"800\"},\"overlay_bg_color\":{\"gradient\":\"to bottom\",\"color1\":\"rgba(10,1,1,0.7)\",\"color2\":\"rgba(0,0,0,0.5)\"},\"close_button_text\":{\"desktop\":\"X\"},\"close_section_type\":\"section\",\"close_aditional\":\"esc_click\",\"close_button_text_font_family\":\"Arial,Helvetica Neue,Helvetica,sans-serif\",\"close_button_text_color\":\"#ffffff\",\"close_button_text_font_size\":{\"metric_desktop\":\"px\",\"desktop\":\"20\"},\"close_button_text_letter_spacing\":{\"metric_desktop\":\"px\",\"desktop\":\"normal\"},\"close_button_text_line_height\":{\"metric_desktop\":\"em\",\"desktop\":\"normal\"},\"close_button_text_font_weight\":\"initial\",\"close_button_text_font_style\":\"initial\",\"close_button_section_bg_color\":\"#707070\",\"close_section_border_bottom_type\":\"solid\",\"close_section_border_bottom_color\":\"#cccccc\",\"close_section_border_bottom_width\":{\"metric_desktop\":\"px\",\"desktop\":\"1\"}}\r\n<\/script><\/li><\/ul><\/li><\/ul><\/li><\/ul><\/div><\/div><\/div><script>document.addEventListener(\"DOMContentLoaded\", function(event) { var wpda_org_chart_2= new wpdevart_org_chart_front(\"wpdevart_org_chart_container_2\",{mobile_frendly:\"mob_view_only_on_mob\",mobile_size:450,def_scroll:50, zoomable:\"enable_shift\", draggable:\"enable\", max_zoomable:\"1\", min_zoomable:\"10\", zoom_speed:\"10\"})});<\/script><style>#wpdevart_org_chart_container_parent_2{overflow-x:auto;}#wpdevart_org_chart_container_2{\r\n\t\t\tbackground-image: linear-gradient(to right, #ededed, #ededed);\r\n\t\t\tpadding-top:20px;\r\n\t\t\tpadding-right:;\r\n\t\t\tpadding-bottom:20px;\r\n\t\t\tpadding-left:20px;\r\n\t\t\tborder-style: solid;\r\n\t\t\tborder-color: #0a0a0a;\r\n\t\t\tborder-width: 2px;\r\n\t\t\tborder-radius: 30px;  \r\n\t\t}#wpdevart_org_chart_container_2 li{margin-top: 2px;}#wpdevart_org_chart_container_2 ul ul::before{left: calc(50% - 1px);\r\n\t\t\tborder-left: 2px solid #dd6666;\r\n\t\t\theight: 22px;\r\n\t\t\ttop: 0px;\r\n\t\t}#wpdevart_org_chart_container_2 li::before, #wpdevart_org_chart_container_2 li::after{\r\n\t\t\ttop: -2px;\r\n\t\t\tright: calc(50% - 1px);\r\n\t\t\twidth: calc(50% + 2px);\r\n\t\t\tborder-top: 2px solid #dd6666;\r\n\t\t\theight: 22px;\r\n\t\t}#wpdevart_org_chart_container_2 li:after{\r\n\t\t\tleft: calc(50% - 1px);\r\n\t\t\tborder-left: 2px solid #dd6666;\r\n\t\t}#wpdevart_org_chart_container_2 li:last-child::before{\r\n\t\t\tborder-right: 2px solid #dd6666;\r\n\t\t}#wpdevart_org_chart_container_2 li:first-child::before,\r\n\t\t#wpdevart_org_chart_container_2 li:last-child::after {\r\n\t\t  border: 0 none;\r\n\t\t}@media screen and (max-width: 1000px) {#wpdevart_org_chart_container_2{\r\n\t\t\tpadding-top:0px;\r\n\t\t\tpadding-right:0px;\r\n\t\t\tpadding-bottom:0px;\r\n\t\t\tpadding-left:0px;\t\t\r\n\t\t}}@media screen and (max-width: 450px) {#wpdevart_org_chart_container_2{\r\n\t\t\tpadding-top:0px;\r\n\t\t\tpadding-right:0px;\r\n\t\t\tpadding-bottom:0px;\r\n\t\t\tpadding-left:0px;\t\t\r\n\t\t}}#wpdevart_org_chart_container_2 .chart_wpda_mobile_before.has_children > ul:before{\r\n\t\t\ttop:-80px;\r\n\t\t\tleft:0px;\r\n\t\t\theight:80px;\r\n\t\t}#wpdevart_org_chart_container_2 .chart_wpda_mobile_before.has_children li .wpda_tree_item_container:after{\r\n\t\t\tborder-top: 2px solid #dd6666;\r\n\t\t}#wpdevart_org_chart_container_2 .chart_wpda_mobile_before.has_children li .wpda_tree_item_container:after{\r\n\t\t\tborder-top: 2px solid #dd6666;\r\n\t\t}#wpdevart_org_chart_container_2 .chart_wpda_mobile_before > ul li{\r\n\t\t\tborder-left:2px solid #dd6666;\r\n\t\t}#wpdevart_org_chart_container_2 .chart_wpda_mobile_before.has_children > .wpda_tree_item_container:before,#wpdevart_org_chart_container_2 .chart_wpda_mobile_before li.has_children > .wpda_tree_item_container:before{\r\n\t\t\tcontent: \"\";\r\n\t\t\tborder-left:2px solid #dd6666;\r\n\t\t}#wpdevart_org_chart_container_2 .chart_wpda_mobile_before li{\r\n\t\t\tmargin-top:0px;\r\n\t\t}#wpdevart_org_chart_container_2 .chart_wpda_mobile_before > ul li:last-child{\r\n\t\t\tborder-left: 0;\r\n\t\t}#wpdevart_org_chart_container_2 .chart_wpda_mobile_before > ul li:last-child > div > span.wpda_tree_line{\r\n\t\t\tborder-left: 2px solid #dd6666;\r\n\t\t}#wpdevart_org_chart_container_2 .chart_wpda_mobile_before.has_children li .wpda_tree_item_container:after {\r\n\t\t\ttop: calc(50% - 1px);\r\n\t\t}#wpdevart_org_chart_container_2 .chart_wpda_mobile_before li.has_children li .wpda_tree_item_container:after {\r\n\t\t\ttop: calc(50% - 1px);\r\n\t\t}.first_child_hidden#wpdevart_org_chart_container_2 .chart_wpda_mobile_before > ul > li > ul > li:first-child::before{\r\n\t\t\tborder-left: 2px solid #dd6666;\r\n\t\t\ttop: 80px;\r\n\t\t\theight: calc(100% - 80px);\r\n\t\t\tleft:0px;\r\n\t\t\twidth:0px;\r\n\t\t}.first_child_hidden#wpdevart_org_chart_container_2 .chart_wpda_mobile_before > ul > li > div.wpda_tree_item_container:before{\r\n\t\t\tborder:none;\r\n\t\t}#wpdevart_org_chart_container_2 .chart_wpda_mobile_before > ul li:last-child > .wpda_tree_item_container{\r\n\t\t\tpadding-left: 22px;\r\n\t\t}#wpdevart_org_chart_container_2 .chart_wpda_mobile_before > ul li:last-child > .wpda_tree_item_container:after{\r\n\t\t\twidth: 22px;\r\n\t\t}#wpdevart_org_chart_container_2 .chart_wpda_mobile_before > ul li:last-child > .wpda_tree_item_container:before{\r\n\t\t\tleft: 22px;\r\n\t\t}#wpdevart_org_chart_container_2 .chart_wpda_mobile_before > ul li:last-child > ul{\r\n\t\t\tmargin-left: 2px;\r\n\t\t}#wpdevart_org_chart_container_2 .wpdevart_highlight{\r\n\t\t\tbackground-color: #ffffff;\r\n\t\t}.wpda_mobile#wpdevart_org_chart_container_2 li.has_children > ul:before{\r\n\t\t\ttop:-80px;\r\n\t\t\tleft:0px;\r\n\t\t\theight:80px;\r\n\t\t}.wpda_mobile#wpdevart_org_chart_container_2 li.has_children li .wpda_tree_item_container:after{\r\n\t\t\tborder-top: 2px solid #dd6666;\r\n\t\t}#wpdevart_org_chart_container_2 .chart_wpda_mobile_before li.has_children li .wpda_tree_item_container:after{\r\n\t\t\tborder-top: 2px solid #dd6666;\r\n\t\t}.wpda_mobile#wpdevart_org_chart_container_2 > ul > li > ul li{\r\n\t\t\tborder-left:2px solid #dd6666;\r\n\t\t}.wpda_mobile#wpdevart_org_chart_container_2 li.has_children > .wpda_tree_item_container:before{\r\n\t\t\tcontent: \"\";\r\n\t\t\tborder-left:2px solid #dd6666;\r\n\t\t}.wpda_mobile#wpdevart_org_chart_container_2 li{\r\n\t\t\tmargin-top:0px;\r\n\t\t}.wpda_mobile#wpdevart_org_chart_container_2 > ul > li > ul li:last-child{\r\n\t\t\tborder-left: 0;\r\n\t\t}.wpda_mobile#wpdevart_org_chart_container_2 > ul > li > ul li:last-child > div > span.wpda_tree_line{\r\n\t\t\tborder-left: 2px solid #dd6666;\r\n\t\t}.wpda_mobile#wpdevart_org_chart_container_2 li.has_children li .wpda_tree_item_container:after {\r\n\t\t\ttop: calc(50% - 1px);\r\n\t\t}#wpdevart_org_chart_container_2 .chart_wpda_mobile_before li.has_children li .wpda_tree_item_container:after {\r\n\t\t\ttop: calc(50% - 1px);\r\n\t\t}.wpda_mobile.first_child_hidden#wpdevart_org_chart_container_2 > ul > li > ul > li:first-child::before{\r\n\t\t\tborder-left: 2px solid #dd6666;\r\n\t\t\ttop: 80px;\r\n\t\t\theight: calc(100% - 80px);\r\n\t\t\tleft:0px;\r\n\t\t\twidth:0px;\r\n\t\t}.wpda_mobile.first_child_hidden#wpdevart_org_chart_container_2  > ul > li > div.wpda_tree_item_container:before{\r\n\t\t\tborder:none;\r\n\t\t}.wpda_mobile#wpdevart_org_chart_container_2  > ul > li > ul li:last-child > .wpda_tree_item_container{\r\n\t\t\tpadding-left: 22px;\r\n\t\t}.wpda_mobile#wpdevart_org_chart_container_2  > ul > li > ul li:last-child > .wpda_tree_item_container:after{\r\n\t\t\twidth: 22px;\r\n\t\t}.wpda_mobile#wpdevart_org_chart_container_2  > ul > li > ul li:last-child > .wpda_tree_item_container:before{\r\n\t\t\tleft: 22px;\r\n\t\t}.wpda_mobile#wpdevart_org_chart_container_2 > ul > li > ul li:last-child >ul{\r\n\t\t\tmargin-left: 2px;\r\n\t\t}#wpdevart_org_chart_container_2 li .wpda_tree_item_container > div{\r\n\t\t\tbackground-image: linear-gradient(to right, #ffffff, #ffffff);\r\n\t\t}#wpdevart_org_chart_container_2 .wpda_tree_item_container .wpda_tree_item_img_cont{\r\n\t\t\twidth:50px;\r\n\t\t\theight:50px;\t\t\r\n\t\t}#wpdevart_org_chart_container_2 .wpda_tree_item_container .wpda_tree_item_img{\r\n\t\t\tborder-radius:0px;\t\t\t\t\t\t\r\n\t\t}#wpdevart_org_chart_container_2 .wpda_tree_item_container .wpda_tree_item_img_cont{\r\n\t\t\tmargin-top:5px;\r\n\t\t\tmargin-right:5px;\r\n\t\t\tmargin-bottom:5px;\r\n\t\t\tmargin-left:5px;\r\n\t\t}#wpdevart_org_chart_container_2 .wpda_tree_item_container .wpda_tree_item_title{\r\n\t\t\tfont-family:Calibri,Helvetica Neue,Helvetica,Arial,Verdana,sans-serif;\r\n\t\t\tcolor:;\r\n\t\t\tfont-size:12px;\r\n\t\t\tline-height:;\r\n\t\t\tletter-spacing:;\r\n\t\t\tfont-weight:bold;\r\n\t\t\tfont-style:initial;\r\n\t\t\tmargin-top:5px;\r\n\t\t\tmargin-right:5px;\r\n\t\t\tmargin-bottom:5px;\r\n\t\t\tmargin-left:5px;\r\n\t\t}#wpdevart_org_chart_container_2 .wpda_tree_item_container .wpda_tree_item_desc{\r\n\t\t\tfont-family:Calibri,Helvetica Neue,Helvetica,Arial,Verdana,sans-serif;\r\n\t\t\tcolor:;\r\n\t\t\tfont-size:10px;\r\n\t\t\tline-height:;\r\n\t\t\tletter-spacing:;\r\n\t\t\tfont-weight:initial;\r\n\t\t\tfont-style:initial;\r\n\t\t\tmargin-top:5px;\r\n\t\t\tmargin-right:5px;\r\n\t\t\tmargin-bottom:5px;\r\n\t\t\tmargin-left:5px;\r\n\t\t}#wpdevart_org_chart_container_2 .wpda_tree_item_container > div{\r\n\t\t\tborder-style: solid;\r\n\t\t\tborder-color: #0a0a0a;\r\n\t\t\tborder-width: ;\r\n\t\t\tborder-radius: 10px;  \r\n\t\t}#wpdevart_org_chart_container_2 .wpda_tree_item_container > div{\r\n\t\t\tmin-width: 80px;\r\n\t\t\tmin-height: 80px;\r\n\t\t\tmax-width:200px;\r\n\t\t\t\r\n\t\t}@media screen and (max-width: 1000px) {#wpdevart_org_chart_container_2 .wpda_tree_item_container > div{\r\n\t\t\t \r\n\t\t\t \r\n\t\t\t \r\n\t\t\t\r\n\t\t}#wpdevart_org_chart_container_2 .wpda_tree_item_container .wpda_tree_item_img_cont{\r\n\t\t\tmargin-top:5px;\r\n\t\t\tmargin-right:5px;\r\n\t\t\tmargin-bottom:5px;\r\n\t\t\tmargin-left:5px;\r\n\t\t}#wpdevart_org_chart_container_2 .wpda_tree_item_container .wpda_tree_item_title{\r\n\t\t\t\r\n\t\t\tmargin-top:0px;\r\n\t\t\tmargin-right:0px;\r\n\t\t\tmargin-bottom:0px;\r\n\t\t\tmargin-left:0px;\r\n\t\t}#wpdevart_org_chart_container_2 .wpda_tree_item_container .wpda_tree_item_desc{\r\n\t\t\t\r\n\t\t\tmargin-top:0px;\r\n\t\t\tmargin-right:0px;\r\n\t\t\tmargin-bottom:0px;\r\n\t\t\tmargin-left:0px;\r\n\t\t}}@media screen and (max-width: 450px) {#wpdevart_org_chart_container_2 .wpda_tree_item_container > div{\r\n\t\t\t \r\n\t\t\t \r\n\t\t\t \r\n\t\t}#wpdevart_org_chart_container_2 .wpda_tree_item_container .wpda_tree_item_img_cont{\r\n\t\t\tmargin-top:5px;\r\n\t\t\tmargin-right:5px;\r\n\t\t\tmargin-bottom:5px;\r\n\t\t\tmargin-left:5px;\r\n\t\t}#wpdevart_org_chart_container_2 .wpda_tree_item_container .wpda_tree_item_title{\r\n\t\t\t\r\n\t\t\tmargin-top:0px;\r\n\t\t\tmargin-right:0px;\r\n\t\t\tmargin-bottom:0px;\r\n\t\t\tmargin-left:0px;\t\t\t\r\n\t\t}#wpdevart_org_chart_container_2 .wpda_tree_item_container .wpda_tree_item_desc{\r\n\t\t\t\r\n\t\t\tmargin-top:0px;\r\n\t\t\tmargin-right:0px;\r\n\t\t\tmargin-bottom:0px;\r\n\t\t\tmargin-left:0px;\r\n\t\t}}<\/style><\/div>\n\t\t\t\t\t\t<\/div>\n\t\t\t\t<\/div>\n\t\t\t\t<\/div>\n\t\t<div id=\"e-n-tab-content-1729627963\" role=\"tabpanel\" aria-labelledby=\"e-n-tab-title-1729627963\" data-tab-index=\"3\" style=\"--n-tabs-title-order: 3;\" class=\" elementor-element elementor-element-eaa5919 e-con-full e-flex e-con e-child\" data-id=\"eaa5919\" data-element_type=\"container\" data-e-type=\"container\">\n\t\t\t\t<div class=\"elementor-element elementor-element-bc95261 elementor-widget elementor-widget-shortcode\" data-id=\"bc95261\" data-element_type=\"widget\" data-e-type=\"widget\" data-widget_type=\"shortcode.default\">\n\t\t\t\t<div class=\"elementor-widget-container\">\n\t\t\t\t\t\t\t<div class=\"elementor-shortcode\"><div class=\"wpdevart_org_chart\"><div class = \"zoomable_buttons_container wpda_button_theme_light\"><button class=\"wpda_zoom_out\">-<\/button><button class=\"wpda_zoom_in\">+<\/button><button class=\"wpda_zoom_reset\">R\u00e9initialiser<\/button><button class=\"wpda_fullScreen\">Plein Ecran<\/button><button class=\"wpda_outfullscreen\" style = \"display:none\">Fermer<\/button><\/div><div class=\"wpdevart_org_chart_container_parent\" id=\"wpdevart_org_chart_container_parent_3\"><div class=\"wpdevart_org_chart_container \" id=\"wpdevart_org_chart_container_3\"><ul ><li class=\"has_children next_no_children\" data-children=1><div class=\"wpda_tree_item_container\" id=\"wpda_item_container_29\" ><span class=\"wpda_tree_line\"><\/span><div class=\"wpda_tree_open_popup_el\"><div class=\"wpda_tree_item_img_cont \"><img decoding=\"async\" class=\"wpda_tree_item_img\" src=\"https:\/\/intl-crimes-doc.org\/wp-content\/uploads\/2025\/01\/bf.svg\"><\/div><div tabindex=\"0\" class=\"wpda_tree_item_title \">Chef de l\u2019Etat <br \/> du Myanmar<\/div><div tabindex=\"0\" class=\"wpda_tree_item_desc\" >Min Aung Hlaing , \u1019\u1004\u103a\u1038\u1021\u1031\u102c\u1004\u103a\u101c\u103e\u102d\u102f\u1004\u103a\nChef de l\u2019Etat et\ncommandant des forces arm\u00e9es\ndepuis le 22\/07\/2024<\/div><div date-popup-theme = \"11\" class=\"wpda_tree_popup_content wpda_tree_element_hidden\"><div class=\"wpda_popup_innerhtml\"><p><strong>NOM:<\/strong> Min Aung Hlaing, \u1019\u1004\u103a\u1038\u1021\u1031\u102c\u1004\u103a\u101c\u103e\u102d\u102f\u1004\u103a<\/p>\n<p><strong>SEXE:<\/strong> Homme<\/p>\n<p><strong>DATE ET LIEU DE NAISSANCE:<\/strong> 03\/07\/1956, Dawei, Myanmar<\/p>\n<p><strong>STATUT:<\/strong> Vivant (en 2025)<\/p>\n<p><strong>ELEMENTS BIOGRAPHIQUES:\u00a0<\/strong><\/p>\n<p>Min Aung Hlaing est le chef de la junte qui dirige le Myanmar, depuis le coup d&rsquo;Etat de f\u00e9vrier 2021, en tant que Premier Ministre. Il est l&rsquo;un des principaux acteurs qui a mis en \u0153uvre la junte, en la justifiant par des accusations de fraude \u00e9lectorale infond\u00e9es lors des \u00e9lections de 2020. Il occupe \u00e9galement le poste de Pr\u00e9sident du Conseil de l&rsquo;Administration d\u2019\u00c9tat.<br \/>\nSa politique m\u00e8ne \u00e0 des violations g\u00e9n\u00e9ralis\u00e9es des droits humains et du droit international humanitaire, dans tout le pays.<\/p>\n<p>&#8212;<\/p>\n<p>Min Aung Hlaing est form\u00e9 \u00e0 la 19e acad\u00e9mie militaire.<br \/>\nDans les ann\u00e9es qui pr\u00e9c\u00e9dent le coup d&rsquo;Etat, il occupe la fonction de commandant g\u00e9n\u00e9ral des forces arm\u00e9es (terre, air, mer). Les forces sous son commandement commettent des pers\u00e9cutions syst\u00e9matiques contre l&rsquo;ethnie des Rohingyas, impliquant des meurtres, des viols, des destructions de villages et des d\u00e9placements forc\u00e9s de population civile.<br \/>\nSes actions entra\u00eenent des sanctions internationales \u00e0 son encontre.<\/p>\n<p><strong>HISTORIQUE DES FONCTIONS:<\/strong><\/p>\n<p>FONCTION 8 : Chef de la junte et Premier ministre &#8211; Depuis 22\/07\/2024<\/p>\n<p>FONCTION 7 : Pr\u00e9sident du Conseil d\u2019administration de l&rsquo;\u00c9tat &#8211; Depuis 02\/02\/2021<\/p>\n<p>FONCTION 6 : Commandant g\u00e9n\u00e9ral des forces arm\u00e9es du Myanmar &#8211; De 08\/2010 \u00e0 02\/2021<\/p>\n<p>FONCTION 5 : Affectation au Bureau des Op\u00e9rations sp\u00e9ciales num\u00e9ro 2 &#8211; 2007<\/p>\n<p>FONCTION 4 : Affectation en tant que chef du Commandement r\u00e9gional du Triangle &#8211; 2006<\/p>\n<p>FONCTION 3 : Affectation \u00e0 Rakhine &#8211; De 11\/2004 \u00e0 04\/2003,<\/p>\n<p>FONCTION 2 : Directeur de l&rsquo;acad\u00e9mie militaire<\/p>\n<p>FONCTION 1 : Affectations au 313e bataillon d&rsquo;infanterie \u00e0 Hmawbi, au 86e bataillon, puis au 111 corps des marines \u00e0 Wantho R\u00e9gion de Sagaing &#8211; Ann\u00e9es 1990 et d\u00e9but 2000<\/p>\n<p><strong>SOURCES:<\/strong><\/p>\n<p>https:\/\/www.opensanctions.org\/entities\/Q3462649\/<\/p>\n<blockquote class=\"wp-embedded-content\" data-secret=\"S5WgjxyPFH\"><p><a href=\"https:\/\/myanmar-now.org\/mm\/news\/6697\/\">\u1005\u1005\u103a\u1000\u1031\u102c\u1004\u103a\u1005\u102e\u1010\u103d\u1004\u103a \u1010\u102c\u101d\u1014\u103a\u1021\u101b\u103e\u102d\u1006\u102f\u1036\u1038 \u1005\u1005\u103a\u1017\u102d\u102f\u101c\u103a\u1001\u103b\u102f\u1015\u103a\u1000\u103c\u102e\u1038\u1019\u103b\u102c\u1038\u00a0<\/a><\/p><\/blockquote>\n<p><iframe class=\"wp-embedded-content\" sandbox=\"allow-scripts\" security=\"restricted\" style=\"position: absolute; visibility: hidden;\" title=\"&#8220;\u1005\u1005\u103a\u1000\u1031\u102c\u1004\u103a\u1005\u102e\u1010\u103d\u1004\u103a \u1010\u102c\u101d\u1014\u103a\u1021\u101b\u103e\u102d\u1006\u102f\u1036\u1038 \u1005\u1005\u103a\u1017\u102d\u102f\u101c\u103a\u1001\u103b\u102f\u1015\u103a\u1000\u103c\u102e\u1038\u1019\u103b\u102c\u1038\u00a0&#8221; &#8212; Myanmar Now\" src=\"https:\/\/myanmar-now.org\/mm\/news\/6697\/embed\/#?secret=HQyH9RIsng#?secret=S5WgjxyPFH\" data-secret=\"S5WgjxyPFH\" width=\"600\" height=\"338\" frameborder=\"0\" marginwidth=\"0\" marginheight=\"0\" scrolling=\"no\"><\/iframe><\/p>\n<blockquote class=\"wp-embedded-content\" data-secret=\"S5WgjxyPFH\"><p><a href=\"https:\/\/myanmar-now.org\/mm\/news\/6697\/\">\u1005\u1005\u103a\u1000\u1031\u102c\u1004\u103a\u1005\u102e\u1010\u103d\u1004\u103a \u1010\u102c\u101d\u1014\u103a\u1021\u101b\u103e\u102d\u1006\u102f\u1036\u1038 \u1005\u1005\u103a\u1017\u102d\u102f\u101c\u103a\u1001\u103b\u102f\u1015\u103a\u1000\u103c\u102e\u1038\u1019\u103b\u102c\u1038\u00a0<\/a><\/p><\/blockquote>\n<p><iframe class=\"wp-embedded-content\" sandbox=\"allow-scripts\" security=\"restricted\" style=\"position: absolute; visibility: hidden;\" title=\"&#8220;\u1005\u1005\u103a\u1000\u1031\u102c\u1004\u103a\u1005\u102e\u1010\u103d\u1004\u103a \u1010\u102c\u101d\u1014\u103a\u1021\u101b\u103e\u102d\u1006\u102f\u1036\u1038 \u1005\u1005\u103a\u1017\u102d\u102f\u101c\u103a\u1001\u103b\u102f\u1015\u103a\u1000\u103c\u102e\u1038\u1019\u103b\u102c\u1038\u00a0&#8221; &#8212; Myanmar Now\" src=\"https:\/\/myanmar-now.org\/mm\/news\/6697\/embed\/#?secret=HQyH9RIsng#?secret=S5WgjxyPFH\" data-secret=\"S5WgjxyPFH\" width=\"600\" height=\"338\" frameborder=\"0\" marginwidth=\"0\" marginheight=\"0\" scrolling=\"no\"><\/iframe><\/p>\n<\/div><\/div><\/div><\/div><ul ><li class=\"has_children next_no_children\" data-children=1><div class=\"wpda_tree_item_container\" id=\"wpda_item_container_30\" ><span class=\"wpda_tree_line\"><\/span><div class=\"wpda_tree_open_popup_el\"><div class=\"wpda_tree_item_img_cont \"><img decoding=\"async\" class=\"wpda_tree_item_img\" src=\"https:\/\/intl-crimes-doc.org\/wp-content\/uploads\/2024\/11\/bf.svg\"><\/div><div tabindex=\"0\" class=\"wpda_tree_item_title \">Commandant en second <br \/> des forces arm\u00e9es<\/div><div tabindex=\"0\" class=\"wpda_tree_item_desc\" >Soe Win , \u1005\u102d\u102f\u1038\u101d\u1004\u103a\u1038, \ndepuis 2021<\/div><div date-popup-theme = \"11\" class=\"wpda_tree_popup_content wpda_tree_element_hidden\"><div class=\"wpda_popup_innerhtml\"><p><strong>NOM : <\/strong>Soe Win, \u1005\u102d\u102f\u1038\u101d\u1004\u103a\u1038<\/p>\n<p><strong>SEXE :\u00a0<\/strong>Homme<\/p>\n<p><strong>DATE ET LIEU DE NAISSANCE : <\/strong>01\/03\/1960, Mandalay, Myanmar<\/p>\n<p><strong>STATUT : <\/strong>Vivant (en 2025)<\/p>\n<p><strong>ELEMENTS BIOGRAPHIQUES\u00a0:<\/strong><\/p>\n<p>Soe Win est un g\u00e9n\u00e9ral qui occupe le poste de commandant adjoint des forces arm\u00e9es. Il joue un r\u00f4le central lors du coup d&rsquo;\u00c9tat de 2021. En tant que vice-pr\u00e9sident du Conseil de l&rsquo;administration d&rsquo;\u00c9tat et membre du Conseil national de d\u00e9fense et de s\u00e9curit\u00e9, il prend des d\u00e9cisions qui ont permettent de maintenir le r\u00e9gime militaire, y compris par la r\u00e9pression violente de l&rsquo;opposition. Il est \u00e9galement responsable des exactions commises contre l&rsquo;ethnie Rohingya dans les \u00c9tats de Kachin, Shan et Rakhine, o\u00f9 l&rsquo;arm\u00e9e est accus\u00e9e de crimes internationaux. Il fait l&rsquo;objet de sanctions internationales.<\/p>\n<p>&#8212;<\/p>\n<p>Apr\u00e8s le coup d&rsquo;\u00c9tat, Soe Win contribue \u00e0 la mise en \u0153uvre de la r\u00e9pression violente des manifestations pro-d\u00e9mocratie dans tout le Myanmar. Les forces de s\u00e9curit\u00e9 sous sa responsabilit\u00e9 arr\u00eatent et torturent des opposants et des journalistes.<br \/>\nSoe Win supervise des attaques contre des groupes ethniques consid\u00e9r\u00e9s comme rebelles, en particulier dans les \u00c9tats de Karen, Chin et Kachin. Lors des op\u00e9rations dont il est responsable, des civils sont tu\u00e9s, bless\u00e9s et d\u00e9plac\u00e9s, du fait des forces arm\u00e9es gouvernementales.<\/p>\n<p><strong>HISTORIQUE DES FONCTIONS\u00a0:<\/strong><\/p>\n<p>FONCTION 8 : Vice-pr\u00e9sident du Conseil d&rsquo;administration d&rsquo;\u00c9tat &#8211; Depuis 2021<\/p>\n<p>FONCTION 7 : Membre du Conseil national de d\u00e9fense et de s\u00e9curit\u00e9 &#8211; Depuis 2021<\/p>\n<p>FONCTION 6 : Commandant adjoint des forces arm\u00e9es &#8211; Depuis 2011<br \/>\nResponsabilit\u00e9 dans les op\u00e9rations militaires au sein des r\u00e9gions affect\u00e9es par des violences intercommunautaires, notamment dans les \u00c9tats de Rakhine, Shan et Kachin. L&rsquo;arm\u00e9e a \u00e9t\u00e9 impliqu\u00e9e dans des attaques syst\u00e9matiques contre la communaut\u00e9 Rohingya : ex\u00e9cutions sommaires, des viols, des destructions de villages et des d\u00e9placements forc\u00e9s.<\/p>\n<p>FONCTION 5 : Affectation au commandement r\u00e9gional Nord, localis\u00e9 \u00e0 Myitkyina, \u00e0 Kachin &#8211; 2008<\/p>\n<p>FONCTION 4 : Affectation en tant que commandant \u00e0 la base de Kalaywa &#8211; 2005<\/p>\n<p>FONCTION 3 : Affectation au commandement r\u00e9gional Nord-Ouest &#8211; 2003<\/p>\n<p>FONCTION 2 : Affectation en tant que commandant du 379e bataillon d&rsquo;infanterie localis\u00e9 \u00e0 Minbya, \u00e0 Rakhine &#8211; ann\u00e9es 1990<\/p>\n<p>FONCTION 1 : Premi\u00e8re affectation dans l&rsquo;artillerie<\/p>\n<p><strong>SOURCES\u00a0:<\/strong><\/p>\n<p>https:\/\/www.opensanctions.org\/entities\/Q3462649\/<\/p>\n<blockquote class=\"wp-embedded-content\" data-secret=\"S5WgjxyPFH\"><p><a href=\"https:\/\/myanmar-now.org\/mm\/news\/6697\/\">\u1005\u1005\u103a\u1000\u1031\u102c\u1004\u103a\u1005\u102e\u1010\u103d\u1004\u103a \u1010\u102c\u101d\u1014\u103a\u1021\u101b\u103e\u102d\u1006\u102f\u1036\u1038 \u1005\u1005\u103a\u1017\u102d\u102f\u101c\u103a\u1001\u103b\u102f\u1015\u103a\u1000\u103c\u102e\u1038\u1019\u103b\u102c\u1038\u00a0<\/a><\/p><\/blockquote>\n<p><iframe class=\"wp-embedded-content\" sandbox=\"allow-scripts\" security=\"restricted\" style=\"position: absolute; visibility: hidden;\" title=\"&#8220;\u1005\u1005\u103a\u1000\u1031\u102c\u1004\u103a\u1005\u102e\u1010\u103d\u1004\u103a \u1010\u102c\u101d\u1014\u103a\u1021\u101b\u103e\u102d\u1006\u102f\u1036\u1038 \u1005\u1005\u103a\u1017\u102d\u102f\u101c\u103a\u1001\u103b\u102f\u1015\u103a\u1000\u103c\u102e\u1038\u1019\u103b\u102c\u1038\u00a0&#8221; &#8212; Myanmar Now\" src=\"https:\/\/myanmar-now.org\/mm\/news\/6697\/embed\/#?secret=HQyH9RIsng#?secret=S5WgjxyPFH\" data-secret=\"S5WgjxyPFH\" width=\"600\" height=\"338\" frameborder=\"0\" marginwidth=\"0\" marginheight=\"0\" scrolling=\"no\"><\/iframe><\/p>\n<blockquote class=\"wp-embedded-content\" data-secret=\"S5WgjxyPFH\"><p><a href=\"https:\/\/myanmar-now.org\/mm\/news\/6697\/\">\u1005\u1005\u103a\u1000\u1031\u102c\u1004\u103a\u1005\u102e\u1010\u103d\u1004\u103a \u1010\u102c\u101d\u1014\u103a\u1021\u101b\u103e\u102d\u1006\u102f\u1036\u1038 \u1005\u1005\u103a\u1017\u102d\u102f\u101c\u103a\u1001\u103b\u102f\u1015\u103a\u1000\u103c\u102e\u1038\u1019\u103b\u102c\u1038\u00a0<\/a><\/p><\/blockquote>\n<p><iframe class=\"wp-embedded-content\" sandbox=\"allow-scripts\" security=\"restricted\" style=\"position: absolute; visibility: hidden;\" title=\"&#8220;\u1005\u1005\u103a\u1000\u1031\u102c\u1004\u103a\u1005\u102e\u1010\u103d\u1004\u103a \u1010\u102c\u101d\u1014\u103a\u1021\u101b\u103e\u102d\u1006\u102f\u1036\u1038 \u1005\u1005\u103a\u1017\u102d\u102f\u101c\u103a\u1001\u103b\u102f\u1015\u103a\u1000\u103c\u102e\u1038\u1019\u103b\u102c\u1038\u00a0&#8221; &#8212; Myanmar Now\" src=\"https:\/\/myanmar-now.org\/mm\/news\/6697\/embed\/#?secret=HQyH9RIsng#?secret=S5WgjxyPFH\" data-secret=\"S5WgjxyPFH\" width=\"600\" height=\"338\" frameborder=\"0\" marginwidth=\"0\" marginheight=\"0\" scrolling=\"no\"><\/iframe><\/p>\n<\/div><\/div><\/div><\/div><ul ><li class=\"has_children next_no_children\" data-children=5><div class=\"wpda_tree_item_container\" id=\"wpda_item_container_31\" ><span class=\"wpda_tree_line\"><\/span><div class=\"wpda_tree_open_popup_el\"><div class=\"wpda_tree_item_img_cont \"><img decoding=\"async\" class=\"wpda_tree_item_img\" src=\"https:\/\/intl-crimes-doc.org\/wp-content\/uploads\/2024\/11\/bf.svg\"><\/div><div tabindex=\"0\" class=\"wpda_tree_item_title \">Chef d'\u00e9tat major des Arm\u00e9es <br \/> Terre - Air - Marine<\/div><div tabindex=\"0\" class=\"wpda_tree_item_desc\" >Kyaw Swar Lin, \u1000\u103b\u1031\u102c\u103a\u1005\u103d\u102c\u101c\u1004\u103a\u1038, \ndepuis 12\/2024\n\nPr\u00e9c\u00e9d\u00e9 par :\nMaung Maung Aye, \u1019\u1031\u102c\u1004\u103a\u1019\u1031\u102c\u1004\u103a\u1021\u1031\u1038\nde [ind\u00e9termin\u00e9] \u00e0 [ind\u00e9termin\u00e9]\n\nMya Tun Oo, \u1019\u103b\u102c\u1011\u103d\u1014\u103a\u1038\u1026\u1038\nde 2016 \u00e0 2021<\/div><div date-popup-theme = \"11\" class=\"wpda_tree_popup_content wpda_tree_element_hidden\"><div class=\"wpda_popup_innerhtml\"><p><span style=\"text-decoration: underline\"><strong>FONCTION ACTUELLEMENT DETENUE DEPUIS 12\/2024 PAR:<\/strong><\/span><\/p>\n<p>&nbsp;<\/p>\n<p><strong>NOM :\u00a0<\/strong>Kyaw Swar Lin, \u1000\u103b\u1031\u102c\u103a\u1005\u103d\u102c\u101c\u1004\u103a\u1038<\/p>\n<p><strong>SEXE :\u00a0<\/strong>Homme<\/p>\n<p><strong>DATE ET LIEU DE NAISSANCE : <\/strong>1971, Myanmar<\/p>\n<p><strong>STATUT :\u00a0<\/strong>Vivant (en 2025)<\/p>\n<p><strong>ELEMENTS BIOGRAPHIQUES\u00a0: <\/strong><\/p>\n<p>Kyaw Swar Lin est form\u00e9 \u00e0 la 35e acad\u00e9mie militaire. Il supervise des op\u00e9rations militaires en 2017 au cours desquelles l&rsquo;ethnie des Rohingyas est la cible de crimes syst\u00e9matiques de la part des forces arm\u00e9es, \u00e0 Rakhine. D\u00e9sign\u00e9 Chef d\u2019\u00e9tat-major de l&rsquo;Arm\u00e9e de terre apr\u00e8s le coup d&rsquo;Etat, il supervise les op\u00e9rations logistiques et financi\u00e8res de l\u2019arm\u00e9e. Il dirige aussi la Myanmar Economic Corporation (MEC), qui soutient les activit\u00e9s militaires par le biais d\u2019un conglom\u00e9rat contr\u00f4l\u00e9 par l\u2019arm\u00e9e. Ses actions et son soutien au r\u00e9gime militaire entra\u00eenent des sanctions internationales \u00e0 son encontre.<\/p>\n<p><strong>HISTORIQUE DES FONCTIONS\u00a0: <\/strong><\/p>\n<p>FONCTION 5 : Chef d\u2019\u00e9tat-major g\u00e9n\u00e9ral des arm\u00e9es (arm\u00e9e de terre, air, marine) &#8211; Depuis 12\/2024<\/p>\n<p>FONCTION 4 : Chef d\u2019\u00e9tat-major de l\u2019arm\u00e9e de terre &#8211; De 10\/2023 \u00e0 12\/2024<br \/>\nEn charge du budget de l&rsquo;arm\u00e9e<\/p>\n<p>FONCTION 3 : Directeur la Myanmar Economic Corporation (MEC) &#8211; Depuis 05\/2020<br \/>\nApprovisionnement en armements et en ressources pour les forces arm\u00e9es<\/p>\n<p>FONCTION 2 : Commandant du Commandement R\u00e9gional Centre &#8211; De 2018 \u00e0 2020<br \/>\nBas\u00e9 \u00e0 Mandalay<\/p>\n<p>FONCTION 1 : Affect\u00e9 au Bureau des Op\u00e9rations Sp\u00e9ciales (3)<br \/>\nEn charge de l&rsquo;Etat de Rakhine.<\/p>\n<p><strong>SOURCES\u00a0:<\/strong><\/p>\n<blockquote class=\"wp-embedded-content\" data-secret=\"S5WgjxyPFH\"><p><a href=\"https:\/\/myanmar-now.org\/mm\/news\/6697\/\">\u1005\u1005\u103a\u1000\u1031\u102c\u1004\u103a\u1005\u102e\u1010\u103d\u1004\u103a \u1010\u102c\u101d\u1014\u103a\u1021\u101b\u103e\u102d\u1006\u102f\u1036\u1038 \u1005\u1005\u103a\u1017\u102d\u102f\u101c\u103a\u1001\u103b\u102f\u1015\u103a\u1000\u103c\u102e\u1038\u1019\u103b\u102c\u1038\u00a0<\/a><\/p><\/blockquote>\n<p><iframe class=\"wp-embedded-content\" sandbox=\"allow-scripts\" security=\"restricted\" style=\"position: absolute; visibility: hidden;\" title=\"&#8220;\u1005\u1005\u103a\u1000\u1031\u102c\u1004\u103a\u1005\u102e\u1010\u103d\u1004\u103a \u1010\u102c\u101d\u1014\u103a\u1021\u101b\u103e\u102d\u1006\u102f\u1036\u1038 \u1005\u1005\u103a\u1017\u102d\u102f\u101c\u103a\u1001\u103b\u102f\u1015\u103a\u1000\u103c\u102e\u1038\u1019\u103b\u102c\u1038\u00a0&#8221; &#8212; Myanmar Now\" src=\"https:\/\/myanmar-now.org\/mm\/news\/6697\/embed\/#?secret=HQyH9RIsng#?secret=S5WgjxyPFH\" data-secret=\"S5WgjxyPFH\" width=\"600\" height=\"338\" frameborder=\"0\" marginwidth=\"0\" marginheight=\"0\" scrolling=\"no\"><\/iframe><\/p>\n<p>https:\/\/www.opensanctions.org\/entities\/Q106997134\/<\/p>\n<blockquote class=\"wp-embedded-content\" data-secret=\"h17rrJokZO\"><p><a href=\"https:\/\/cpg-online.de\/home\/publications\/asia-in-review\/asia-in-review-sea-myanmar-2019-2020\/\">Asia in Review SEA Myanmar 2019-2020<\/a><\/p><\/blockquote>\n<p><iframe class=\"wp-embedded-content\" sandbox=\"allow-scripts\" security=\"restricted\" style=\"position: absolute; visibility: hidden;\" title=\"&#8220;Asia in Review SEA Myanmar 2019-2020&#8221; &#8212; German-Southeast Asian Center of Excellence for Public Policy and Good Governance (CPG)\" src=\"https:\/\/cpg-online.de\/home\/publications\/asia-in-review\/asia-in-review-sea-myanmar-2019-2020\/embed\/#?secret=GfeltUrjBI#?secret=h17rrJokZO\" data-secret=\"h17rrJokZO\" width=\"600\" height=\"338\" frameborder=\"0\" marginwidth=\"0\" marginheight=\"0\" scrolling=\"no\"><\/iframe><\/p>\n<p>https:\/\/data.europa.eu\/apps\/eusanctionstracker\/subjects\/155652<\/p>\n<p>https:\/\/www.irrawaddy.com\/news\/burma\/the-combat-dodging-general-tipped-to-become-myanmar-militarys-next-chief.html<\/p>\n<p>https:\/\/www.irrawaddy.com\/news\/burma\/myanmar-junta-boss-promotes-loyalist-in-regime-reshuffle.html<\/p>\n<p>&nbsp;<\/p>\n<p><span style=\"text-decoration: underline\"><strong>FONCTION PRECEDEMMENT DETENUE PAR :<\/strong><\/span><\/p>\n<p>&nbsp;<\/p>\n<p><strong>NOM\u00a0<\/strong>: Maung Maung Aye, \u1019\u1031\u102c\u1004\u103a\u1019\u1031\u102c\u1004\u103a\u1021\u1031\u1038<\/p>\n<p><strong>SEXE\u00a0<\/strong>: Homme<\/p>\n<p><strong>DATE ET LIEU DE NAISSANCE\u00a0<\/strong>: ??\/01\/1962, Thanlyin, Myanmar<\/p>\n<p><strong>STATUT\u00a0<\/strong>: Vivant (en 2025)<\/p>\n<p><strong>ELEMENTS BIOGRAPHIQUES\u00a0<\/strong>:<\/p>\n<p>Maung Maung Aye est le chef d\u2019\u00e9tat-major g\u00e9n\u00e9ral des forces arm\u00e9es. Il a activement particip\u00e9 \u00e0 l&rsquo;achat d&rsquo;armements en provenance de Russie. Son r\u00f4le dans le renversement du gouvernement en 2021 et son soutien au r\u00e9gime militaire ont fait de lui une figure centrale dans la r\u00e9pression contre la population pro-d\u00e9mocratie.<\/p>\n<p><strong>HISTORIQUE DES FONCTIONS\u00a0<\/strong>:<\/p>\n<p>FONCTION 5 : Ministre de la d\u00e9fense &#8211; Depuis 12\/2024<\/p>\n<p>FONCTION 4 : Chef d\u2019\u00e9tat-major g\u00e9n\u00e9ral des arm\u00e9es (arm\u00e9e de terre, air, marine) &#8211; Jusqu&rsquo;en 12\/2023<\/p>\n<p>FONCTION 3 : Membre du Conseil d&rsquo;administration de l&rsquo;\u00c9tat &#8211; Depuis 10\/2023<\/p>\n<p>FONCTION 2 : Chef d&rsquo;Etat major de l&rsquo;arm\u00e9e de terre &#8211; De 2015 \u00e0 ????<br \/>\nOrganisation d&rsquo;exercices militaires sous les ordres du g\u00e9n\u00e9ral Min Aung Hlaing<\/p>\n<p>POSITION 1 : vice-commandant des services de d\u00e9fense &#8211; 1993 \u00e0 2011<\/p>\n<p><strong>SOURCES\u00a0<\/strong>:<\/p>\n<p>https:\/\/www.opensanctions.org\/entities\/Q1911178\/<\/p>\n<blockquote class=\"wp-embedded-content\" data-secret=\"S5WgjxyPFH\"><p><a href=\"https:\/\/myanmar-now.org\/mm\/news\/6697\/\">\u1005\u1005\u103a\u1000\u1031\u102c\u1004\u103a\u1005\u102e\u1010\u103d\u1004\u103a \u1010\u102c\u101d\u1014\u103a\u1021\u101b\u103e\u102d\u1006\u102f\u1036\u1038 \u1005\u1005\u103a\u1017\u102d\u102f\u101c\u103a\u1001\u103b\u102f\u1015\u103a\u1000\u103c\u102e\u1038\u1019\u103b\u102c\u1038\u00a0<\/a><\/p><\/blockquote>\n<p><iframe class=\"wp-embedded-content\" sandbox=\"allow-scripts\" security=\"restricted\" style=\"position: absolute; visibility: hidden;\" title=\"&#8220;\u1005\u1005\u103a\u1000\u1031\u102c\u1004\u103a\u1005\u102e\u1010\u103d\u1004\u103a \u1010\u102c\u101d\u1014\u103a\u1021\u101b\u103e\u102d\u1006\u102f\u1036\u1038 \u1005\u1005\u103a\u1017\u102d\u102f\u101c\u103a\u1001\u103b\u102f\u1015\u103a\u1000\u103c\u102e\u1038\u1019\u103b\u102c\u1038\u00a0&#8221; &#8212; Myanmar Now\" src=\"https:\/\/myanmar-now.org\/mm\/news\/6697\/embed\/#?secret=HQyH9RIsng#?secret=S5WgjxyPFH\" data-secret=\"S5WgjxyPFH\" width=\"600\" height=\"338\" frameborder=\"0\" marginwidth=\"0\" marginheight=\"0\" scrolling=\"no\"><\/iframe><\/p>\n<p>https:\/\/www.irrawaddy.com\/news\/burma\/myanmar-junta-boss-promotes-loyalist-in-regime-reshuffle.html<\/p>\n<p>&nbsp;<\/p>\n<p><span style=\"text-decoration: underline\"><strong>FONCTION PRECEDEMMENT DETENUE DE 2016 A 2021 PAR :<\/strong><\/span><\/p>\n<p>&nbsp;<\/p>\n<p><strong>NOM\u00a0<\/strong>: Mya Tun Oo, \u1019\u103b\u102c\u1011\u103d\u1014\u103a\u1038\u1026\u1038<\/p>\n<p><strong>SEXE\u00a0<\/strong>: Homme<\/p>\n<p><strong>DATE ET LIEU DE NAISSANCE\u00a0<\/strong>: ??\/05\/1961, Yangon, Myanmar<\/p>\n<p><strong>STATUT\u00a0<\/strong>: Vivant (en 2025)<\/p>\n<p><strong>ELEMENTS BIOGRAPHIQUES\u00a0<\/strong>:<\/p>\n<p>Mya Tun Oo devient Chef d\u2019\u00e9tat-major des arm\u00e9es en 2016. Il a sous sa responsabilit\u00e9 les troupes qui op\u00e8rent dans les r\u00e9gions de Rakhine, Shan et Kachin, et qui commettent des violences syst\u00e9matiques contre des minorit\u00e9s ethniques. Apr\u00e8s le coup d\u2019\u00c9tat de 2021, il est nomm\u00e9 ministre de la D\u00e9fense et rejoint le Conseil d\u2019administration d\u2019Etat, ce qui lui donne une responsabilit\u00e9 dans la r\u00e9pression violente contre les opposants pro-d\u00e9mocratie \u00e0 cette p\u00e9riode. Ses actions entra\u00eenent des sanctions internationales. En f\u00e9vrier 2023, il est nomm\u00e9 vice-Premier ministre, puis ministre des Transports et des Communications en aout 2023.<\/p>\n<p><strong>HISTORIQUE DES FONCTIONS\u00a0<\/strong>:<\/p>\n<p>FONCTION 6 : Ministre des Transports et des Communications \u2013 Depuis 08\/2023<br \/>\nA entretenu des liens avec la Chine, notamment \u00e0 l\u2019occasion d\u2019un d\u00e9placement \u00e0 Beijing en septembre 2023<\/p>\n<p>FONCTION 5 : Vice Premier Ministre \u2013 De 02\/2023 \u00e0 08\/2023<\/p>\n<p>FONCTION 4 : Ministre de la D\u00e9fense \u2013 De 02\/2021 \u00e0 08\/2023<\/p>\n<p>FONCTION 3 : Membre du Conseil d\u2019Administration de l\u2019\u00c9tat \u2013 A partir de 2021<\/p>\n<p>FONCTION 2 : Chef d\u2019\u00e9tat-major g\u00e9n\u00e9ral (terre-air-mer) \u2013 De 2016 \u00e0 2021<\/p>\n<p>FONCTION 1 : Commandant de la 101e division d\u2019infanterie<\/p>\n<p><strong>SOURCES\u00a0<\/strong>:<\/p>\n<p>https:\/\/www.opensanctions.org\/entities\/Q19718465\/<\/p>\n<p>https:\/\/myanmar.securityforcemonitor.org\/explore\/c771c291<\/p>\n<p>https:\/\/thediplomat.com\/2022\/06\/myanmar-junta-moves-aung-san-suu-kyi-trial-to-new-prison-facility\/<\/p>\n<p>https:\/\/www.irrawaddy.com\/news\/burma\/beijing-bound-myanmar-transport-minister-joins-race-to-china.htmlhttps:\/\/myanmar-now.org\/mm\/news\/6697\/<\/p>\n<\/div><\/div><\/div><\/div><ul ><li class=\"has_children next_children\" data-children=5><div class=\"wpda_tree_item_container\" id=\"wpda_item_container_32\" ><span class=\"wpda_tree_line\"><\/span><div class=\"wpda_tree_open_popup_el\"><div class=\"wpda_tree_item_img_cont \"><img decoding=\"async\" class=\"wpda_tree_item_img\" src=\"https:\/\/intl-crimes-doc.org\/wp-content\/uploads\/2024\/11\/bf.svg\"><\/div><div tabindex=\"0\" class=\"wpda_tree_item_title \">Minist\u00e8re de la D\u00e9fense<\/div><div tabindex=\"0\" class=\"wpda_tree_item_desc\" >Maung Maung Aye, \u1019\u1031\u102c\u1004\u103a\u1019\u1031\u102c\u1004\u103a\u1021\u1031\u1038, \ndepuis 12\/2024\n\nPr\u00e9c\u00e9d\u00e9 par :\nTin Aung San, \u1010\u1004\u103a\u1021\u1031\u102c\u1004\u103a\u1005\u1014\u103a\u1038\ndu 03\/08\/2023 \u00e0 12\/2024\n\nSein Win, \u1005\u102d\u1014\u103a\u101d\u1004\u103a\u1038\ndu 24\/08\/2015 au 01\/02\/2021\n<\/div><div date-popup-theme = \"11\" class=\"wpda_tree_popup_content wpda_tree_element_hidden\"><div class=\"wpda_popup_innerhtml\"><p><span style=\"text-decoration: underline\"><strong>FONCTION DETENUE DEPUIS 12\/2024 PAR:<\/strong><\/span><\/p>\n<p>&nbsp;<\/p>\n<p><strong>NOM\u00a0<\/strong>: Maung Maung Aye, \u1019\u1031\u102c\u1004\u103a\u1019\u1031\u102c\u1004\u103a\u1021\u1031\u1038<\/p>\n<p><strong>SEXE\u00a0<\/strong>: Homme<\/p>\n<p><strong>DATE ET LIEU DE NAISSANCE\u00a0<\/strong>: ??\/01\/1962, Thanlyin, Myanmar<\/p>\n<p><strong>STATUT\u00a0<\/strong>: Vivant (en 2025)<\/p>\n<p><strong>ELEMENTS BIOGRAPHIQUES\u00a0<\/strong>:<\/p>\n<p>Maung Maung Aye est le chef d\u2019\u00e9tat-major g\u00e9n\u00e9ral des forces arm\u00e9es. Il participe activement \u00e0 l&rsquo;achat d&rsquo;armements en provenance de Russie. Son r\u00f4le dans le renversement du gouvernement en 2021 et son soutien au r\u00e9gime militaire font de lui une figure importante de la r\u00e9pression contre l&rsquo;opposition pro-d\u00e9mocratie.<\/p>\n<p><strong>HISTORIQUE DES FONCTIONS\u00a0<\/strong>:<\/p>\n<p>FONCTION 5 : Ministre de la d\u00e9fense &#8211; Depuis 12\/2024<\/p>\n<p>FONCTION 4 : Chef d\u2019\u00e9tat-major g\u00e9n\u00e9ral des arm\u00e9es (arm\u00e9e de terre, air, marine) &#8211; Jusqu&rsquo;en 12\/2023<\/p>\n<p>FONCTION 3 : Membre du Conseil d&rsquo;administration de l&rsquo;\u00c9tat &#8211; Depuis 10\/2023<\/p>\n<p>FONCTION 2 : Chef d&rsquo;Etat major de l&rsquo;arm\u00e9e de terre &#8211; De 2015 \u00e0 [ind\u00e9termin\u00e9]<br \/>\nOrganisation d&rsquo;exercices militaires sous les ordres du g\u00e9n\u00e9ral Min Aung Hlaing<\/p>\n<p>POSITION 1 : vice-commandant des services de d\u00e9fense &#8211; 1993 \u00e0 2011<\/p>\n<p><strong>SOURCES\u00a0<\/strong>:<\/p>\n<p>https:\/\/www.opensanctions.org\/entities\/Q1911178\/<\/p>\n<blockquote class=\"wp-embedded-content\" data-secret=\"S5WgjxyPFH\"><p><a href=\"https:\/\/myanmar-now.org\/mm\/news\/6697\/\">\u1005\u1005\u103a\u1000\u1031\u102c\u1004\u103a\u1005\u102e\u1010\u103d\u1004\u103a \u1010\u102c\u101d\u1014\u103a\u1021\u101b\u103e\u102d\u1006\u102f\u1036\u1038 \u1005\u1005\u103a\u1017\u102d\u102f\u101c\u103a\u1001\u103b\u102f\u1015\u103a\u1000\u103c\u102e\u1038\u1019\u103b\u102c\u1038\u00a0<\/a><\/p><\/blockquote>\n<p><iframe class=\"wp-embedded-content\" sandbox=\"allow-scripts\" security=\"restricted\" style=\"position: absolute; visibility: hidden;\" title=\"&#8220;\u1005\u1005\u103a\u1000\u1031\u102c\u1004\u103a\u1005\u102e\u1010\u103d\u1004\u103a \u1010\u102c\u101d\u1014\u103a\u1021\u101b\u103e\u102d\u1006\u102f\u1036\u1038 \u1005\u1005\u103a\u1017\u102d\u102f\u101c\u103a\u1001\u103b\u102f\u1015\u103a\u1000\u103c\u102e\u1038\u1019\u103b\u102c\u1038\u00a0&#8221; &#8212; Myanmar Now\" src=\"https:\/\/myanmar-now.org\/mm\/news\/6697\/embed\/#?secret=HQyH9RIsng#?secret=S5WgjxyPFH\" data-secret=\"S5WgjxyPFH\" width=\"600\" height=\"338\" frameborder=\"0\" marginwidth=\"0\" marginheight=\"0\" scrolling=\"no\"><\/iframe><\/p>\n<p>https:\/\/www.irrawaddy.com\/news\/burma\/myanmar-junta-boss-promotes-loyalist-in-regime-reshuffle.html<\/p>\n<p>&nbsp;<\/p>\n<p><span style=\"text-decoration: underline\"><strong>FONCTION PRECEDEMMENT DETENUE DE 03\/08\/2023 A 12\/2024 PAR :<\/strong><\/span><\/p>\n<p>&nbsp;<\/p>\n<p><strong>NOM\u00a0<\/strong>: Tin Aung San, \u1010\u1004\u103a\u1021\u1031\u102c\u1004\u103a\u1005\u1014\u103a\u1038<\/p>\n<p><strong>SEXE\u00a0<\/strong>: Homme<\/p>\n<p><strong>DATE ET LIEU DE NAISSANCE\u00a0<\/strong>: 16\/10\/1960<\/p>\n<p><strong>STATUT\u00a0<\/strong>: Vivant (en 2025)<\/p>\n<p><strong>ELEMENTS BIOGRAPHIQUES\u00a0<\/strong>:<\/p>\n<p>Tin Aung San est un homme politique et un militaire. Il a \u00e9t\u00e9 form\u00e9 \u00e0 la 23e Acad\u00e9mie militaire, et a int\u00e9gr\u00e9 la marine. Commandant des forces marines, il a ensuit\u00e9 \u00e9r\u00e9 d\u00e9sign\u00e9 ministre des Transports et des Communications apr\u00e8s le coup d&rsquo;Etat de 2021. A ce titre, il a supervis\u00e9 la censure de l&rsquo;Internet et a favoris\u00e9 la r\u00e9pression du mouvement pro-d\u00e9mocratie. Il est ensuite devenu ministre de la D\u00e9fense, tandis que les forces arm\u00e9es sous ses ordres ont commis des exactions. Ses actions et son soutien au r\u00e9gime militaire ont entra\u00een\u00e9 des sanctions internationales \u00e0 son encontre.<\/p>\n<p><strong>HISTORIQUE DES FONCTIONS\u00a0<\/strong>:<\/p>\n<p>FONCTION 5 : Affectation au bureau du Premier Ministre &#8211; Depuis 12\/2024<\/p>\n<p>FONCTION 4 : Ministre de la D\u00e9fense &#8211; De 03\/08\/2023 \u00e0 12\/2024<br \/>\nEn fonction durant l&rsquo;op\u00e9ration anti-r\u00e9gime 1027 dans les Etats de Shan, Kachin, Karenni, Chin et Rakhine, qui s&rsquo;est sold\u00e9e par une perte de terrain significative pour la junte.<br \/>\nSe rend en Russie et en Chine en 2023.<\/p>\n<p>FONCTION 3 : Membre du Conseil d&rsquo;administration de l&rsquo;\u00c9tat<\/p>\n<p>FONCTION 2 : Ministre des Transports et des Communications &#8211; Du 03\/02\/2021 au 01\/02\/2023<\/p>\n<p>FONCTION 1 : Commandant en chef des forces marines &#8211; 2015 \u00e0 2021<\/p>\n<p><strong>SOURCES\u00a0<\/strong>:<\/p>\n<p>https:\/\/www.opensanctions.org\/entities\/Q105234492\/<\/p>\n<blockquote class=\"wp-embedded-content\" data-secret=\"S5WgjxyPFH\"><p><a href=\"https:\/\/myanmar-now.org\/mm\/news\/6697\/\">\u1005\u1005\u103a\u1000\u1031\u102c\u1004\u103a\u1005\u102e\u1010\u103d\u1004\u103a \u1010\u102c\u101d\u1014\u103a\u1021\u101b\u103e\u102d\u1006\u102f\u1036\u1038 \u1005\u1005\u103a\u1017\u102d\u102f\u101c\u103a\u1001\u103b\u102f\u1015\u103a\u1000\u103c\u102e\u1038\u1019\u103b\u102c\u1038\u00a0<\/a><\/p><\/blockquote>\n<p><iframe class=\"wp-embedded-content\" sandbox=\"allow-scripts\" security=\"restricted\" style=\"position: absolute; visibility: hidden;\" title=\"&#8220;\u1005\u1005\u103a\u1000\u1031\u102c\u1004\u103a\u1005\u102e\u1010\u103d\u1004\u103a \u1010\u102c\u101d\u1014\u103a\u1021\u101b\u103e\u102d\u1006\u102f\u1036\u1038 \u1005\u1005\u103a\u1017\u102d\u102f\u101c\u103a\u1001\u103b\u102f\u1015\u103a\u1000\u103c\u102e\u1038\u1019\u103b\u102c\u1038\u00a0&#8221; &#8212; Myanmar Now\" src=\"https:\/\/myanmar-now.org\/mm\/news\/6697\/embed\/#?secret=HQyH9RIsng#?secret=S5WgjxyPFH\" data-secret=\"S5WgjxyPFH\" width=\"600\" height=\"338\" frameborder=\"0\" marginwidth=\"0\" marginheight=\"0\" scrolling=\"no\"><\/iframe><\/p>\n<p>https:\/\/www.irrawaddy.com\/news\/burma\/myanmar-junta-boss-promotes-loyalist-in-regime-reshuffle.html<\/p>\n<blockquote class=\"wp-embedded-content\" data-secret=\"IU5bKyCRwz\"><p><a href=\"https:\/\/myanmar-now.org\/en\/news\/deputy-head-of-myanmars-junta-in-china-to-attend-defence-forum\/\">Deputy head of Myanmar\u2019s junta in China to attend defence forum<\/a><\/p><\/blockquote>\n<p><iframe class=\"wp-embedded-content\" sandbox=\"allow-scripts\" security=\"restricted\" style=\"position: absolute; visibility: hidden;\" title=\"&#8220;Deputy head of Myanmar\u2019s junta in China to attend defence forum&#8221; &#8212; Myanmar Now\" src=\"https:\/\/myanmar-now.org\/en\/news\/deputy-head-of-myanmars-junta-in-china-to-attend-defence-forum\/embed\/#?secret=M2f2KjoTBZ#?secret=IU5bKyCRwz\" data-secret=\"IU5bKyCRwz\" width=\"600\" height=\"338\" frameborder=\"0\" marginwidth=\"0\" marginheight=\"0\" scrolling=\"no\"><\/iframe><\/p>\n<p>https:\/\/www.nationthailand.com\/news\/asean\/40041629<\/p>\n<p>&nbsp;<\/p>\n<p><span style=\"text-decoration: underline\"><strong>FONCTION PRECEDEMMENT DETENUE DU 24\/08\/2015 AU 01\/02\/2021 PAR :<\/strong><\/span><\/p>\n<p>&nbsp;<\/p>\n<p><strong>NOM\u00a0<\/strong>: Sein Win, \u1005\u102d\u1014\u103a\u101d\u1004\u103a\u1038<\/p>\n<p><strong>SEXE\u00a0<\/strong>: Homme<\/p>\n<p><strong>DATE ET LIEU DE NAISSANCE\u00a0<\/strong>: ??\/07\/1956, Pyin Oo Lwin, Myanmar<\/p>\n<p><strong>STATUT\u00a0<\/strong>: Vivant (en 2025)<\/p>\n<p><strong>ELEMENTS BIOGRAPHIQUES\u00a0<\/strong>:<\/p>\n<p>Sein Win est un ancien ministre de la D\u00e9fense de 2015 \u00e0 f\u00e9vrier 2021. En tant que tel, il a \u00e9t\u00e9 directement impliqu\u00e9 dans la pers\u00e9cution syst\u00e9matique des minorit\u00e9s ethniques, notamment les Rohingyas, dans les \u00c9tats de Rakhine, Kachin et Shan. Il est sanctionn\u00e9 par plusieurs pays en raison de son r\u00f4le dans le coup d&rsquo;\u00c9tat de 2021 et de sa responsabilit\u00e9 dans la commission de crimes internationaux. Depuis 2021, il pr\u00e9side l&rsquo;Organisation des anciens combattants du Myanmar, une organisation qui soutient le r\u00e9gime militaire. Ses actions ont entra\u00een\u00e9 des sanctions internationales \u00e0 son encontre.<\/p>\n<p><strong>HISTORIQUE DES FONCTIONS\u00a0<\/strong>:<\/p>\n<p>FONCTION 2 : Pr\u00e9sident de l&rsquo;Organisation des anciens combattants du Myanmar &#8211; De 02\/2021 \u00e0 (au moins) 10\/2022<\/p>\n<p>FONCTION 1 : Ministre de la D\u00e9fense &#8211; du 24\/08\/2015 au 01\/02\/2021<\/p>\n<p><strong>SOURCES\u00a0<\/strong>:<\/p>\n<p>https:\/\/www.opensanctions.org\/entities\/Q25189697\/<\/p>\n<\/div><\/div><\/div><\/div><ul ><li class=\"no_children next_no_children\" data-children=0><div class=\"wpda_tree_item_container\" id=\"wpda_item_container_33\" ><span class=\"wpda_tree_line\"><\/span><div class=\"wpda_tree_open_popup_el\"><div class=\"wpda_tree_item_img_cont \"><img decoding=\"async\" class=\"wpda_tree_item_img\" src=\"https:\/\/intl-crimes-doc.org\/wp-content\/uploads\/2024\/11\/bf.svg\"><\/div><div tabindex=\"0\" class=\"wpda_tree_item_title \">Etat major de l'Arm\u00e9e de terre<\/div><div tabindex=\"0\" class=\"wpda_tree_item_desc\" >[ind\u00e9termin\u00e9], depuis 12\/2024\n\nPr\u00e9c\u00e9d\u00e9 par :\nKyaw Swar Lin, \u1000\u103b\u1031\u102c\u103a\u1005\u103d\u102c\u101c\u1004\u103a\u1038\nde 10\/2023 \u00e0 12\/2024<\/div><div date-popup-theme = \"11\" class=\"wpda_tree_popup_content wpda_tree_element_hidden\"><div class=\"wpda_popup_innerhtml\"><p><strong>FONCTION DETENUE DEPUIS 12\/2024 PAR:<\/strong><\/p>\n<p><em>[ind\u00e9termin\u00e9]<\/em><\/p>\n<p>&nbsp;<\/p>\n<p><strong>FONCTION PRECEDEMMENT DETENUE DE 10\/2023 A 12\/2024 PAR :<\/strong><\/p>\n<p>&nbsp;<\/p>\n<p><strong>NOM\u00a0<\/strong>: Kyaw Swar Lin, \u1000\u103b\u1031\u102c\u103a\u1005\u103d\u102c\u101c\u1004\u103a\u1038<\/p>\n<p><strong>SEXE\u00a0<\/strong>: Homme<\/p>\n<p><strong>DATE ET LIEU DE NAISSANCE\u00a0<\/strong>: 24\/05\/1971, Myanmar<\/p>\n<p><strong>STATUT\u00a0<\/strong>: Vivant (en 2025)<\/p>\n<p><strong>ELEMENTS BIOGRAPHIQUES\u00a0<\/strong>:<\/p>\n<p>Kyaw Swar Lin, form\u00e9 \u00e0 la 35e acad\u00e9mie militaire, supervise des op\u00e9rations militaires en 2017 au cours desquelles l&rsquo;ethnie des Rohingyas est la cible de crimes syst\u00e9matiques, de la part des forces arm\u00e9es, \u00e0 Rakhine. D\u00e9sign\u00e9 Chef d\u2019\u00e9tat-major de l&rsquo;Arm\u00e9e de terre apr\u00e8s le coup d&rsquo;Etat, il supervise les op\u00e9rations logistiques et financi\u00e8res de l\u2019arm\u00e9e. Il dirige aussi la Myanmar Economic Corporation (MEC), qui soutient les activit\u00e9s militaires par le biais d\u2019un conglom\u00e9rat contr\u00f4l\u00e9 par l\u2019arm\u00e9e. Ses actions et son soutien au r\u00e9gime militaire entra\u00eenent des sanctions internationales \u00e0 son encontre.<\/p>\n<p><strong>HISTORIQUE DES FONCTIONS\u00a0<\/strong>:<\/p>\n<p>FONCTION 5 : Chef d\u2019\u00e9tat-major g\u00e9n\u00e9ral des arm\u00e9es (arm\u00e9e de terre, air, marine) \u2013 Depuis 12\/2024<\/p>\n<p>FONCTION 4 : Chef d\u2019\u00e9tat-major de l\u2019arm\u00e9e de terre \u2013 De 10\/2023 \u00e0 12\/2024<br \/>\nEn charge du budget de l\u2019arm\u00e9e<\/p>\n<p>FONCTION 3 : Directeur la Myanmar Economic Corporation (MEC) \u2013 Depuis 05\/2020<br \/>\nApprovisionnement en armements et en ressources pour les forces arm\u00e9es<\/p>\n<p>FONCTION 2 : Commandant du Commandement R\u00e9gional Centre \u2013 De 2018 \u00e0 2020<br \/>\nBas\u00e9 \u00e0 Mandalay<\/p>\n<p>FONCTION 1 : Affect\u00e9 au Bureau des Op\u00e9rations Sp\u00e9ciales (3)<br \/>\nEn charge de l\u2019Etat de Rakhine.<\/p>\n<p><strong>SOURCES\u00a0<\/strong>:<\/p>\n<blockquote class=\"wp-embedded-content\" data-secret=\"S5WgjxyPFH\"><p><a href=\"https:\/\/myanmar-now.org\/mm\/news\/6697\/\">\u1005\u1005\u103a\u1000\u1031\u102c\u1004\u103a\u1005\u102e\u1010\u103d\u1004\u103a \u1010\u102c\u101d\u1014\u103a\u1021\u101b\u103e\u102d\u1006\u102f\u1036\u1038 \u1005\u1005\u103a\u1017\u102d\u102f\u101c\u103a\u1001\u103b\u102f\u1015\u103a\u1000\u103c\u102e\u1038\u1019\u103b\u102c\u1038\u00a0<\/a><\/p><\/blockquote>\n<p><iframe class=\"wp-embedded-content\" sandbox=\"allow-scripts\" security=\"restricted\" style=\"position: absolute; visibility: hidden;\" title=\"&#8220;\u1005\u1005\u103a\u1000\u1031\u102c\u1004\u103a\u1005\u102e\u1010\u103d\u1004\u103a \u1010\u102c\u101d\u1014\u103a\u1021\u101b\u103e\u102d\u1006\u102f\u1036\u1038 \u1005\u1005\u103a\u1017\u102d\u102f\u101c\u103a\u1001\u103b\u102f\u1015\u103a\u1000\u103c\u102e\u1038\u1019\u103b\u102c\u1038\u00a0&#8221; &#8212; Myanmar Now\" src=\"https:\/\/myanmar-now.org\/mm\/news\/6697\/embed\/#?secret=HQyH9RIsng#?secret=S5WgjxyPFH\" data-secret=\"S5WgjxyPFH\" width=\"600\" height=\"338\" frameborder=\"0\" marginwidth=\"0\" marginheight=\"0\" scrolling=\"no\"><\/iframe><\/p>\n<p>https:\/\/www.opensanctions.org\/entities\/Q106997134\/https:\/\/cpg-online.de\/home\/publications\/asia-in-review\/asia-in-review-sea-myanmar-2019-2020\/<\/p>\n<p>https:\/\/data.europa.eu\/apps\/eusanctionstracker\/subjects\/155652<\/p>\n<p>https:\/\/www.irrawaddy.com\/news\/burma\/the-combat-dodging-general-tipped-to-become-myanmar-militarys-next-chief.html<\/p>\n<p>https:\/\/www.irrawaddy.com\/news\/burma\/myanmar-junta-boss-promotes-loyalist-in-regime-reshuffle.html<\/p>\n<\/div><\/div><\/div><\/div><\/li><li class=\"no_children next_no_children\" data-children=0><div class=\"wpda_tree_item_container\" id=\"wpda_item_container_34\" ><span class=\"wpda_tree_line\"><\/span><div class=\"wpda_tree_open_popup_el\"><div class=\"wpda_tree_item_img_cont \"><img decoding=\"async\" class=\"wpda_tree_item_img\" src=\"https:\/\/intl-crimes-doc.org\/wp-content\/uploads\/2024\/11\/bf.svg\"><\/div><div tabindex=\"0\" class=\"wpda_tree_item_title \">Etat major de l'Arm\u00e9e de l'air<\/div><div tabindex=\"0\" class=\"wpda_tree_item_desc\" >Htun Aung (ou Tun Aung), \u1011\u103d\u1014\u103a\u1038\u1021\u1031\u102c\u1004\u103a, \ndepuis 01\/2022<\/div><div date-popup-theme = \"11\" class=\"wpda_tree_popup_content wpda_tree_element_hidden\"><div class=\"wpda_popup_innerhtml\"><p><strong>NOM\u00a0<\/strong>: Htun Aung (ou Tun Aung), \u1011\u103d\u1014\u103a\u1038\u1021\u1031\u102c\u1004\u103a<\/p>\n<p><strong>SEXE\u00a0<\/strong>: Homme<\/p>\n<p><strong>DATE ET LIEU DE NAISSANCE\u00a0<\/strong>: 20\/05\/1967, Myanmar<\/p>\n<p><strong>STATUT\u00a0<\/strong>: Vivant (en 2025)<\/p>\n<p><strong>ELEMENTS BIOGRAPHIQUES\u00a0<\/strong>:<\/p>\n<p>Htun Aung est g\u00e9n\u00e9ral de l\u2019arm\u00e9e de l\u2019air. Sous son commandement, des a\u00e9ronefs militaires m\u00e8nent des attaques contre des cibles civiles, y compris des enfants. En outre, il participe \u00e0 la gouvernance du Myanmar Economic Holdings Limited (MEHL), un conglom\u00e9rat li\u00e9 \u00e0 l&rsquo;arm\u00e9e renfor\u00e7ant les capacit\u00e9s \u00e9conomiques du r\u00e9gime militaire. Ses actions et son soutien au r\u00e9gime militaire entra\u00eenent des sanctions internationales \u00e0 son encontre.<\/p>\n<p><strong>HISTORIQUE DES FONCTIONS\u00a0<\/strong>:<\/p>\n<p>FONCTION 2 : Commandant en chef de l\u2019arm\u00e9e de l\u2019air &#8211; Depuis 01\/2022<br \/>\nEntretien des liens avec les forces arm\u00e9es thailandaises et l&rsquo;ASEAN<\/p>\n<p>FONCTION 1 : Membre de la gouvernance Myanmar Economic Holdings Limited<br \/>\nImplication dans un conglom\u00e9rat soutenant les op\u00e9rations de l&rsquo;arm\u00e9e<\/p>\n<p><strong>SOURCES\u00a0<\/strong>:<\/p>\n<p>https:\/\/www.opensanctions.org\/entities\/Q116822395\/<\/p>\n<p>https:\/\/prachataienglish.com\/node\/10458<\/p>\n<p>https:\/\/www.justiceformyanmar.org\/press-releases\/jfm-demands-asean-cancel-air-force-conference-to-be-chaired-by-myanmar-war-criminal-in-september<\/p>\n<p>https:\/\/www.reuters.com\/world\/asia-pacific\/myanmar-junta-replaces-air-force-chief-amid-bombing-campaign-sources-2022-01-12\/<\/p>\n<\/div><\/div><\/div><\/div><\/li><li class=\"no_children next_no_children\" data-children=0><div class=\"wpda_tree_item_container\" id=\"wpda_item_container_35\" ><span class=\"wpda_tree_line\"><\/span><div class=\"wpda_tree_open_popup_el\"><div class=\"wpda_tree_item_img_cont \"><img decoding=\"async\" class=\"wpda_tree_item_img\" src=\"https:\/\/intl-crimes-doc.org\/wp-content\/uploads\/2024\/11\/bf.svg\"><\/div><div tabindex=\"0\" class=\"wpda_tree_item_title \">Etat major de la Marine<\/div><div tabindex=\"0\" class=\"wpda_tree_item_desc\" >Moe Aung, \u1019\u102d\u102f\u1038\u1021\u1031\u102c\u1004\u103a, \ndepuis 2021<\/div><div date-popup-theme = \"11\" class=\"wpda_tree_popup_content wpda_tree_element_hidden\"><div class=\"wpda_popup_innerhtml\"><p><strong>NOM\u00a0<\/strong>: Moe Aung, \u1019\u102d\u102f\u1038\u1021\u1031\u102c\u1004\u103a<\/p>\n<p><strong>SEXE\u00a0<\/strong>: Homme<\/p>\n<p><strong>DATE ET LIEU DE NAISSANCE\u00a0<\/strong>: <em>[ind\u00e9termin\u00e9]<\/em>, Myanmar<\/p>\n<p><strong>STATUT\u00a0<\/strong>: Vivant (en 2025)<\/p>\n<p><strong>ELEMENTS BIOGRAPHIQUES\u00a0<\/strong>:<\/p>\n<p>Moe Aung est un amiral, Commandant en chef de la marine du Myanmar. Il est form\u00e9 \u00e0 la 28e acad\u00e9mie militaire et fait actuellement partie du Conseil de l&rsquo;administration d&rsquo;\u00c9tat et du Conseil national de d\u00e9fense et de s\u00e9curit\u00e9. Sa position fait de lui une figure importante de la mise en \u0153uvre de la r\u00e9pression, au cours de laquelle des crimes internationaux sont perp\u00e9tr\u00e9s.<\/p>\n<p><strong>HISTORIQUE DES FONCTIONS\u00a0<\/strong>:<\/p>\n<p>FONCTION 2 : Commandant en chef de la marine &#8211; Depuis 2021<\/p>\n<p>FONCTION 1 : Membre du Conseil d&rsquo;administration de l&rsquo;\u00c9tat<\/p>\n<p><strong>SOURCES\u00a0<\/strong>:<\/p>\n<p>https:\/\/opensanctions.org\/entities\/Q116822184\/<\/p>\n<p>https:\/\/wikidata.org\/wiki\/Q116822184<\/p>\n<blockquote class=\"wp-embedded-content\" data-secret=\"S5WgjxyPFH\"><p><a href=\"https:\/\/myanmar-now.org\/mm\/news\/6697\/\">\u1005\u1005\u103a\u1000\u1031\u102c\u1004\u103a\u1005\u102e\u1010\u103d\u1004\u103a \u1010\u102c\u101d\u1014\u103a\u1021\u101b\u103e\u102d\u1006\u102f\u1036\u1038 \u1005\u1005\u103a\u1017\u102d\u102f\u101c\u103a\u1001\u103b\u102f\u1015\u103a\u1000\u103c\u102e\u1038\u1019\u103b\u102c\u1038\u00a0<\/a><\/p><\/blockquote>\n<p><iframe class=\"wp-embedded-content\" sandbox=\"allow-scripts\" security=\"restricted\" style=\"position: absolute; visibility: hidden;\" title=\"&#8220;\u1005\u1005\u103a\u1000\u1031\u102c\u1004\u103a\u1005\u102e\u1010\u103d\u1004\u103a \u1010\u102c\u101d\u1014\u103a\u1021\u101b\u103e\u102d\u1006\u102f\u1036\u1038 \u1005\u1005\u103a\u1017\u102d\u102f\u101c\u103a\u1001\u103b\u102f\u1015\u103a\u1000\u103c\u102e\u1038\u1019\u103b\u102c\u1038\u00a0&#8221; &#8212; Myanmar Now\" src=\"https:\/\/myanmar-now.org\/mm\/news\/6697\/embed\/#?secret=HQyH9RIsng#?secret=S5WgjxyPFH\" data-secret=\"S5WgjxyPFH\" width=\"600\" height=\"338\" frameborder=\"0\" marginwidth=\"0\" marginheight=\"0\" scrolling=\"no\"><\/iframe><\/p>\n<\/div><\/div><\/div><\/div><\/li><li class=\"no_children next_no_children\" data-children=0><div class=\"wpda_tree_item_container\" id=\"wpda_item_container_36\" ><span class=\"wpda_tree_line\"><\/span><div class=\"wpda_tree_open_popup_el\"><div class=\"wpda_tree_item_img_cont \"><img decoding=\"async\" class=\"wpda_tree_item_img\" src=\"https:\/\/intl-crimes-doc.org\/wp-content\/uploads\/2024\/11\/bf.svg\"><\/div><div tabindex=\"0\" class=\"wpda_tree_item_title \">Porte parole de l'Arm\u00e9e<\/div><div tabindex=\"0\" class=\"wpda_tree_item_desc\" >Zaw Min Tun, \u1007\u1031\u102c\u103a\u1019\u1004\u103a\u1038\u1011\u103d\u1014\u103a\u1038, \ndepuis 2021<\/div><div date-popup-theme = \"11\" class=\"wpda_tree_popup_content wpda_tree_element_hidden\"><div class=\"wpda_popup_innerhtml\"><p><strong>NOM\u00a0<\/strong>: Zaw Min Tun, \u1007\u1031\u102c\u103a\u1019\u1004\u103a\u1038\u1011\u103d\u1014\u103a\u1038<\/p>\n<p><strong>SEXE\u00a0<\/strong>: Homme<\/p>\n<p><strong>DATE ET LIEU DE NAISSANCE\u00a0<\/strong>: [ind\u00e9termin\u00e9],Yenangyaung, Myanmar<\/p>\n<p><strong>STATUT\u00a0<\/strong>: Vivant (en 2025)<\/p>\n<p><strong>ELEMENTS BIOGRAPHIQUES\u00a0<\/strong>:<\/p>\n<p>Zaw Min Tun est le porte-parole de l&rsquo;arm\u00e9e et le vice-ministre de l&rsquo;information, depuis le coup d&rsquo;Etat de 2021. Il est \u00e9galement un membre influent du Conseil de l&rsquo;Administration d&rsquo;\u00c9tat, organe dirigeant issu du coup d&rsquo;\u00c9tat. En tant que chef de l&rsquo;\u00e9quipe de presse du m\u00e9dia \u00ab\u00a0Tatmadaw True News\u00a0\u00bb, il joue un r\u00f4le central dans la propagande de l&rsquo;arm\u00e9e pour justifier la r\u00e9pression violente contre les civils et les opposants.<\/p>\n<p><strong>HISTORIQUE DES FONCTIONS\u00a0<\/strong>:<\/p>\n<p>FONCTION 3 : Porte-parole de l&rsquo;arm\u00e9e &#8211; Depuis 2021<\/p>\n<p>FONCTION 2 : Chef de l\u2019\u00e9quipe de presse du Conseil d&rsquo;Administration de l&rsquo;\u00c9tat<br \/>\net de \u00ab\u00a0Tatmadaw True News\u00a0\u00bb<\/p>\n<p>FONCTION 1 : Vice-ministre de l&rsquo;information &#8211; Depuis 2021<\/p>\n<p><strong>SOURCES\u00a0<\/strong>:<\/p>\n<p>https:\/\/www.opensanctions.org\/entities\/Q105525835\/<\/p>\n<\/div><\/div><\/div><\/div><\/li><li class=\"no_children next_no_children\" data-children=0><div class=\"wpda_tree_item_container\" id=\"wpda_item_container_37\" ><span class=\"wpda_tree_line\"><\/span><div class=\"wpda_tree_open_popup_el\"><div class=\"wpda_tree_item_img_cont \"><img decoding=\"async\" class=\"wpda_tree_item_img\" src=\"https:\/\/intl-crimes-doc.org\/wp-content\/uploads\/2024\/11\/bf.svg\"><\/div><div tabindex=\"0\" class=\"wpda_tree_item_title \">Org. des anciens combattants<\/div><div tabindex=\"0\" class=\"wpda_tree_item_desc\" >Sein Win, \u1005\u102d\u1014\u103a\u101d\u1004\u103a\u1038,\nde 02\/2021 \u00e0 (au moins) 10\/2022<\/div><div date-popup-theme = \"11\" class=\"wpda_tree_popup_content wpda_tree_element_hidden\"><div class=\"wpda_popup_innerhtml\"><p><strong>NOM\u00a0<\/strong>: Sein Win, \u1005\u102d\u1014\u103a\u101d\u1004\u103a\u1038<\/p>\n<p><strong>SEXE\u00a0<\/strong>: Homme<\/p>\n<p><strong>DATE ET LIEU DE NAISSANCE\u00a0<\/strong>: ??\/07\/1956, Pyin Oo Lwin, Myanmar<\/p>\n<p><strong>STATUT\u00a0<\/strong>: Vivant (en 2025)<\/p>\n<p><strong>ELEMENTS BIOGRAPHIQUES\u00a0<\/strong>:<\/p>\n<p>Sein Win est ministre de la D\u00e9fense de 2015 \u00e0 f\u00e9vrier 2021. En tant que tel, il est directement impliqu\u00e9 dans la pers\u00e9cution syst\u00e9matique des minorit\u00e9s ethniques, notamment les Rohingyas, dans les \u00c9tats de Rakhine, Kachin et Shan. Il est sanctionn\u00e9 par plusieurs pays en raison de son r\u00f4le dans le coup d&rsquo;\u00c9tat de 2021 et de sa responsabilit\u00e9 dans la commission de crimes internationaux. Depuis 2021, il pr\u00e9side l&rsquo;Organisation des anciens combattants du Myanmar, une organisation qui soutient le r\u00e9gime militaire. Ses actions entra\u00eenent des sanctions internationales \u00e0 son encontre.<\/p>\n<p><strong>HISTORIQUE DES FONCTIONS\u00a0<\/strong>:<\/p>\n<p>FONCTION 2 : Pr\u00e9sident de l&rsquo;Organisation des anciens combattants du Myanmar &#8211; De 02\/2021 \u00e0 (au moins) 10\/2022<\/p>\n<p>FONCTION 1 : Ministre de la D\u00e9fense &#8211; du 24\/08\/2015 au 01\/02\/2021<\/p>\n<p><strong>SOURCES\u00a0<\/strong>:<\/p>\n<p>https:\/\/www.opensanctions.org\/entities\/Q25189697\/<\/p>\n<\/div><\/div><\/div><\/div><\/li><\/ul>\r\n<script>\r\nwpda_org_chart_popup_theme = new Array();\r\nwpda_org_chart_popup_theme[11] = {\"name\":\"Default\",\"popup_width\":{\"metric_desktop\":\"px\",\"metric_tablet\":\"px\",\"metric_mobile\":\"px\",\"desktop\":\"900\",\"tablet\":\"1024\",\"mobile\":\"320\"},\"popup_height\":{\"metric_desktop\":\"px\",\"metric_tablet\":\"px\",\"metric_mobile\":\"px\",\"desktop\":\"450\",\"tablet\":\"576\",\"mobile\":\"480\"},\"popup_bg_color\":{\"gradient\":\"none\",\"color1\":\"#e5e5e5\",\"color2\":\"rgba(255,255,255,1)\"},\"padding\":{\"metric_desktop\":\"px\",\"metric_tablet\":\"px\",\"metric_mobile\":\"px\",\"desktop_top\":40,\"desktop_right\":30,\"desktop_bottom\":40,\"desktop_left\":30,\"tablet_top\":0,\"tablet_right\":0,\"tablet_bottom\":0,\"tablet_left\":0,\"mobile_top\":0,\"mobile_right\":0,\"mobile_bottom\":0,\"mobile_left\":0},\"popup_position\":\"5\",\"popup_fixed_postion\":\"relative\",\"popup_border_type\":\"solid\",\"popup_border_color\":\"#353535\",\"popup_border_width\":{\"metric_desktop\":\"px\",\"desktop\":\"1\"},\"popup_border_radius\":{\"metric_desktop\":\"px\",\"desktop\":\"10\"},\"popup_animation_type\":\"fade\",\"popup_animation_time\":{\"desktop\":\"800\"},\"overlay_bg_color\":{\"gradient\":\"to bottom\",\"color1\":\"rgba(10,1,1,0.7)\",\"color2\":\"rgba(0,0,0,0.5)\"},\"close_button_text\":{\"desktop\":\"X\"},\"close_section_type\":\"section\",\"close_aditional\":\"esc_click\",\"close_button_text_font_family\":\"Arial,Helvetica Neue,Helvetica,sans-serif\",\"close_button_text_color\":\"#ffffff\",\"close_button_text_font_size\":{\"metric_desktop\":\"px\",\"desktop\":\"20\"},\"close_button_text_letter_spacing\":{\"metric_desktop\":\"px\",\"desktop\":\"normal\"},\"close_button_text_line_height\":{\"metric_desktop\":\"em\",\"desktop\":\"normal\"},\"close_button_text_font_weight\":\"initial\",\"close_button_text_font_style\":\"initial\",\"close_button_section_bg_color\":\"#707070\",\"close_section_border_bottom_type\":\"solid\",\"close_section_border_bottom_color\":\"#cccccc\",\"close_section_border_bottom_width\":{\"metric_desktop\":\"px\",\"desktop\":\"1\"}}\r\n<\/script><\/li><li class=\"has_children next_no_children\" data-children=1><div class=\"wpda_tree_item_container\" id=\"wpda_item_container_38\" ><span class=\"wpda_tree_line\"><\/span><div class=\"wpda_tree_open_popup_el\"><div class=\"wpda_tree_item_img_cont \"><img decoding=\"async\" class=\"wpda_tree_item_img\" src=\"https:\/\/intl-crimes-doc.org\/wp-content\/uploads\/2024\/11\/bf.svg\"><\/div><div tabindex=\"0\" class=\"wpda_tree_item_title \">Minist\u00e8re des Affaires Etrang\u00e8res<\/div><div tabindex=\"0\" class=\"wpda_tree_item_desc\" >Than Swe, \u101e\u1014\u103a\u1038\u1006\u103d\u1031,\ndepuis [ind\u00e9termin\u00e9]<\/div><div date-popup-theme = \"11\" class=\"wpda_tree_popup_content wpda_tree_element_hidden\"><div class=\"wpda_popup_innerhtml\"><p><strong>NOM\u00a0<\/strong>: Than Swe, \u101e\u1014\u103a\u1038\u1006\u103d\u1031<\/p>\n<p><strong>SEXE\u00a0<\/strong>: Homme<\/p>\n<p><strong>DATE ET LIEU DE NAISSANCE\u00a0<\/strong>: 1953, Myanmar<\/p>\n<p><strong>STATUT\u00a0<\/strong>: Vivant (en 2025)<\/p>\n<p><strong>ELEMENTS BIOGRAPHIQUES\u00a0<\/strong>:<\/p>\n<p>Than Swe est ministre des Affaires \u00e9trang\u00e8res. Son r\u00f4le consiste \u00e0 g\u00e9rer la diplomatie de la junte. En tant que ministre, il s&rsquo;exprime pour renforcer la l\u00e9gitimit\u00e9 du r\u00e9gime militaire malgr\u00e9 les exactions commises par les forces arm\u00e9es.<\/p>\n<p><strong>HISTORIQUE DES FONCTIONS\u00a0<\/strong>:<\/p>\n<p>FONCTION 1 : Ministre des Affaires \u00e9trang\u00e8res<\/p>\n<p><strong>SOURCES\u00a0<\/strong>:<\/p>\n<p>https:\/\/www.opensanctions.org\/entities\/Q116858792\/<\/p>\n<\/div><\/div><\/div><\/div><ul ><li class=\"no_children next_no_children\" data-children=0><div class=\"wpda_tree_item_container\" id=\"wpda_item_container_39\" ><span class=\"wpda_tree_line\"><\/span><div class=\"wpda_tree_open_popup_el\"><div class=\"wpda_tree_item_img_cont \"><img decoding=\"async\" class=\"wpda_tree_item_img\" src=\"https:\/\/intl-crimes-doc.org\/wp-content\/uploads\/2024\/11\/bf.svg\"><\/div><div tabindex=\"0\" class=\"wpda_tree_item_title \">Diplomatie du Myanmar en Chine<\/div><div tabindex=\"0\" class=\"wpda_tree_item_desc\" >Thit Lin Aung, \u101e\u1005\u103a\u101c\u1004\u103a\u1038\u1021\u102f\u1014\u103a\u1038 \nde [indetermin\u00e9] \u00e0 [indetermin\u00e9]<\/div><div date-popup-theme = \"11\" class=\"wpda_tree_popup_content wpda_tree_element_hidden\"><div class=\"wpda_popup_innerhtml\"><p><strong>NOM\u00a0<\/strong>: Thit Lin Aung, \u101e\u1005\u103a\u101c\u1004\u103a\u1038\u1021\u102f\u1014\u103a\u1038<\/p>\n<p><strong>SEXE\u00a0<\/strong>: Homme<\/p>\n<p><strong>DATE ET LIEU DE NAISSANCE\u00a0<\/strong>: 17\/05\/1962, Myanmar<\/p>\n<p><strong>STATUT\u00a0<\/strong>: Vivant (en 2025)<\/p>\n<p><strong>ELEMENTS BIOGRAPHIQUES\u00a0<\/strong>:<\/p>\n<p>Thit Lin Aung est ambassadeur du Myanmar aupr\u00e8s de la R\u00e9publique populaire de Chine et de la F\u00e9d\u00e9ration de Russie. Ancien membre de l&rsquo;Acad\u00e9mie des services de d\u00e9fense du Myanmar, son r\u00f4le diplomatique consiste \u00e0 d\u00e9fendre le r\u00e9gime militaire apr\u00e8s le coup d&rsquo;\u00c9tat de 2021, et \u00e0 \u00e9viter l&rsquo;isolement international du pays.<\/p>\n<p><strong>HISTORIQUE DES FONCTIONS\u00a0<\/strong>:<\/p>\n<p>FONCTION 1 : Diplomate aupr\u00e8s de la R\u00e9publique populaire de Chine et de la F\u00e9d\u00e9ration de Russie.<\/p>\n<p><strong>SOURCES\u00a0<\/strong>:<\/p>\n<p>https:\/\/www.opensanctions.org\/entities\/Q131466727\/<\/p>\n<\/div><\/div><\/div><\/div><\/li><\/ul>\r\n<script>\r\nwpda_org_chart_popup_theme = new Array();\r\nwpda_org_chart_popup_theme[11] = {\"name\":\"Default\",\"popup_width\":{\"metric_desktop\":\"px\",\"metric_tablet\":\"px\",\"metric_mobile\":\"px\",\"desktop\":\"900\",\"tablet\":\"1024\",\"mobile\":\"320\"},\"popup_height\":{\"metric_desktop\":\"px\",\"metric_tablet\":\"px\",\"metric_mobile\":\"px\",\"desktop\":\"450\",\"tablet\":\"576\",\"mobile\":\"480\"},\"popup_bg_color\":{\"gradient\":\"none\",\"color1\":\"#e5e5e5\",\"color2\":\"rgba(255,255,255,1)\"},\"padding\":{\"metric_desktop\":\"px\",\"metric_tablet\":\"px\",\"metric_mobile\":\"px\",\"desktop_top\":40,\"desktop_right\":30,\"desktop_bottom\":40,\"desktop_left\":30,\"tablet_top\":0,\"tablet_right\":0,\"tablet_bottom\":0,\"tablet_left\":0,\"mobile_top\":0,\"mobile_right\":0,\"mobile_bottom\":0,\"mobile_left\":0},\"popup_position\":\"5\",\"popup_fixed_postion\":\"relative\",\"popup_border_type\":\"solid\",\"popup_border_color\":\"#353535\",\"popup_border_width\":{\"metric_desktop\":\"px\",\"desktop\":\"1\"},\"popup_border_radius\":{\"metric_desktop\":\"px\",\"desktop\":\"10\"},\"popup_animation_type\":\"fade\",\"popup_animation_time\":{\"desktop\":\"800\"},\"overlay_bg_color\":{\"gradient\":\"to bottom\",\"color1\":\"rgba(10,1,1,0.7)\",\"color2\":\"rgba(0,0,0,0.5)\"},\"close_button_text\":{\"desktop\":\"X\"},\"close_section_type\":\"section\",\"close_aditional\":\"esc_click\",\"close_button_text_font_family\":\"Arial,Helvetica Neue,Helvetica,sans-serif\",\"close_button_text_color\":\"#ffffff\",\"close_button_text_font_size\":{\"metric_desktop\":\"px\",\"desktop\":\"20\"},\"close_button_text_letter_spacing\":{\"metric_desktop\":\"px\",\"desktop\":\"normal\"},\"close_button_text_line_height\":{\"metric_desktop\":\"em\",\"desktop\":\"normal\"},\"close_button_text_font_weight\":\"initial\",\"close_button_text_font_style\":\"initial\",\"close_button_section_bg_color\":\"#707070\",\"close_section_border_bottom_type\":\"solid\",\"close_section_border_bottom_color\":\"#cccccc\",\"close_section_border_bottom_width\":{\"metric_desktop\":\"px\",\"desktop\":\"1\"}}\r\n<\/script><\/li><li class=\"no_children next_no_children\" data-children=0><div class=\"wpda_tree_item_container\" id=\"wpda_item_container_40\" ><span class=\"wpda_tree_line\"><\/span><div class=\"wpda_tree_open_popup_el\"><div class=\"wpda_tree_item_img_cont \"><img decoding=\"async\" class=\"wpda_tree_item_img\" src=\"https:\/\/intl-crimes-doc.org\/wp-content\/uploads\/2024\/11\/bf.svg\"><\/div><div tabindex=\"0\" class=\"wpda_tree_item_title \">Minist\u00e8re du Commerce<\/div><div tabindex=\"0\" class=\"wpda_tree_item_desc\" >Aung Naing Oo, \u1021\u1031\u102c\u1004\u103a\u1014\u102d\u102f\u1004\u103a\u1026\u1038,\ndepuis 08\/2022<\/div><div date-popup-theme = \"11\" class=\"wpda_tree_popup_content wpda_tree_element_hidden\"><div class=\"wpda_popup_innerhtml\"><p><strong>NOM\u00a0<\/strong>: Aung Naing Oo, \u1021\u1031\u102c\u1004\u103a\u1014\u102d\u102f\u1004\u103a\u1026\u1038<\/p>\n<p><strong>SEXE\u00a0<\/strong>: Homme<\/p>\n<p><strong>DATE ET LIEU DE NAISSANCE\u00a0<\/strong>: ??\/10\/1962, Kyaukse, Mandalay, Myanmar<\/p>\n<p><strong>STATUT\u00a0<\/strong>: Vivant (en 2025)<\/p>\n<p><strong>ELEMENTS BIOGRAPHIQUES\u00a0<\/strong>:<\/p>\n<p>Aung Naing Oo, en tant que ministre charg\u00e9 de l&rsquo;investissement et des relations \u00e9conomiques ext\u00e9rieures, facilite les investissements \u00e9trangers en le soutient financier de la junte militaire. Il soutient publiquement le coup d&rsquo;\u00c9tat. En f\u00e9vrier 2021, exercerait des pressions contre des soci\u00e9t\u00e9s de t\u00e9l\u00e9communications et contribuerait \u00e0 r\u00e9primer des fonctionnaires ayant particip\u00e9 aux manifestations contre le r\u00e9gime. En ao\u00fbt 2022, il est d\u00e9sign\u00e9 ministre du Commerce.<\/p>\n<p><strong>HISTORIQUE DES FONCTIONS\u00a0<\/strong>:<\/p>\n<p>FONCTION 2 : Ministre du Commerce &#8211; Depuis 08\/2022<\/p>\n<p>FONCTION 1 : Ministre de l&rsquo;Investissement et des Relations \u00c9conomiques &#8211; De 02\/2021 \u00e0 08\/2022<\/p>\n<p><strong>SOURCES\u00a0<\/strong>:<\/p>\n<p>https:\/\/www.opensanctions.org\/entities\/Q105203929\/<\/p>\n<\/div><\/div><\/div><\/div><\/li><li class=\"no_children next_no_children\" data-children=0><div class=\"wpda_tree_item_container\" id=\"wpda_item_container_41\" ><span class=\"wpda_tree_line\"><\/span><div class=\"wpda_tree_open_popup_el\"><div class=\"wpda_tree_item_img_cont \"><img decoding=\"async\" class=\"wpda_tree_item_img\" src=\"https:\/\/intl-crimes-doc.org\/wp-content\/uploads\/2024\/11\/bf.svg\"><\/div><div tabindex=\"0\" class=\"wpda_tree_item_title \">Minist\u00e8re des Transports <br \/> et des Communications<\/div><div tabindex=\"0\" class=\"wpda_tree_item_desc\" >Mya Tun Oo, \u1019\u103b\u102c\u1011\u103d\u1014\u103a\u1038\u1026\u1038,\ndepuis 08\/2023<\/div><div date-popup-theme = \"11\" class=\"wpda_tree_popup_content wpda_tree_element_hidden\"><div class=\"wpda_popup_innerhtml\"><p><strong>NOM\u00a0<\/strong>: Mya Tun Oo, \u1019\u103b\u102c\u1011\u103d\u1014\u103a\u1038\u1026\u1038<\/p>\n<p><strong>SEXE\u00a0<\/strong>: Homme<\/p>\n<p><strong>DATE ET LIEU DE NAISSANCE\u00a0<\/strong>: ??\/05\/1961, Yangon, Myanmar<\/p>\n<p><strong>STATUT\u00a0<\/strong>: Vivant (en 2025)<\/p>\n<p><strong>ELEMENTS BIOGRAPHIQUES\u00a0<\/strong>:<\/p>\n<p>Mya Tun Oo devient Chef d&rsquo;\u00e9tat-major des arm\u00e9es en 2016. Il a sous sa responsabilit\u00e9 les troupes qui op\u00e8rent dans les r\u00e9gions de Rakhine, Shan et Kachin, et qui commettent des violences syst\u00e9matiques contre des minorit\u00e9s ethniques. Apr\u00e8s le coup d&rsquo;\u00c9tat de 2021, il est nomm\u00e9 ministre de la D\u00e9fense et rejoint le Conseil d&rsquo;administration d&rsquo;Etat, ce qui lui donne une responsabilit\u00e9 dans la r\u00e9pression violente contre les opposants pro-d\u00e9mocratie \u00e0 cette p\u00e9riode. Ses actions entra\u00eenent des sanctions internationales. En f\u00e9vrier 2023, il est nomm\u00e9 vice-Premier ministre, puis ministre des Transports et des Communications en aout 2023.<\/p>\n<p><strong>HISTORIQUE DES FONCTIONS\u00a0<\/strong>:<\/p>\n<p>FONCTION 6 : Ministre des Transports et des Communications &#8211; Depuis 08\/2023<br \/>\nA entretenu des liens avec la Chine, notamment \u00e0 l&rsquo;occasion d&rsquo;un d\u00e9placement \u00e0 Beijing en septembre 2023<\/p>\n<p>FONCTION 5 : Vice Premier Ministre &#8211; De 02\/2023 \u00e0 08\/2023<\/p>\n<p>FONCTION 4 : Ministre de la D\u00e9fense &#8211; De 02\/2021 \u00e0 08\/2023<\/p>\n<p>FONCTION 3 : Membre du Conseil d&rsquo;Administration de l&rsquo;\u00c9tat &#8211; A partir de 2021<\/p>\n<p>FONCTION 2 : Chef d&rsquo;\u00e9tat-major g\u00e9n\u00e9ral (terre-air-mer) &#8211; De 2016 \u00e0 2021<\/p>\n<p>FONCTION 1 : Commandant de la 101e division d&rsquo;infanterie<\/p>\n<p><strong>SOURCES\u00a0<\/strong>:<\/p>\n<p>https:\/\/www.opensanctions.org\/entities\/Q19718465\/<\/p>\n<p>https:\/\/myanmar.securityforcemonitor.org\/explore\/c771c291<\/p>\n<p>https:\/\/thediplomat.com\/2022\/06\/myanmar-junta-moves-aung-san-suu-kyi-trial-to-new-prison-facility\/<\/p>\n<p>https:\/\/www.irrawaddy.com\/news\/burma\/beijing-bound-myanmar-transport-minister-joins-race-to-china.htmlhttps:\/\/myanmar-now.org\/mm\/news\/6697\/<\/p>\n<\/div><\/div><\/div><\/div><\/li><li class=\"no_children next_no_children\" data-children=0><div class=\"wpda_tree_item_container\" id=\"wpda_item_container_42\" ><span class=\"wpda_tree_line\"><\/span><div class=\"wpda_tree_open_popup_el\"><div class=\"wpda_tree_item_img_cont \"><img decoding=\"async\" class=\"wpda_tree_item_img\" src=\"https:\/\/intl-crimes-doc.org\/wp-content\/uploads\/2024\/11\/bf.svg\"><\/div><div tabindex=\"0\" class=\"wpda_tree_item_title \">Conseil de l'Administration d'Etat <br \/> Secr\u00e9tariat<\/div><div tabindex=\"0\" class=\"wpda_tree_item_desc\" >Aung Lin Dwe, \u1021\u1031\u102c\u1004\u103a\u101c\u1004\u103a\u1038\u1012\u103d\u1032,\nSecr\u00e9taire du CAE\ndepuis 02\/2021<\/div><div date-popup-theme = \"11\" class=\"wpda_tree_popup_content wpda_tree_element_hidden\"><div class=\"wpda_popup_innerhtml\"><p><strong>NOM\u00a0<\/strong>: Aung Lin Dwe, \u1021\u1031\u102c\u1004\u103a\u101c\u1004\u103a\u1038\u1012\u103d\u1032<\/p>\n<p><strong>SEXE\u00a0<\/strong>: Homme<\/p>\n<p><strong>DATE ET LIEU DE NAISSANCE\u00a0<\/strong>: 31\/05\/1962, Myanmar<\/p>\n<p><strong>STATUT\u00a0<\/strong>: Vivant (en 2025)<\/p>\n<p><strong>ELEMENTS BIOGRAPHIQUES\u00a0<\/strong>:<\/p>\n<p>Aung Lin Dwe occupe le poste de secr\u00e9taire du Conseil d&rsquo;administration de l&rsquo;\u00c9tat depuis 2021. Il joue un r\u00f4le essentiel dans la mise en \u0153uvre des d\u00e9cisions du r\u00e9gime militaire, y compris la r\u00e9pression violente de l&rsquo;opposition. Ses actions entra\u00eenent des sanctions internationales \u00e0 son encontre.<\/p>\n<p><strong>HISTORIQUE DES FONCTIONS\u00a0<\/strong>:<\/p>\n<p>FONCTION 1 : Secr\u00e9taire du Conseil d&rsquo;administration de l&rsquo;\u00c9tat &#8211; Depuis 02\/2021<\/p>\n<p><strong>SOURCES\u00a0<\/strong>:<\/p>\n<p>https:\/\/www.opensanctions.org\/entities\/Q105444004\/<\/p>\n<blockquote class=\"wp-embedded-content\" data-secret=\"S5WgjxyPFH\"><p><a href=\"https:\/\/myanmar-now.org\/mm\/news\/6697\/\">\u1005\u1005\u103a\u1000\u1031\u102c\u1004\u103a\u1005\u102e\u1010\u103d\u1004\u103a \u1010\u102c\u101d\u1014\u103a\u1021\u101b\u103e\u102d\u1006\u102f\u1036\u1038 \u1005\u1005\u103a\u1017\u102d\u102f\u101c\u103a\u1001\u103b\u102f\u1015\u103a\u1000\u103c\u102e\u1038\u1019\u103b\u102c\u1038\u00a0<\/a><\/p><\/blockquote>\n<p><iframe class=\"wp-embedded-content\" sandbox=\"allow-scripts\" security=\"restricted\" style=\"position: absolute; visibility: hidden;\" title=\"&#8220;\u1005\u1005\u103a\u1000\u1031\u102c\u1004\u103a\u1005\u102e\u1010\u103d\u1004\u103a \u1010\u102c\u101d\u1014\u103a\u1021\u101b\u103e\u102d\u1006\u102f\u1036\u1038 \u1005\u1005\u103a\u1017\u102d\u102f\u101c\u103a\u1001\u103b\u102f\u1015\u103a\u1000\u103c\u102e\u1038\u1019\u103b\u102c\u1038\u00a0&#8221; &#8212; Myanmar Now\" src=\"https:\/\/myanmar-now.org\/mm\/news\/6697\/embed\/#?secret=HQyH9RIsng#?secret=S5WgjxyPFH\" data-secret=\"S5WgjxyPFH\" width=\"600\" height=\"338\" frameborder=\"0\" marginwidth=\"0\" marginheight=\"0\" scrolling=\"no\"><\/iframe><\/p>\n<\/div><\/div><\/div><\/div><\/li><\/ul>\r\n<script>\r\nwpda_org_chart_popup_theme = new Array();\r\nwpda_org_chart_popup_theme[11] = {\"name\":\"Default\",\"popup_width\":{\"metric_desktop\":\"px\",\"metric_tablet\":\"px\",\"metric_mobile\":\"px\",\"desktop\":\"900\",\"tablet\":\"1024\",\"mobile\":\"320\"},\"popup_height\":{\"metric_desktop\":\"px\",\"metric_tablet\":\"px\",\"metric_mobile\":\"px\",\"desktop\":\"450\",\"tablet\":\"576\",\"mobile\":\"480\"},\"popup_bg_color\":{\"gradient\":\"none\",\"color1\":\"#e5e5e5\",\"color2\":\"rgba(255,255,255,1)\"},\"padding\":{\"metric_desktop\":\"px\",\"metric_tablet\":\"px\",\"metric_mobile\":\"px\",\"desktop_top\":40,\"desktop_right\":30,\"desktop_bottom\":40,\"desktop_left\":30,\"tablet_top\":0,\"tablet_right\":0,\"tablet_bottom\":0,\"tablet_left\":0,\"mobile_top\":0,\"mobile_right\":0,\"mobile_bottom\":0,\"mobile_left\":0},\"popup_position\":\"5\",\"popup_fixed_postion\":\"relative\",\"popup_border_type\":\"solid\",\"popup_border_color\":\"#353535\",\"popup_border_width\":{\"metric_desktop\":\"px\",\"desktop\":\"1\"},\"popup_border_radius\":{\"metric_desktop\":\"px\",\"desktop\":\"10\"},\"popup_animation_type\":\"fade\",\"popup_animation_time\":{\"desktop\":\"800\"},\"overlay_bg_color\":{\"gradient\":\"to bottom\",\"color1\":\"rgba(10,1,1,0.7)\",\"color2\":\"rgba(0,0,0,0.5)\"},\"close_button_text\":{\"desktop\":\"X\"},\"close_section_type\":\"section\",\"close_aditional\":\"esc_click\",\"close_button_text_font_family\":\"Arial,Helvetica Neue,Helvetica,sans-serif\",\"close_button_text_color\":\"#ffffff\",\"close_button_text_font_size\":{\"metric_desktop\":\"px\",\"desktop\":\"20\"},\"close_button_text_letter_spacing\":{\"metric_desktop\":\"px\",\"desktop\":\"normal\"},\"close_button_text_line_height\":{\"metric_desktop\":\"em\",\"desktop\":\"normal\"},\"close_button_text_font_weight\":\"initial\",\"close_button_text_font_style\":\"initial\",\"close_button_section_bg_color\":\"#707070\",\"close_section_border_bottom_type\":\"solid\",\"close_section_border_bottom_color\":\"#cccccc\",\"close_section_border_bottom_width\":{\"metric_desktop\":\"px\",\"desktop\":\"1\"}}\r\n<\/script><\/li><\/ul><\/li><\/ul><\/li><\/ul><\/div><\/div><\/div><script>document.addEventListener(\"DOMContentLoaded\", function(event) { var wpda_org_chart_3= new wpdevart_org_chart_front(\"wpdevart_org_chart_container_3\",{mobile_frendly:\"mob_view_only_on_mob\",mobile_size:450,def_scroll:50, zoomable:\"enable_shift\", draggable:\"enable\", max_zoomable:\"1\", min_zoomable:\"10\", zoom_speed:\"10\"})});<\/script><style>#wpdevart_org_chart_container_parent_3{overflow-x:auto;}#wpdevart_org_chart_container_3{\r\n\t\t\tbackground-image: linear-gradient(to right, #ededed, #ededed);\r\n\t\t\tpadding-top:20px;\r\n\t\t\tpadding-right:;\r\n\t\t\tpadding-bottom:20px;\r\n\t\t\tpadding-left:20px;\r\n\t\t\tborder-style: solid;\r\n\t\t\tborder-color: #0a0a0a;\r\n\t\t\tborder-width: 2px;\r\n\t\t\tborder-radius: 30px;  \r\n\t\t}#wpdevart_org_chart_container_3 li{margin-top: 2px;}#wpdevart_org_chart_container_3 ul ul::before{left: calc(50% - 1px);\r\n\t\t\tborder-left: 2px solid #dd6666;\r\n\t\t\theight: 22px;\r\n\t\t\ttop: 0px;\r\n\t\t}#wpdevart_org_chart_container_3 li::before, #wpdevart_org_chart_container_3 li::after{\r\n\t\t\ttop: -2px;\r\n\t\t\tright: calc(50% - 1px);\r\n\t\t\twidth: calc(50% + 2px);\r\n\t\t\tborder-top: 2px solid #dd6666;\r\n\t\t\theight: 22px;\r\n\t\t}#wpdevart_org_chart_container_3 li:after{\r\n\t\t\tleft: calc(50% - 1px);\r\n\t\t\tborder-left: 2px solid #dd6666;\r\n\t\t}#wpdevart_org_chart_container_3 li:last-child::before{\r\n\t\t\tborder-right: 2px solid #dd6666;\r\n\t\t}#wpdevart_org_chart_container_3 li:first-child::before,\r\n\t\t#wpdevart_org_chart_container_3 li:last-child::after {\r\n\t\t  border: 0 none;\r\n\t\t}@media screen and (max-width: 1000px) {#wpdevart_org_chart_container_3{\r\n\t\t\tpadding-top:0px;\r\n\t\t\tpadding-right:0px;\r\n\t\t\tpadding-bottom:0px;\r\n\t\t\tpadding-left:0px;\t\t\r\n\t\t}}@media screen and (max-width: 450px) {#wpdevart_org_chart_container_3{\r\n\t\t\tpadding-top:0px;\r\n\t\t\tpadding-right:0px;\r\n\t\t\tpadding-bottom:0px;\r\n\t\t\tpadding-left:0px;\t\t\r\n\t\t}}#wpdevart_org_chart_container_3 .chart_wpda_mobile_before.has_children > ul:before{\r\n\t\t\ttop:-80px;\r\n\t\t\tleft:0px;\r\n\t\t\theight:80px;\r\n\t\t}#wpdevart_org_chart_container_3 .chart_wpda_mobile_before.has_children li .wpda_tree_item_container:after{\r\n\t\t\tborder-top: 2px solid #dd6666;\r\n\t\t}#wpdevart_org_chart_container_3 .chart_wpda_mobile_before.has_children li .wpda_tree_item_container:after{\r\n\t\t\tborder-top: 2px solid #dd6666;\r\n\t\t}#wpdevart_org_chart_container_3 .chart_wpda_mobile_before > ul li{\r\n\t\t\tborder-left:2px solid #dd6666;\r\n\t\t}#wpdevart_org_chart_container_3 .chart_wpda_mobile_before.has_children > .wpda_tree_item_container:before,#wpdevart_org_chart_container_3 .chart_wpda_mobile_before li.has_children > .wpda_tree_item_container:before{\r\n\t\t\tcontent: \"\";\r\n\t\t\tborder-left:2px solid #dd6666;\r\n\t\t}#wpdevart_org_chart_container_3 .chart_wpda_mobile_before li{\r\n\t\t\tmargin-top:0px;\r\n\t\t}#wpdevart_org_chart_container_3 .chart_wpda_mobile_before > ul li:last-child{\r\n\t\t\tborder-left: 0;\r\n\t\t}#wpdevart_org_chart_container_3 .chart_wpda_mobile_before > ul li:last-child > div > span.wpda_tree_line{\r\n\t\t\tborder-left: 2px solid #dd6666;\r\n\t\t}#wpdevart_org_chart_container_3 .chart_wpda_mobile_before.has_children li .wpda_tree_item_container:after {\r\n\t\t\ttop: calc(50% - 1px);\r\n\t\t}#wpdevart_org_chart_container_3 .chart_wpda_mobile_before li.has_children li .wpda_tree_item_container:after {\r\n\t\t\ttop: calc(50% - 1px);\r\n\t\t}.first_child_hidden#wpdevart_org_chart_container_3 .chart_wpda_mobile_before > ul > li > ul > li:first-child::before{\r\n\t\t\tborder-left: 2px solid #dd6666;\r\n\t\t\ttop: 80px;\r\n\t\t\theight: calc(100% - 80px);\r\n\t\t\tleft:0px;\r\n\t\t\twidth:0px;\r\n\t\t}.first_child_hidden#wpdevart_org_chart_container_3 .chart_wpda_mobile_before > ul > li > div.wpda_tree_item_container:before{\r\n\t\t\tborder:none;\r\n\t\t}#wpdevart_org_chart_container_3 .chart_wpda_mobile_before > ul li:last-child > .wpda_tree_item_container{\r\n\t\t\tpadding-left: 22px;\r\n\t\t}#wpdevart_org_chart_container_3 .chart_wpda_mobile_before > ul li:last-child > .wpda_tree_item_container:after{\r\n\t\t\twidth: 22px;\r\n\t\t}#wpdevart_org_chart_container_3 .chart_wpda_mobile_before > ul li:last-child > .wpda_tree_item_container:before{\r\n\t\t\tleft: 22px;\r\n\t\t}#wpdevart_org_chart_container_3 .chart_wpda_mobile_before > ul li:last-child > ul{\r\n\t\t\tmargin-left: 2px;\r\n\t\t}#wpdevart_org_chart_container_3 .wpdevart_highlight{\r\n\t\t\tbackground-color: #ffffff;\r\n\t\t}.wpda_mobile#wpdevart_org_chart_container_3 li.has_children > ul:before{\r\n\t\t\ttop:-80px;\r\n\t\t\tleft:0px;\r\n\t\t\theight:80px;\r\n\t\t}.wpda_mobile#wpdevart_org_chart_container_3 li.has_children li .wpda_tree_item_container:after{\r\n\t\t\tborder-top: 2px solid #dd6666;\r\n\t\t}#wpdevart_org_chart_container_3 .chart_wpda_mobile_before li.has_children li .wpda_tree_item_container:after{\r\n\t\t\tborder-top: 2px solid #dd6666;\r\n\t\t}.wpda_mobile#wpdevart_org_chart_container_3 > ul > li > ul li{\r\n\t\t\tborder-left:2px solid #dd6666;\r\n\t\t}.wpda_mobile#wpdevart_org_chart_container_3 li.has_children > .wpda_tree_item_container:before{\r\n\t\t\tcontent: \"\";\r\n\t\t\tborder-left:2px solid #dd6666;\r\n\t\t}.wpda_mobile#wpdevart_org_chart_container_3 li{\r\n\t\t\tmargin-top:0px;\r\n\t\t}.wpda_mobile#wpdevart_org_chart_container_3 > ul > li > ul li:last-child{\r\n\t\t\tborder-left: 0;\r\n\t\t}.wpda_mobile#wpdevart_org_chart_container_3 > ul > li > ul li:last-child > div > span.wpda_tree_line{\r\n\t\t\tborder-left: 2px solid #dd6666;\r\n\t\t}.wpda_mobile#wpdevart_org_chart_container_3 li.has_children li .wpda_tree_item_container:after {\r\n\t\t\ttop: calc(50% - 1px);\r\n\t\t}#wpdevart_org_chart_container_3 .chart_wpda_mobile_before li.has_children li .wpda_tree_item_container:after {\r\n\t\t\ttop: calc(50% - 1px);\r\n\t\t}.wpda_mobile.first_child_hidden#wpdevart_org_chart_container_3 > ul > li > ul > li:first-child::before{\r\n\t\t\tborder-left: 2px solid #dd6666;\r\n\t\t\ttop: 80px;\r\n\t\t\theight: calc(100% - 80px);\r\n\t\t\tleft:0px;\r\n\t\t\twidth:0px;\r\n\t\t}.wpda_mobile.first_child_hidden#wpdevart_org_chart_container_3  > ul > li > div.wpda_tree_item_container:before{\r\n\t\t\tborder:none;\r\n\t\t}.wpda_mobile#wpdevart_org_chart_container_3  > ul > li > ul li:last-child > .wpda_tree_item_container{\r\n\t\t\tpadding-left: 22px;\r\n\t\t}.wpda_mobile#wpdevart_org_chart_container_3  > ul > li > ul li:last-child > .wpda_tree_item_container:after{\r\n\t\t\twidth: 22px;\r\n\t\t}.wpda_mobile#wpdevart_org_chart_container_3  > ul > li > ul li:last-child > .wpda_tree_item_container:before{\r\n\t\t\tleft: 22px;\r\n\t\t}.wpda_mobile#wpdevart_org_chart_container_3 > ul > li > ul li:last-child >ul{\r\n\t\t\tmargin-left: 2px;\r\n\t\t}#wpdevart_org_chart_container_3 li .wpda_tree_item_container > div{\r\n\t\t\tbackground-image: linear-gradient(to right, #ffffff, #ffffff);\r\n\t\t}#wpdevart_org_chart_container_3 .wpda_tree_item_container .wpda_tree_item_img_cont{\r\n\t\t\twidth:50px;\r\n\t\t\theight:50px;\t\t\r\n\t\t}#wpdevart_org_chart_container_3 .wpda_tree_item_container .wpda_tree_item_img{\r\n\t\t\tborder-radius:0px;\t\t\t\t\t\t\r\n\t\t}#wpdevart_org_chart_container_3 .wpda_tree_item_container .wpda_tree_item_img_cont{\r\n\t\t\tmargin-top:5px;\r\n\t\t\tmargin-right:5px;\r\n\t\t\tmargin-bottom:5px;\r\n\t\t\tmargin-left:5px;\r\n\t\t}#wpdevart_org_chart_container_3 .wpda_tree_item_container .wpda_tree_item_title{\r\n\t\t\tfont-family:Calibri,Helvetica Neue,Helvetica,Arial,Verdana,sans-serif;\r\n\t\t\tcolor:;\r\n\t\t\tfont-size:12px;\r\n\t\t\tline-height:;\r\n\t\t\tletter-spacing:;\r\n\t\t\tfont-weight:bold;\r\n\t\t\tfont-style:initial;\r\n\t\t\tmargin-top:5px;\r\n\t\t\tmargin-right:5px;\r\n\t\t\tmargin-bottom:5px;\r\n\t\t\tmargin-left:5px;\r\n\t\t}#wpdevart_org_chart_container_3 .wpda_tree_item_container .wpda_tree_item_desc{\r\n\t\t\tfont-family:Calibri,Helvetica Neue,Helvetica,Arial,Verdana,sans-serif;\r\n\t\t\tcolor:;\r\n\t\t\tfont-size:10px;\r\n\t\t\tline-height:;\r\n\t\t\tletter-spacing:;\r\n\t\t\tfont-weight:initial;\r\n\t\t\tfont-style:initial;\r\n\t\t\tmargin-top:5px;\r\n\t\t\tmargin-right:5px;\r\n\t\t\tmargin-bottom:5px;\r\n\t\t\tmargin-left:5px;\r\n\t\t}#wpdevart_org_chart_container_3 .wpda_tree_item_container > div{\r\n\t\t\tborder-style: solid;\r\n\t\t\tborder-color: #0a0a0a;\r\n\t\t\tborder-width: ;\r\n\t\t\tborder-radius: 10px;  \r\n\t\t}#wpdevart_org_chart_container_3 .wpda_tree_item_container > div{\r\n\t\t\tmin-width: 80px;\r\n\t\t\tmin-height: 80px;\r\n\t\t\tmax-width:200px;\r\n\t\t\t\r\n\t\t}@media screen and (max-width: 1000px) {#wpdevart_org_chart_container_3 .wpda_tree_item_container > div{\r\n\t\t\t \r\n\t\t\t \r\n\t\t\t \r\n\t\t\t\r\n\t\t}#wpdevart_org_chart_container_3 .wpda_tree_item_container .wpda_tree_item_img_cont{\r\n\t\t\tmargin-top:5px;\r\n\t\t\tmargin-right:5px;\r\n\t\t\tmargin-bottom:5px;\r\n\t\t\tmargin-left:5px;\r\n\t\t}#wpdevart_org_chart_container_3 .wpda_tree_item_container .wpda_tree_item_title{\r\n\t\t\t\r\n\t\t\tmargin-top:0px;\r\n\t\t\tmargin-right:0px;\r\n\t\t\tmargin-bottom:0px;\r\n\t\t\tmargin-left:0px;\r\n\t\t}#wpdevart_org_chart_container_3 .wpda_tree_item_container .wpda_tree_item_desc{\r\n\t\t\t\r\n\t\t\tmargin-top:0px;\r\n\t\t\tmargin-right:0px;\r\n\t\t\tmargin-bottom:0px;\r\n\t\t\tmargin-left:0px;\r\n\t\t}}@media screen and (max-width: 450px) {#wpdevart_org_chart_container_3 .wpda_tree_item_container > div{\r\n\t\t\t \r\n\t\t\t \r\n\t\t\t \r\n\t\t}#wpdevart_org_chart_container_3 .wpda_tree_item_container .wpda_tree_item_img_cont{\r\n\t\t\tmargin-top:5px;\r\n\t\t\tmargin-right:5px;\r\n\t\t\tmargin-bottom:5px;\r\n\t\t\tmargin-left:5px;\r\n\t\t}#wpdevart_org_chart_container_3 .wpda_tree_item_container .wpda_tree_item_title{\r\n\t\t\t\r\n\t\t\tmargin-top:0px;\r\n\t\t\tmargin-right:0px;\r\n\t\t\tmargin-bottom:0px;\r\n\t\t\tmargin-left:0px;\t\t\t\r\n\t\t}#wpdevart_org_chart_container_3 .wpda_tree_item_container .wpda_tree_item_desc{\r\n\t\t\t\r\n\t\t\tmargin-top:0px;\r\n\t\t\tmargin-right:0px;\r\n\t\t\tmargin-bottom:0px;\r\n\t\t\tmargin-left:0px;\r\n\t\t}}<\/style><\/div>\n\t\t\t\t\t\t<\/div>\n\t\t\t\t<\/div>\n\t\t\t\t<\/div>\n\t\t\t\t\t<\/div>\n\t\t<\/div>\n\t\t\t\t\t\t<\/div>\n\t\t\t\t<\/div>\n\t\t\t\t<div class=\"elementor-element elementor-element-07bae64 elementor-widget__width-initial elementor-widget elementor-widget-text-editor\" data-id=\"07bae64\" data-element_type=\"widget\" data-e-type=\"widget\" data-widget_type=\"text-editor.default\">\n\t\t\t\t<div class=\"elementor-widget-container\">\n\t\t\t\t\t\t\t\t\t<p style=\"text-align: center;\"><strong>TOUS LES AUTEURS ALLEGU\u00c9S SONT PRESUM\u00c9S INNOCENTS JUSQU\u2019\u00c0 CE QU\u2019ILS SOIENT RECONNUS COUPABLES PAR UNE COUR DE JUSTICE COMP\u00c9TENTE POUR LES JUGER.<\/strong><\/p>\t\t\t\t\t\t\t\t<\/div>\n\t\t\t\t<\/div>\n\t\t\t\t<div class=\"elementor-element elementor-element-e82d067 elementor-widget__width-initial elementor-widget elementor-widget-text-editor\" data-id=\"e82d067\" data-element_type=\"widget\" data-e-type=\"widget\" data-widget_type=\"text-editor.default\">\n\t\t\t\t<div class=\"elementor-widget-container\">\n\t\t\t\t\t\t\t\t\t<p>Vous pensez qu&rsquo;il manque des informations? Les organigrammes d&rsquo;autres entit\u00e9s bellig\u00e9rantes seront bient\u00f4t disponibles.<\/p><p>Si vous avez des renseignements compl\u00e9mentaires\u00a0<span style=\"color: var( --e-global-color-text ); font-family: var( --e-global-typography-text-font-family ), Sans-serif; font-weight: var( --e-global-typography-text-font-weight ); font-size: 1rem; text-align: center;\">\u00e0 votre disposition, <a href=\"https:\/\/intl-crimes-doc.org\/act-now\/\"><strong>rejoignez-nous<\/strong><\/a><\/span><\/p>\t\t\t\t\t\t\t\t<\/div>\n\t\t\t\t<\/div>\n\t\t\t\t\t<\/div>\n\t\t\t\t<\/div>\n\t\t\t\t<\/div>\n\t\t","protected":false},"excerpt":{"rendered":"<p>Myanmar ASIE \/ Myanmar \/ Suspects S\u00e9lectionnez une entit\u00e9 pour obtenir les organigrammes, puis cliquez sur une case pour afficher les renseignements sur les suspects. FORCES GOUVERNEMENTALES ARAKANESE ARMY [N\/A] SHANNI NAT. ARMY [N\/A] Date effective:\u00a0 Depuis 02\/2021 &#8211;+R\u00e9initialiserPlein EcranFermer Chef de l\u2019Etat du MyanmarMin Aung Hlaing , \u1019\u1004\u103a\u1038\u1021\u1031\u102c\u1004\u103a\u101c\u103e\u102d\u102f\u1004\u103a Chef de l\u2019Etat et commandant des [&hellip;]<\/p>\n","protected":false},"author":2,"featured_media":0,"parent":0,"menu_order":0,"comment_status":"closed","ping_status":"closed","template":"","meta":{"footnotes":""},"class_list":["post-10939","page","type-page","status-publish","hentry"],"yoast_head":"<!-- This site is optimized with the Yoast SEO plugin v27.2 - https:\/\/yoast.com\/product\/yoast-seo-wordpress\/ -->\n<title>Myanmar - DCCI<\/title>\n<meta name=\"robots\" content=\"index, follow, max-snippet:-1, max-image-preview:large, max-video-preview:-1\" \/>\n<link rel=\"canonical\" href=\"https:\/\/intl-crimes-doc.org\/fr\/myanmar\/\" \/>\n<meta property=\"og:locale\" content=\"fr_FR\" \/>\n<meta property=\"og:type\" content=\"article\" \/>\n<meta property=\"og:title\" content=\"Myanmar - DCCI\" \/>\n<meta property=\"og:description\" content=\"Myanmar ASIE \/ Myanmar \/ Suspects S\u00e9lectionnez une entit\u00e9 pour obtenir les organigrammes, puis cliquez sur une case pour afficher les renseignements sur les suspects. FORCES GOUVERNEMENTALES ARAKANESE ARMY [N\/A] SHANNI NAT. ARMY [N\/A] Date effective:\u00a0 Depuis 02\/2021 &#8211;+R\u00e9initialiserPlein EcranFermer Chef de l\u2019Etat du MyanmarMin Aung Hlaing , \u1019\u1004\u103a\u1038\u1021\u1031\u102c\u1004\u103a\u101c\u103e\u102d\u102f\u1004\u103a Chef de l\u2019Etat et commandant des [&hellip;]\" \/>\n<meta property=\"og:url\" content=\"https:\/\/intl-crimes-doc.org\/fr\/myanmar\/\" \/>\n<meta property=\"og:site_name\" content=\"DCCI\" \/>\n<meta property=\"article:modified_time\" content=\"2025-08-31T11:42:41+00:00\" \/>\n<meta property=\"og:image\" content=\"https:\/\/intl-crimes-doc.org\/wp-content\/uploads\/2025\/01\/bf.svg\" \/>\n<meta name=\"twitter:card\" content=\"summary_large_image\" \/>\n<meta name=\"twitter:label1\" content=\"Dur\u00e9e de lecture estim\u00e9e\" \/>\n\t<meta name=\"twitter:data1\" content=\"1 minute\" \/>\n<script type=\"application\/ld+json\" class=\"yoast-schema-graph\">{\"@context\":\"https:\/\/schema.org\",\"@graph\":[{\"@type\":\"WebPage\",\"@id\":\"https:\/\/intl-crimes-doc.org\/myanmar\/\",\"url\":\"https:\/\/intl-crimes-doc.org\/myanmar\/\",\"name\":\"Myanmar - DCCI\",\"isPartOf\":{\"@id\":\"https:\/\/intl-crimes-doc.org\/fr\/#website\"},\"primaryImageOfPage\":{\"@id\":\"https:\/\/intl-crimes-doc.org\/myanmar\/#primaryimage\"},\"image\":{\"@id\":\"https:\/\/intl-crimes-doc.org\/myanmar\/#primaryimage\"},\"thumbnailUrl\":\"https:\/\/intl-crimes-doc.org\/wp-content\/uploads\/2025\/01\/bf.svg\",\"datePublished\":\"2025-08-31T03:15:36+00:00\",\"dateModified\":\"2025-08-31T11:42:41+00:00\",\"breadcrumb\":{\"@id\":\"https:\/\/intl-crimes-doc.org\/myanmar\/#breadcrumb\"},\"inLanguage\":\"fr-FR\",\"potentialAction\":[{\"@type\":\"ReadAction\",\"target\":[\"https:\/\/intl-crimes-doc.org\/myanmar\/\"]}]},{\"@type\":\"ImageObject\",\"inLanguage\":\"fr-FR\",\"@id\":\"https:\/\/intl-crimes-doc.org\/myanmar\/#primaryimage\",\"url\":\"https:\/\/intl-crimes-doc.org\/wp-content\/uploads\/2025\/01\/bf.svg\",\"contentUrl\":\"https:\/\/intl-crimes-doc.org\/wp-content\/uploads\/2025\/01\/bf.svg\"},{\"@type\":\"BreadcrumbList\",\"@id\":\"https:\/\/intl-crimes-doc.org\/myanmar\/#breadcrumb\",\"itemListElement\":[{\"@type\":\"ListItem\",\"position\":1,\"name\":\"Home\",\"item\":\"https:\/\/intl-crimes-doc.org\/\"},{\"@type\":\"ListItem\",\"position\":2,\"name\":\"Myanmar\"}]},{\"@type\":\"WebSite\",\"@id\":\"https:\/\/intl-crimes-doc.org\/fr\/#website\",\"url\":\"https:\/\/intl-crimes-doc.org\/fr\/\",\"name\":\"DCCI\",\"description\":\"Documentation Centrale des Crimes Internationaux\",\"publisher\":{\"@id\":\"https:\/\/intl-crimes-doc.org\/fr\/#organization\"},\"potentialAction\":[{\"@type\":\"SearchAction\",\"target\":{\"@type\":\"EntryPoint\",\"urlTemplate\":\"https:\/\/intl-crimes-doc.org\/fr\/?s={search_term_string}\"},\"query-input\":{\"@type\":\"PropertyValueSpecification\",\"valueRequired\":true,\"valueName\":\"search_term_string\"}}],\"inLanguage\":\"fr-FR\"},{\"@type\":\"Organization\",\"@id\":\"https:\/\/intl-crimes-doc.org\/fr\/#organization\",\"name\":\"DCCI\",\"url\":\"https:\/\/intl-crimes-doc.org\/fr\/\",\"logo\":{\"@type\":\"ImageObject\",\"inLanguage\":\"fr-FR\",\"@id\":\"https:\/\/intl-crimes-doc.org\/fr\/#\/schema\/logo\/image\/\",\"url\":\"https:\/\/intl-crimes-doc.org\/wp-content\/uploads\/2024\/10\/erasebg-transformed.png\",\"contentUrl\":\"https:\/\/intl-crimes-doc.org\/wp-content\/uploads\/2024\/10\/erasebg-transformed.png\",\"width\":195,\"height\":146,\"caption\":\"DCCI\"},\"image\":{\"@id\":\"https:\/\/intl-crimes-doc.org\/fr\/#\/schema\/logo\/image\/\"}}]}<\/script>\n<!-- \/ Yoast SEO plugin. -->","yoast_head_json":{"title":"Myanmar - DCCI","robots":{"index":"index","follow":"follow","max-snippet":"max-snippet:-1","max-image-preview":"max-image-preview:large","max-video-preview":"max-video-preview:-1"},"canonical":"https:\/\/intl-crimes-doc.org\/fr\/myanmar\/","og_locale":"fr_FR","og_type":"article","og_title":"Myanmar - DCCI","og_description":"Myanmar ASIE \/ Myanmar \/ Suspects S\u00e9lectionnez une entit\u00e9 pour obtenir les organigrammes, puis cliquez sur une case pour afficher les renseignements sur les suspects. FORCES GOUVERNEMENTALES ARAKANESE ARMY [N\/A] SHANNI NAT. ARMY [N\/A] Date effective:\u00a0 Depuis 02\/2021 &#8211;+R\u00e9initialiserPlein EcranFermer Chef de l\u2019Etat du MyanmarMin Aung Hlaing , \u1019\u1004\u103a\u1038\u1021\u1031\u102c\u1004\u103a\u101c\u103e\u102d\u102f\u1004\u103a Chef de l\u2019Etat et commandant des [&hellip;]","og_url":"https:\/\/intl-crimes-doc.org\/fr\/myanmar\/","og_site_name":"DCCI","article_modified_time":"2025-08-31T11:42:41+00:00","og_image":[{"url":"https:\/\/intl-crimes-doc.org\/wp-content\/uploads\/2025\/01\/bf.svg","type":"","width":"","height":""}],"twitter_card":"summary_large_image","twitter_misc":{"Dur\u00e9e de lecture estim\u00e9e":"1 minute"},"schema":{"@context":"https:\/\/schema.org","@graph":[{"@type":"WebPage","@id":"https:\/\/intl-crimes-doc.org\/myanmar\/","url":"https:\/\/intl-crimes-doc.org\/myanmar\/","name":"Myanmar - DCCI","isPartOf":{"@id":"https:\/\/intl-crimes-doc.org\/fr\/#website"},"primaryImageOfPage":{"@id":"https:\/\/intl-crimes-doc.org\/myanmar\/#primaryimage"},"image":{"@id":"https:\/\/intl-crimes-doc.org\/myanmar\/#primaryimage"},"thumbnailUrl":"https:\/\/intl-crimes-doc.org\/wp-content\/uploads\/2025\/01\/bf.svg","datePublished":"2025-08-31T03:15:36+00:00","dateModified":"2025-08-31T11:42:41+00:00","breadcrumb":{"@id":"https:\/\/intl-crimes-doc.org\/myanmar\/#breadcrumb"},"inLanguage":"fr-FR","potentialAction":[{"@type":"ReadAction","target":["https:\/\/intl-crimes-doc.org\/myanmar\/"]}]},{"@type":"ImageObject","inLanguage":"fr-FR","@id":"https:\/\/intl-crimes-doc.org\/myanmar\/#primaryimage","url":"https:\/\/intl-crimes-doc.org\/wp-content\/uploads\/2025\/01\/bf.svg","contentUrl":"https:\/\/intl-crimes-doc.org\/wp-content\/uploads\/2025\/01\/bf.svg"},{"@type":"BreadcrumbList","@id":"https:\/\/intl-crimes-doc.org\/myanmar\/#breadcrumb","itemListElement":[{"@type":"ListItem","position":1,"name":"Home","item":"https:\/\/intl-crimes-doc.org\/"},{"@type":"ListItem","position":2,"name":"Myanmar"}]},{"@type":"WebSite","@id":"https:\/\/intl-crimes-doc.org\/fr\/#website","url":"https:\/\/intl-crimes-doc.org\/fr\/","name":"DCCI","description":"Documentation Centrale des Crimes Internationaux","publisher":{"@id":"https:\/\/intl-crimes-doc.org\/fr\/#organization"},"potentialAction":[{"@type":"SearchAction","target":{"@type":"EntryPoint","urlTemplate":"https:\/\/intl-crimes-doc.org\/fr\/?s={search_term_string}"},"query-input":{"@type":"PropertyValueSpecification","valueRequired":true,"valueName":"search_term_string"}}],"inLanguage":"fr-FR"},{"@type":"Organization","@id":"https:\/\/intl-crimes-doc.org\/fr\/#organization","name":"DCCI","url":"https:\/\/intl-crimes-doc.org\/fr\/","logo":{"@type":"ImageObject","inLanguage":"fr-FR","@id":"https:\/\/intl-crimes-doc.org\/fr\/#\/schema\/logo\/image\/","url":"https:\/\/intl-crimes-doc.org\/wp-content\/uploads\/2024\/10\/erasebg-transformed.png","contentUrl":"https:\/\/intl-crimes-doc.org\/wp-content\/uploads\/2024\/10\/erasebg-transformed.png","width":195,"height":146,"caption":"DCCI"},"image":{"@id":"https:\/\/intl-crimes-doc.org\/fr\/#\/schema\/logo\/image\/"}}]}},"_links":{"self":[{"href":"https:\/\/intl-crimes-doc.org\/fr\/wp-json\/wp\/v2\/pages\/10939","targetHints":{"allow":["GET"]}}],"collection":[{"href":"https:\/\/intl-crimes-doc.org\/fr\/wp-json\/wp\/v2\/pages"}],"about":[{"href":"https:\/\/intl-crimes-doc.org\/fr\/wp-json\/wp\/v2\/types\/page"}],"author":[{"embeddable":true,"href":"https:\/\/intl-crimes-doc.org\/fr\/wp-json\/wp\/v2\/users\/2"}],"replies":[{"embeddable":true,"href":"https:\/\/intl-crimes-doc.org\/fr\/wp-json\/wp\/v2\/comments?post=10939"}],"version-history":[{"count":17,"href":"https:\/\/intl-crimes-doc.org\/fr\/wp-json\/wp\/v2\/pages\/10939\/revisions"}],"predecessor-version":[{"id":10962,"href":"https:\/\/intl-crimes-doc.org\/fr\/wp-json\/wp\/v2\/pages\/10939\/revisions\/10962"}],"wp:attachment":[{"href":"https:\/\/intl-crimes-doc.org\/fr\/wp-json\/wp\/v2\/media?parent=10939"}],"curies":[{"name":"wp","href":"https:\/\/api.w.org\/{rel}","templated":true}]}}